{"id":929,"date":"2022-04-25T09:32:23","date_gmt":"2022-04-25T07:32:23","guid":{"rendered":"https:\/\/hdpdc.fr\/?page_id=929"},"modified":"2025-05-23T10:37:31","modified_gmt":"2025-05-23T08:37:31","slug":"centre-daccueil-de-jour-alzheimer","status":"publish","type":"page","link":"https:\/\/hdpdc.fr\/index.php\/accueil\/pole-accompagnement-a-domicile\/centre-daccueil-de-jour-alzheimer\/","title":{"rendered":"Centre d\u2019accueil de jour Alzheimer"},"content":{"rendered":"\t\t<div data-elementor-type=\"wp-page\" data-elementor-id=\"929\" class=\"elementor elementor-929\" wpc-filter-elementor-widget=\"1\" data-elementor-post-type=\"page\">\n\t\t\t\t\t\t<section class=\"elementor-section elementor-top-section elementor-element elementor-element-882b300 elementor-section-height-min-height elementor-section-full_width elementor-hidden-mobile elementor-section-height-default elementor-section-items-middle\" data-id=\"882b300\" data-element_type=\"section\" data-e-type=\"section\" data-settings=\"{&quot;background_background&quot;:&quot;classic&quot;}\">\n\t\t\t\t\t\t\t<div class=\"elementor-background-overlay\"><\/div>\n\t\t\t\t\t\t\t<div class=\"elementor-container elementor-column-gap-default\">\n\t\t\t\t\t<div class=\"elementor-column elementor-col-50 elementor-top-column elementor-element elementor-element-10e6502\" data-id=\"10e6502\" data-element_type=\"column\" data-e-type=\"column\">\n\t\t\t<div class=\"elementor-widget-wrap elementor-element-populated\">\n\t\t\t\t\t\t<div class=\"elementor-element elementor-element-eb4cd4e elementor-align-flex-start elementor-widget elementor-widget-raven-breadcrumbs\" data-id=\"eb4cd4e\" data-element_type=\"widget\" data-e-type=\"widget\" data-widget_type=\"raven-breadcrumbs.default\">\n\t\t\t\t<div class=\"elementor-widget-container\">\n\t\t\t\t\t<div class=\"raven-breadcrumbs raven-breadcrumbs-default\"><div class=\"breadcrumb\">\t\t\t\t\t\t\t\t<div class=\"breadcrumb-item active\" aria-current=\"page\"><span>Home<\/span><\/div>\n\n\t\t\t\t<\/div><\/div>\t\t\t\t<\/div>\n\t\t\t\t<\/div>\n\t\t\t\t<div class=\"elementor-element elementor-element-1e11cdc elementor-widget elementor-widget-text-editor\" data-id=\"1e11cdc\" data-element_type=\"widget\" data-e-type=\"widget\" data-widget_type=\"text-editor.default\">\n\t\t\t\t<div class=\"elementor-widget-container\">\n\t\t\t\t\t\t\t\t\tCentre d\u2019accueil de jour Alzheimer <br>Les Tamaris\t\t\t\t\t\t\t\t<\/div>\n\t\t\t\t<\/div>\n\t\t\t\t<div class=\"elementor-element elementor-element-6362f72 elementor-widget elementor-widget-text-editor\" data-id=\"6362f72\" data-element_type=\"widget\" data-e-type=\"widget\" data-widget_type=\"text-editor.default\">\n\t\t\t\t<div class=\"elementor-widget-container\">\n\t\t\t\t\t\t\t\t\t<p style=\"text-align: justify;\">Le projet du CAJA, les objectifs, votre admission<\/p>\t\t\t\t\t\t\t\t<\/div>\n\t\t\t\t<\/div>\n\t\t\t\t\t<\/div>\n\t\t<\/div>\n\t\t\t\t<div class=\"elementor-column elementor-col-50 elementor-top-column elementor-element elementor-element-c2d1ab7\" data-id=\"c2d1ab7\" data-element_type=\"column\" data-e-type=\"column\">\n\t\t\t<div class=\"elementor-widget-wrap elementor-element-populated\">\n\t\t\t\t\t\t<div class=\"elementor-element elementor-element-c25facc elementor-widget__width-auto elementor-absolute elementor-view-default elementor-widget elementor-widget-icon\" data-id=\"c25facc\" data-element_type=\"widget\" data-e-type=\"widget\" data-settings=\"{&quot;_position&quot;:&quot;absolute&quot;}\" data-widget_type=\"icon.default\">\n\t\t\t\t<div class=\"elementor-widget-container\">\n\t\t\t\t\t\t\t<div class=\"elementor-icon-wrapper\">\n\t\t\t<div class=\"elementor-icon\">\n\t\t\t<i aria-hidden=\"true\" class=\"icon icon-menu11\"><\/i>\t\t\t<\/div>\n\t\t<\/div>\n\t\t\t\t\t\t<\/div>\n\t\t\t\t<\/div>\n\t\t\t\t<section class=\"elementor-section elementor-inner-section elementor-element elementor-element-68160ed elementor-section-height-min-height elementor-section-boxed elementor-section-height-default\" data-id=\"68160ed\" data-element_type=\"section\" data-e-type=\"section\">\n\t\t\t\t\t\t<div class=\"elementor-container elementor-column-gap-default\">\n\t\t\t\t\t<div class=\"elementor-column elementor-col-33 elementor-inner-column elementor-element elementor-element-604d559\" data-id=\"604d559\" data-element_type=\"column\" data-e-type=\"column\">\n\t\t\t<div class=\"elementor-widget-wrap\">\n\t\t\t\t\t\t\t<\/div>\n\t\t<\/div>\n\t\t\t\t<div class=\"elementor-column elementor-col-33 elementor-inner-column elementor-element elementor-element-28fd424 elementor-invisible\" data-id=\"28fd424\" data-element_type=\"column\" data-e-type=\"column\" data-settings=\"{&quot;background_background&quot;:&quot;classic&quot;,&quot;animation&quot;:&quot;zoomIn&quot;}\">\n\t\t\t<div class=\"elementor-widget-wrap elementor-element-populated\">\n\t\t\t\t\t\t<div class=\"elementor-element elementor-element-8583459 elementor-widget elementor-widget-spacer\" data-id=\"8583459\" data-element_type=\"widget\" data-e-type=\"widget\" data-widget_type=\"spacer.default\">\n\t\t\t\t<div class=\"elementor-widget-container\">\n\t\t\t\t\t\t\t<div class=\"elementor-spacer\">\n\t\t\t<div class=\"elementor-spacer-inner\"><\/div>\n\t\t<\/div>\n\t\t\t\t\t\t<\/div>\n\t\t\t\t<\/div>\n\t\t\t\t\t<\/div>\n\t\t<\/div>\n\t\t\t\t<div class=\"elementor-column elementor-col-33 elementor-inner-column elementor-element elementor-element-6c5b838\" data-id=\"6c5b838\" data-element_type=\"column\" data-e-type=\"column\">\n\t\t\t<div class=\"elementor-widget-wrap\">\n\t\t\t\t\t\t\t<\/div>\n\t\t<\/div>\n\t\t\t\t\t<\/div>\n\t\t<\/section>\n\t\t\t\t\t<\/div>\n\t\t<\/div>\n\t\t\t\t\t<\/div>\n\t\t<\/section>\n\t\t\t\t<section class=\"elementor-section elementor-top-section elementor-element elementor-element-52dbb6a elementor-section-boxed elementor-section-height-default elementor-section-height-default\" data-id=\"52dbb6a\" data-element_type=\"section\" data-e-type=\"section\">\n\t\t\t\t\t\t<div class=\"elementor-container elementor-column-gap-default\">\n\t\t\t\t\t<div class=\"elementor-column elementor-col-100 elementor-top-column elementor-element elementor-element-bfa24f4\" data-id=\"bfa24f4\" data-element_type=\"column\" data-e-type=\"column\">\n\t\t\t<div class=\"elementor-widget-wrap elementor-element-populated\">\n\t\t\t\t\t\t<div class=\"elementor-element elementor-element-01707fe elementor-widget elementor-widget-heading\" data-id=\"01707fe\" data-element_type=\"widget\" data-e-type=\"widget\" data-widget_type=\"heading.default\">\n\t\t\t\t<div class=\"elementor-widget-container\">\n\t\t\t\t\t<h5 class=\"elementor-heading-title elementor-size-default\">CAJA<\/h5>\t\t\t\t<\/div>\n\t\t\t\t<\/div>\n\t\t\t\t<div class=\"elementor-element elementor-element-916f117 elementor-invisible elementor-widget elementor-widget-heading\" data-id=\"916f117\" data-element_type=\"widget\" data-e-type=\"widget\" data-settings=\"{&quot;_animation&quot;:&quot;fadeInUp&quot;,&quot;_animation_delay&quot;:200}\" data-widget_type=\"heading.default\">\n\t\t\t\t<div class=\"elementor-widget-container\">\n\t\t\t\t\t<h2 class=\"elementor-heading-title elementor-size-default\">Qu'est-ce qu'un accueil de jour ?<\/h2>\t\t\t\t<\/div>\n\t\t\t\t<\/div>\n\t\t\t\t\t<\/div>\n\t\t<\/div>\n\t\t\t\t\t<\/div>\n\t\t<\/section>\n\t\t\t\t<section class=\"elementor-section elementor-top-section elementor-element elementor-element-2efa82e elementor-section-boxed elementor-section-height-default elementor-section-height-default\" data-id=\"2efa82e\" data-element_type=\"section\" data-e-type=\"section\">\n\t\t\t\t\t\t<div class=\"elementor-container elementor-column-gap-default\">\n\t\t\t\t\t<div class=\"elementor-column elementor-col-100 elementor-top-column elementor-element elementor-element-320fce2\" data-id=\"320fce2\" data-element_type=\"column\" data-e-type=\"column\">\n\t\t\t<div class=\"elementor-widget-wrap elementor-element-populated\">\n\t\t\t\t\t\t<div class=\"elementor-element elementor-element-b40b555 elementor-widget elementor-widget-text-editor\" data-id=\"b40b555\" data-element_type=\"widget\" data-e-type=\"widget\" data-widget_type=\"text-editor.default\">\n\t\t\t\t<div class=\"elementor-widget-container\">\n\t\t\t\t\t\t\t\t\t<p><span style=\"font-weight: 400;\">L\u2019Accueil de jour consiste \u00e0 all\u00e9ger la lourde charge des aidants familiaux que repr\u00e9sente le maintien \u00e0 domicile des personnes atteintes de la maladie d\u2019Alzheimer ou d&rsquo;une maladie apparent\u00e9e.\u00a0<\/span><\/p><p><span style=\"font-weight: 400;\">Cette structure re\u00e7oit \u00e0 la journ\u00e9e, ou sur plusieurs journ\u00e9es par semaine des personnes qui b\u00e9n\u00e9ficient d\u2019un projet th\u00e9rapeutique personnalis\u00e9 incluant notamment la stimulation de la m\u00e9moire.<\/span><\/p>\t\t\t\t\t\t\t\t<\/div>\n\t\t\t\t<\/div>\n\t\t\t\t\t<\/div>\n\t\t<\/div>\n\t\t\t\t\t<\/div>\n\t\t<\/section>\n\t\t\t\t<section class=\"elementor-section elementor-top-section elementor-element elementor-element-4d35394 elementor-section-boxed elementor-section-height-default elementor-section-height-default\" data-id=\"4d35394\" data-element_type=\"section\" data-e-type=\"section\">\n\t\t\t\t\t\t<div class=\"elementor-container elementor-column-gap-default\">\n\t\t\t\t\t<div class=\"elementor-column elementor-col-100 elementor-top-column elementor-element elementor-element-da5d9e3\" data-id=\"da5d9e3\" data-element_type=\"column\" data-e-type=\"column\">\n\t\t\t<div class=\"elementor-widget-wrap elementor-element-populated\">\n\t\t\t\t\t\t<section class=\"elementor-section elementor-inner-section elementor-element elementor-element-32a1356 elementor-section-full_width elementor-section-height-default elementor-section-height-default\" data-id=\"32a1356\" data-element_type=\"section\" data-e-type=\"section\">\n\t\t\t\t\t\t<div class=\"elementor-container elementor-column-gap-extended\">\n\t\t\t\t\t<div class=\"elementor-column elementor-col-33 elementor-inner-column elementor-element elementor-element-3e057e1 elementor-invisible\" data-id=\"3e057e1\" data-element_type=\"column\" data-e-type=\"column\" data-settings=\"{&quot;animation&quot;:&quot;zoomIn&quot;}\">\n\t\t\t<div class=\"elementor-widget-wrap elementor-element-populated\">\n\t\t\t\t\t\t<div class=\"elementor-element elementor-element-ff9d8de ekit-equal-height-enable elementor-widget elementor-widget-elementskit-icon-box\" data-id=\"ff9d8de\" data-element_type=\"widget\" data-e-type=\"widget\" data-widget_type=\"elementskit-icon-box.default\">\n\t\t\t\t<div class=\"elementor-widget-container\">\n\t\t\t\t\t<div class=\"ekit-wid-con\" >        <!-- link opening -->\n                <a href=\"#\" class=\"ekit_global_links\">\n                <!-- end link opening -->\n\n        <div class=\"elementskit-infobox text-center text- icon-top-align elementor-animation-float  gradient-active  hover_from_bottom\">\n                    <div class=\"elementskit-box-header elementor-animation-\">\n                <div class=\"elementskit-info-box-icon  \">\n                    \n                <\/div>\n          <\/div>\n                        <div class=\"box-body\">\n                            <h3 class=\"elementskit-info-box-title\">\n                    Le projet du CAJA                <\/h3>\n                        \t\t  \t<p>- Stimulation et r\u00e9adaptation \u00e0 la vie quotidienne<br>\n- Mobilisation des capacit\u00e9s et de l\u2019autonomie<br>\u00a0\n- Maintien du lien social<br>\n- Pr\u00e9vention des troubles du comportement\u00a0<br>\n- Accompagnement th\u00e9rapeutique<br>\u00a0\n- Projet de vie et de soin individualis\u00e9<\/p>\n                                <\/div>\n        \n        \n                <\/div>\n                <\/a>\n        <\/div>\t\t\t\t<\/div>\n\t\t\t\t<\/div>\n\t\t\t\t\t<\/div>\n\t\t<\/div>\n\t\t\t\t<div class=\"elementor-column elementor-col-33 elementor-inner-column elementor-element elementor-element-265c63c elementor-invisible\" data-id=\"265c63c\" data-element_type=\"column\" data-e-type=\"column\" data-settings=\"{&quot;animation&quot;:&quot;zoomIn&quot;,&quot;animation_delay&quot;:400}\">\n\t\t\t<div class=\"elementor-widget-wrap elementor-element-populated\">\n\t\t\t\t\t\t<div class=\"elementor-element elementor-element-947c4e9 ekit-equal-height-enable elementor-widget elementor-widget-elementskit-icon-box\" data-id=\"947c4e9\" data-element_type=\"widget\" data-e-type=\"widget\" data-widget_type=\"elementskit-icon-box.default\">\n\t\t\t\t<div class=\"elementor-widget-container\">\n\t\t\t\t\t<div class=\"ekit-wid-con\" >        <!-- link opening -->\n                <a href=\"#\" class=\"ekit_global_links\">\n                <!-- end link opening -->\n\n        <div class=\"elementskit-infobox text-center text- icon-top-align elementor-animation-float  gradient-active  hover_from_bottom\">\n                    <div class=\"elementskit-box-header elementor-animation-\">\n                <div class=\"elementskit-info-box-icon  \">\n                    \n                <\/div>\n          <\/div>\n                        <div class=\"box-body\">\n                            <h3 class=\"elementskit-info-box-title\">\n                    Objectifs :                 <\/h3>\n                        \t\t  \t<p>- L\u2019accueil de jour est un relais entre l\u2019institution et le domicile<br>\n- Prolonger le maintien \u00e0 domicile<br>\n- Am\u00e9liorer le devenir et l\u2019adaptation \u00e0 la vie institutionnelle<br>\n- Permettre un r\u00e9pit aux aidants<br>\n- Soutenir et accompagner les familles, accompagner les aidants<\/p>\n                                <\/div>\n        \n        \n                <\/div>\n                <\/a>\n        <\/div>\t\t\t\t<\/div>\n\t\t\t\t<\/div>\n\t\t\t\t\t<\/div>\n\t\t<\/div>\n\t\t\t\t<div class=\"elementor-column elementor-col-33 elementor-inner-column elementor-element elementor-element-1ffa595 elementor-invisible\" data-id=\"1ffa595\" data-element_type=\"column\" data-e-type=\"column\" data-settings=\"{&quot;animation&quot;:&quot;zoomIn&quot;}\">\n\t\t\t<div class=\"elementor-widget-wrap elementor-element-populated\">\n\t\t\t\t\t\t<div class=\"elementor-element elementor-element-2fe1b94 ekit-equal-height-enable elementor-widget elementor-widget-elementskit-icon-box\" data-id=\"2fe1b94\" data-element_type=\"widget\" data-e-type=\"widget\" data-widget_type=\"elementskit-icon-box.default\">\n\t\t\t\t<div class=\"elementor-widget-container\">\n\t\t\t\t\t<div class=\"ekit-wid-con\" >        <!-- link opening -->\n                <!-- end link opening -->\n\n        <div class=\"elementskit-infobox text-center text- icon-top-align elementor-animation-float  gradient-active  hover_from_bottom\">\n                    <div class=\"elementskit-box-header elementor-animation-\">\n                <div class=\"elementskit-info-box-icon  \">\n                    \n                <\/div>\n          <\/div>\n                        <div class=\"box-body\">\n                            <h3 class=\"elementskit-info-box-title\">\n                    Votre admission                <\/h3>\n                        \t\t  \t<p>La demande d'admission s'effectue directement sur le site Viatrajectoire.fr. Vous pouvez, si vous le souhaitez, contacter les professionnels du CAJA afin de vous aider \u00e0 effectuer la d\u00e9marche sur le site : 04 90 91 67 37<br><br>\nLes dossiers seront trait\u00e9s lors d\u2019une commission d\u2019admission qui validera ou non l\u2019entr\u00e9e \u00e0 l\u2019accueil de jour pour une dur\u00e9e de 6 mois, possiblement renouvelable.\n<\/p>\n                                        <div class=\"box-footer disable_hover_button\">\n                    <div class=\"btn-wraper\">\n                                                            <a class=\"elementskit-btn whitespace--normal\" href=\"https:\/\/hdpdc.fr\/wp-content\/uploads\/2025\/05\/150-ADM-ME-Liste-des-documents-administratifs-obligatoires-a-fournir-avec-le-dossier-de-preadmission-constitue-sur-le-site-VIA-TRAJECTOIRE.pdf\">\n                                                                                T\u00e9l\u00e9charger la liste des documents administratifs                                    <\/a>\n                                                        <\/div>\n                <\/div>\n                    <\/div>\n        \n        \n                <\/div>\n        <\/div>\t\t\t\t<\/div>\n\t\t\t\t<\/div>\n\t\t\t\t\t<\/div>\n\t\t<\/div>\n\t\t\t\t\t<\/div>\n\t\t<\/section>\n\t\t\t\t\t<\/div>\n\t\t<\/div>\n\t\t\t\t\t<\/div>\n\t\t<\/section>\n\t\t\t\t<section class=\"elementor-section elementor-top-section elementor-element elementor-element-38165c5 elementor-section-boxed elementor-section-height-default elementor-section-height-default\" data-id=\"38165c5\" data-element_type=\"section\" data-e-type=\"section\" data-settings=\"{&quot;background_background&quot;:&quot;classic&quot;}\">\n\t\t\t\t\t\t<div class=\"elementor-container elementor-column-gap-default\">\n\t\t\t\t\t<div class=\"elementor-column elementor-col-50 elementor-top-column elementor-element elementor-element-756c41b\" data-id=\"756c41b\" data-element_type=\"column\" data-e-type=\"column\">\n\t\t\t<div class=\"elementor-widget-wrap elementor-element-populated\">\n\t\t\t\t\t\t<div class=\"elementor-element elementor-element-558b490 elementor-widget elementor-widget-heading\" data-id=\"558b490\" data-element_type=\"widget\" data-e-type=\"widget\" data-widget_type=\"heading.default\">\n\t\t\t\t<div class=\"elementor-widget-container\">\n\t\t\t\t\t<h5 class=\"elementor-heading-title elementor-size-default\">CAJA<\/h5>\t\t\t\t<\/div>\n\t\t\t\t<\/div>\n\t\t\t\t<div class=\"elementor-element elementor-element-69f7278 elementor-invisible elementor-widget elementor-widget-heading\" data-id=\"69f7278\" data-element_type=\"widget\" data-e-type=\"widget\" data-settings=\"{&quot;_animation&quot;:&quot;fadeInUp&quot;,&quot;_animation_delay&quot;:200}\" data-widget_type=\"heading.default\">\n\t\t\t\t<div class=\"elementor-widget-container\">\n\t\t\t\t\t<h2 class=\"elementor-heading-title elementor-size-default\">Le centre d'accueil de jour Alzheimer \"Les Tamaris\"<\/h2>\t\t\t\t<\/div>\n\t\t\t\t<\/div>\n\t\t\t\t<div class=\"elementor-element elementor-element-6403ac0 elementor-widget elementor-widget-text-editor\" data-id=\"6403ac0\" data-element_type=\"widget\" data-e-type=\"widget\" data-widget_type=\"text-editor.default\">\n\t\t\t\t<div class=\"elementor-widget-container\">\n\t\t\t\t\t\t\t\t\t<p><b>ACCOMPAGNER LES PERSONNES ACCUEILLIES ET APPORTER DU R\u00c9PIT AUX AIDANTS.<\/b><\/p><p><span style=\"font-weight: 400;\">Le CAJA permet l\u2019accueil de toute personne atteinte de maladie de type Alzheimer ou apparent\u00e9e et permet de\u00a0:<\/span><\/p><ul><li aria-level=\"1\"><span style=\"font-weight: 400;\">Pr\u00e9server l\u2019autonomie des personnes en pratiquant des activit\u00e9s adapt\u00e9es.<\/span><\/li><li aria-level=\"1\"><span style=\"font-weight: 400;\">Rompre l\u2019isolement en passant du temps hors domicile.<\/span><\/li><li aria-level=\"1\"><span style=\"font-weight: 400;\">Lib\u00e9rer du temps libre dans la journ\u00e9e des aidants.<\/span><\/li><\/ul>\t\t\t\t\t\t\t\t<\/div>\n\t\t\t\t<\/div>\n\t\t\t\t<div class=\"elementor-element elementor-element-549f452 elementor-widget elementor-widget-text-editor\" data-id=\"549f452\" data-element_type=\"widget\" data-e-type=\"widget\" data-widget_type=\"text-editor.default\">\n\t\t\t\t<div class=\"elementor-widget-container\">\n\t\t\t\t\t\t\t\t\t<p><b>L\u2019accueil de jour se situe sur le site de l\u2019H\u00f4pital de Tarascon <\/b><b>\u00e0 proximit\u00e9 de l\u2019EHPAD Clerc de Moli\u00e8res, <\/b><b>route d\u2019Arles \u00e0 Tarascon.<\/b><\/p>\t\t\t\t\t\t\t\t<\/div>\n\t\t\t\t<\/div>\n\t\t\t\t\t<\/div>\n\t\t<\/div>\n\t\t\t\t<div class=\"elementor-column elementor-col-50 elementor-top-column elementor-element elementor-element-49596860\" data-id=\"49596860\" data-element_type=\"column\" data-e-type=\"column\">\n\t\t\t<div class=\"elementor-widget-wrap elementor-element-populated\">\n\t\t\t\t\t\t<div class=\"elementor-element elementor-element-ad76ba9 elementor-widget elementor-widget-image\" data-id=\"ad76ba9\" data-element_type=\"widget\" data-e-type=\"widget\" data-widget_type=\"image.default\">\n\t\t\t\t<div class=\"elementor-widget-container\">\n\t\t\t\t\t\t\t\t\t\t\t\t\t\t\t<img fetchpriority=\"high\" decoding=\"async\" width=\"1024\" height=\"683\" src=\"https:\/\/hdpdc.fr\/wp-content\/uploads\/2022\/05\/DSC02370-1024x683.jpg\" class=\"attachment-large size-large wp-image-1206\" alt=\"CAJA (centre d&#039;accueil de jour Alzheimer) accueil de jour pour les personnes atteintes de la maladie d&#039;alzheimer et maladies apparent\u00e9es des h\u00f4pitaux des portes de Camargue, h\u00f4pital de Tarascon et h\u00f4pital de Beaucaire\" srcset=\"https:\/\/hdpdc.fr\/wp-content\/uploads\/2022\/05\/DSC02370-1024x683.jpg 1024w, https:\/\/hdpdc.fr\/wp-content\/uploads\/2022\/05\/DSC02370-300x200.jpg 300w, https:\/\/hdpdc.fr\/wp-content\/uploads\/2022\/05\/DSC02370-768x512.jpg 768w, https:\/\/hdpdc.fr\/wp-content\/uploads\/2022\/05\/DSC02370-1536x1024.jpg 1536w, https:\/\/hdpdc.fr\/wp-content\/uploads\/2022\/05\/DSC02370-2048x1365.jpg 2048w\" sizes=\"(max-width: 1024px) 100vw, 1024px\" \/>\t\t\t\t\t\t\t\t\t\t\t\t\t\t\t<\/div>\n\t\t\t\t<\/div>\n\t\t\t\t\t<\/div>\n\t\t<\/div>\n\t\t\t\t\t<\/div>\n\t\t<\/section>\n\t\t\t\t<section class=\"elementor-section elementor-top-section elementor-element elementor-element-2ee71a9 elementor-section-boxed elementor-section-height-default elementor-section-height-default\" data-id=\"2ee71a9\" data-element_type=\"section\" data-e-type=\"section\">\n\t\t\t\t\t\t<div class=\"elementor-container elementor-column-gap-default\">\n\t\t\t\t\t<div class=\"elementor-column elementor-col-100 elementor-top-column elementor-element elementor-element-e25f494\" data-id=\"e25f494\" data-element_type=\"column\" data-e-type=\"column\" data-settings=\"{&quot;background_background&quot;:&quot;classic&quot;}\">\n\t\t\t<div class=\"elementor-widget-wrap elementor-element-populated\">\n\t\t\t\t\t\t<div class=\"elementor-element elementor-element-8ba7148 elementor-widget elementor-widget-text-editor\" data-id=\"8ba7148\" data-element_type=\"widget\" data-e-type=\"widget\" data-widget_type=\"text-editor.default\">\n\t\t\t\t<div class=\"elementor-widget-container\">\n\t\t\t\t\t\t\t\t\t<p><strong>Pour toute information, contactez le <br \/><span style=\"text-decoration: underline;\"><span style=\"color: #ffffff; text-decoration: underline;\">04 90 91 67 37<\/span><\/span><\/strong><\/p><p><strong>ou par e-mail<span style=\"text-decoration: underline;\"><span style=\"color: #ffffff;\"> <a style=\"color: #ffffff; text-decoration: underline;\" href=\"mailto:caja2@hdpdc.fr\">caja2@hdpdc.fr<\/a><\/span><\/span><\/strong><\/p><p><strong>Du lundi au vendredi &#8211; De 09h00 \u00e0 17h00<\/strong><\/p><p><strong>Pour t\u00e9l\u00e9charger la plaquette de pr\u00e9sentation, cliquer sur ce lien : <span style=\"text-decoration: underline;\"><span style=\"color: #ffffff;\"><a style=\"color: #ffffff; text-decoration: underline;\" href=\"https:\/\/hdpdc.fr\/wp-content\/uploads\/2025\/05\/Flyer-CAJA-2025-V3.pdf\">FLYER CAJA<\/a><\/span><\/span><\/strong><\/p><p><strong>Pour t\u00e9l\u00e9charger la plaquette du site <span style=\"color: #000000;\"><a style=\"color: #000000;\" href=\"https:\/\/trajectoire.sante-ra.fr\/Trajectoire\/\">Viatrajectoire<\/a><\/span>, cliquez sur ce lien :\u00a0<span style=\"text-decoration: underline; color: #ffffff;\"><a style=\"color: #ffffff; text-decoration: underline;\" href=\"https:\/\/hdpdc.fr\/wp-content\/uploads\/2025\/05\/146-ADM-ME-PLAQUETTE-VIATRAJECTOIRE.pdf\">Flyer Viatrajectoire<\/a><\/span><\/strong><\/p>\t\t\t\t\t\t\t\t<\/div>\n\t\t\t\t<\/div>\n\t\t\t\t\t<\/div>\n\t\t<\/div>\n\t\t\t\t\t<\/div>\n\t\t<\/section>\n\t\t\t\t<section class=\"elementor-section elementor-top-section elementor-element elementor-element-48fd51e elementor-section-boxed elementor-section-height-default elementor-section-height-default\" data-id=\"48fd51e\" data-element_type=\"section\" data-e-type=\"section\">\n\t\t\t\t\t\t<div class=\"elementor-container elementor-column-gap-default\">\n\t\t\t\t\t<div class=\"elementor-column elementor-col-100 elementor-top-column elementor-element elementor-element-616a55f\" data-id=\"616a55f\" data-element_type=\"column\" data-e-type=\"column\">\n\t\t\t<div class=\"elementor-widget-wrap elementor-element-populated\">\n\t\t\t\t\t\t<div class=\"elementor-element elementor-element-22fb481 elementor-widget elementor-widget-heading\" data-id=\"22fb481\" data-element_type=\"widget\" data-e-type=\"widget\" data-widget_type=\"heading.default\">\n\t\t\t\t<div class=\"elementor-widget-container\">\n\t\t\t\t\t<h5 class=\"elementor-heading-title elementor-size-default\">H\u00f4pitaux des Portes de Camargue<\/h5>\t\t\t\t<\/div>\n\t\t\t\t<\/div>\n\t\t\t\t<div class=\"elementor-element elementor-element-bc03ddf elementor-invisible elementor-widget elementor-widget-heading\" data-id=\"bc03ddf\" data-element_type=\"widget\" data-e-type=\"widget\" data-settings=\"{&quot;_animation&quot;:&quot;fadeInUp&quot;,&quot;_animation_delay&quot;:200}\" data-widget_type=\"heading.default\">\n\t\t\t\t<div class=\"elementor-widget-container\">\n\t\t\t\t\t<h2 class=\"elementor-heading-title elementor-size-default\">Liens utiles<\/h2>\t\t\t\t<\/div>\n\t\t\t\t<\/div>\n\t\t\t\t\t<\/div>\n\t\t<\/div>\n\t\t\t\t\t<\/div>\n\t\t<\/section>\n\t\t\t\t<section class=\"elementor-section elementor-top-section elementor-element elementor-element-99e295d elementor-section-full_width elementor-hidden-mobile elementor-section-height-default elementor-section-height-default\" data-id=\"99e295d\" data-element_type=\"section\" data-e-type=\"section\">\n\t\t\t\t\t\t<div class=\"elementor-container elementor-column-gap-default\">\n\t\t\t\t\t<div class=\"elementor-column elementor-col-100 elementor-top-column elementor-element elementor-element-77f9f64\" data-id=\"77f9f64\" data-element_type=\"column\" data-e-type=\"column\">\n\t\t\t<div class=\"elementor-widget-wrap elementor-element-populated\">\n\t\t\t\t\t\t<section class=\"elementor-section elementor-inner-section elementor-element elementor-element-978f72f elementor-section-full_width elementor-section-height-default elementor-section-height-default\" data-id=\"978f72f\" data-element_type=\"section\" data-e-type=\"section\">\n\t\t\t\t\t\t<div class=\"elementor-container elementor-column-gap-extended\">\n\t\t\t\t\t<div class=\"elementor-column elementor-col-25 elementor-inner-column elementor-element elementor-element-63b8690 elementor-invisible\" data-id=\"63b8690\" data-element_type=\"column\" data-e-type=\"column\" data-settings=\"{&quot;animation&quot;:&quot;zoomIn&quot;}\">\n\t\t\t<div class=\"elementor-widget-wrap elementor-element-populated\">\n\t\t\t\t\t\t<div class=\"elementor-element elementor-element-8efd2af ekit-equal-height-enable elementor-widget elementor-widget-elementskit-icon-box\" data-id=\"8efd2af\" data-element_type=\"widget\" data-e-type=\"widget\" data-widget_type=\"elementskit-icon-box.default\">\n\t\t\t\t<div class=\"elementor-widget-container\">\n\t\t\t\t\t<div class=\"ekit-wid-con\" >        <!-- link opening -->\n                <!-- end link opening -->\n\n        <div class=\"elementskit-infobox text-center text- icon-top-align elementor-animation-float  gradient-active  hover_from_bottom\">\n                            <div class=\"elementskit-box-header\">\n                <div class=\"elementskit-info-box-icon \">\n                    <img decoding=\"async\" width=\"1039\" height=\"1031\" src=\"https:\/\/hdpdc.fr\/wp-content\/uploads\/2022\/05\/ESA_Plan-de-travail-1-copie-12.png\" class=\"attachment- size-\" alt=\"\" srcset=\"https:\/\/hdpdc.fr\/wp-content\/uploads\/2022\/05\/ESA_Plan-de-travail-1-copie-12.png 1039w, https:\/\/hdpdc.fr\/wp-content\/uploads\/2022\/05\/ESA_Plan-de-travail-1-copie-12-300x298.png 300w, https:\/\/hdpdc.fr\/wp-content\/uploads\/2022\/05\/ESA_Plan-de-travail-1-copie-12-1024x1016.png 1024w, https:\/\/hdpdc.fr\/wp-content\/uploads\/2022\/05\/ESA_Plan-de-travail-1-copie-12-150x150.png 150w, https:\/\/hdpdc.fr\/wp-content\/uploads\/2022\/05\/ESA_Plan-de-travail-1-copie-12-768x762.png 768w\" sizes=\"(max-width: 1039px) 100vw, 1039px\" \/>                <\/div>\n          <\/div>\n                <div class=\"box-body\">\n                            <h3 class=\"elementskit-info-box-title\">\n                    ESA                <\/h3>\n                        \t\t  \t<p>Equipe Sp\u00e9cialis\u00e9e Alzheimer<\/p>\n                                        <div class=\"box-footer disable_hover_button\">\n                    <div class=\"btn-wraper\">\n                                                            <a class=\"elementskit-btn whitespace--normal\" href=\"https:\/\/hdpdc.fr\/index.php\/accueil\/pole-accompagnement-a-domicile\/equipe-specialisee-alzheimer\/\">\n                                        <i aria-hidden=\"true\" class=\"fas fa-door-open\"><\/i>                                                                            <\/a>\n                                                        <\/div>\n                <\/div>\n                    <\/div>\n        \n        \n                <\/div>\n        <\/div>\t\t\t\t<\/div>\n\t\t\t\t<\/div>\n\t\t\t\t\t<\/div>\n\t\t<\/div>\n\t\t\t\t<div class=\"elementor-column elementor-col-25 elementor-inner-column elementor-element elementor-element-c94eda4 elementor-invisible\" data-id=\"c94eda4\" data-element_type=\"column\" data-e-type=\"column\" data-settings=\"{&quot;animation&quot;:&quot;zoomIn&quot;}\">\n\t\t\t<div class=\"elementor-widget-wrap elementor-element-populated\">\n\t\t\t\t\t\t<div class=\"elementor-element elementor-element-93a6b9a ekit-equal-height-enable elementor-widget elementor-widget-elementskit-icon-box\" data-id=\"93a6b9a\" data-element_type=\"widget\" data-e-type=\"widget\" data-widget_type=\"elementskit-icon-box.default\">\n\t\t\t\t<div class=\"elementor-widget-container\">\n\t\t\t\t\t<div class=\"ekit-wid-con\" >        <!-- link opening -->\n                <!-- end link opening -->\n\n        <div class=\"elementskit-infobox text-center text- icon-top-align elementor-animation-float  gradient-active  hover_from_bottom\">\n                            <div class=\"elementskit-box-header\">\n                <div class=\"elementskit-info-box-icon \">\n                    <img decoding=\"async\" width=\"1039\" height=\"1031\" src=\"https:\/\/hdpdc.fr\/wp-content\/uploads\/2022\/05\/HTM_Plan-de-travail-1-copie-13.png\" class=\"attachment- size-\" alt=\"\" srcset=\"https:\/\/hdpdc.fr\/wp-content\/uploads\/2022\/05\/HTM_Plan-de-travail-1-copie-13.png 1039w, https:\/\/hdpdc.fr\/wp-content\/uploads\/2022\/05\/HTM_Plan-de-travail-1-copie-13-300x298.png 300w, https:\/\/hdpdc.fr\/wp-content\/uploads\/2022\/05\/HTM_Plan-de-travail-1-copie-13-1024x1016.png 1024w, https:\/\/hdpdc.fr\/wp-content\/uploads\/2022\/05\/HTM_Plan-de-travail-1-copie-13-150x150.png 150w, https:\/\/hdpdc.fr\/wp-content\/uploads\/2022\/05\/HTM_Plan-de-travail-1-copie-13-768x762.png 768w\" sizes=\"(max-width: 1039px) 100vw, 1039px\" \/>                <\/div>\n          <\/div>\n                <div class=\"box-body\">\n                            <h3 class=\"elementskit-info-box-title\">\n                    HTM                <\/h3>\n                        \t\t  \t<p>H\u00e9bergement temporaire m\u00e9dicalis\u00e9<\/p>\n                                        <div class=\"box-footer disable_hover_button\">\n                    <div class=\"btn-wraper\">\n                                                            <a class=\"elementskit-btn whitespace--normal\" href=\"https:\/\/hdpdc.fr\/index.php\/accueil\/pole-accompagnement-a-domicile\/lhebergement-temporaire\/\">\n                                        <i aria-hidden=\"true\" class=\"fas fa-door-open\"><\/i>                                                                            <\/a>\n                                                        <\/div>\n                <\/div>\n                    <\/div>\n        \n        \n                <\/div>\n        <\/div>\t\t\t\t<\/div>\n\t\t\t\t<\/div>\n\t\t\t\t\t<\/div>\n\t\t<\/div>\n\t\t\t\t<div class=\"elementor-column elementor-col-25 elementor-inner-column elementor-element elementor-element-64f8b07 elementor-invisible\" data-id=\"64f8b07\" data-element_type=\"column\" data-e-type=\"column\" data-settings=\"{&quot;animation&quot;:&quot;zoomIn&quot;}\">\n\t\t\t<div class=\"elementor-widget-wrap elementor-element-populated\">\n\t\t\t\t\t\t<div class=\"elementor-element elementor-element-997c28d ekit-equal-height-enable elementor-widget elementor-widget-elementskit-icon-box\" data-id=\"997c28d\" data-element_type=\"widget\" data-e-type=\"widget\" data-widget_type=\"elementskit-icon-box.default\">\n\t\t\t\t<div class=\"elementor-widget-container\">\n\t\t\t\t\t<div class=\"ekit-wid-con\" >        <!-- link opening -->\n                <!-- end link opening -->\n\n        <div class=\"elementskit-infobox text-center text- icon-top-align elementor-animation-float  gradient-active  hover_from_bottom\">\n                            <div class=\"elementskit-box-header\">\n                <div class=\"elementskit-info-box-icon \">\n                    <img loading=\"lazy\" decoding=\"async\" width=\"1039\" height=\"1031\" src=\"https:\/\/hdpdc.fr\/wp-content\/uploads\/2022\/05\/SSIAD_Plan-de-travail-1-copie-14.png\" class=\"attachment- size-\" alt=\"\" srcset=\"https:\/\/hdpdc.fr\/wp-content\/uploads\/2022\/05\/SSIAD_Plan-de-travail-1-copie-14.png 1039w, https:\/\/hdpdc.fr\/wp-content\/uploads\/2022\/05\/SSIAD_Plan-de-travail-1-copie-14-300x298.png 300w, https:\/\/hdpdc.fr\/wp-content\/uploads\/2022\/05\/SSIAD_Plan-de-travail-1-copie-14-1024x1016.png 1024w, https:\/\/hdpdc.fr\/wp-content\/uploads\/2022\/05\/SSIAD_Plan-de-travail-1-copie-14-150x150.png 150w, https:\/\/hdpdc.fr\/wp-content\/uploads\/2022\/05\/SSIAD_Plan-de-travail-1-copie-14-768x762.png 768w\" sizes=\"(max-width: 1039px) 100vw, 1039px\" \/>                <\/div>\n          <\/div>\n                <div class=\"box-body\">\n                            <h3 class=\"elementskit-info-box-title\">\n                    SSIAD                <\/h3>\n                        \t\t  \t<p>Service de soins infirmiers \u00e0 domicile<\/p>\n                                        <div class=\"box-footer disable_hover_button\">\n                    <div class=\"btn-wraper\">\n                                                            <a class=\"elementskit-btn whitespace--normal\" href=\"https:\/\/hdpdc.fr\/index.php\/accueil\/pole-accompagnement-a-domicile\/ssiad\/\">\n                                        <i aria-hidden=\"true\" class=\"fas fa-door-open\"><\/i>                                                                            <\/a>\n                                                        <\/div>\n                <\/div>\n                    <\/div>\n        \n        \n                <\/div>\n        <\/div>\t\t\t\t<\/div>\n\t\t\t\t<\/div>\n\t\t\t\t\t<\/div>\n\t\t<\/div>\n\t\t\t\t<div class=\"elementor-column elementor-col-25 elementor-inner-column elementor-element elementor-element-e205563 elementor-invisible\" data-id=\"e205563\" data-element_type=\"column\" data-e-type=\"column\" data-settings=\"{&quot;animation&quot;:&quot;zoomIn&quot;}\">\n\t\t\t<div class=\"elementor-widget-wrap elementor-element-populated\">\n\t\t\t\t\t\t<div class=\"elementor-element elementor-element-255ddab ekit-equal-height-disable elementor-widget elementor-widget-elementskit-icon-box\" data-id=\"255ddab\" data-element_type=\"widget\" data-e-type=\"widget\" data-widget_type=\"elementskit-icon-box.default\">\n\t\t\t\t<div class=\"elementor-widget-container\">\n\t\t\t\t\t<div class=\"ekit-wid-con\" >        <!-- link opening -->\n                <!-- end link opening -->\n\n        <div class=\"elementskit-infobox text-center text- icon-top-align elementor-animation-float  gradient-active  hover_from_bottom\">\n                            <div class=\"elementskit-box-header\">\n                <div class=\"elementskit-info-box-icon \">\n                    <img loading=\"lazy\" decoding=\"async\" width=\"1039\" height=\"1031\" src=\"https:\/\/hdpdc.fr\/wp-content\/uploads\/2022\/05\/Contact_Plan-de-travail-1-copie-5.png\" class=\"attachment- size-\" alt=\"\" srcset=\"https:\/\/hdpdc.fr\/wp-content\/uploads\/2022\/05\/Contact_Plan-de-travail-1-copie-5.png 1039w, https:\/\/hdpdc.fr\/wp-content\/uploads\/2022\/05\/Contact_Plan-de-travail-1-copie-5-300x298.png 300w, https:\/\/hdpdc.fr\/wp-content\/uploads\/2022\/05\/Contact_Plan-de-travail-1-copie-5-1024x1016.png 1024w, https:\/\/hdpdc.fr\/wp-content\/uploads\/2022\/05\/Contact_Plan-de-travail-1-copie-5-150x150.png 150w, https:\/\/hdpdc.fr\/wp-content\/uploads\/2022\/05\/Contact_Plan-de-travail-1-copie-5-768x762.png 768w\" sizes=\"(max-width: 1039px) 100vw, 1039px\" \/>                <\/div>\n          <\/div>\n                <div class=\"box-body\">\n                            <h3 class=\"elementskit-info-box-title\">\n                    Contact                <\/h3>\n                        \t\t  \t<p>Prendre<br>rendez-vous<\/p>\n                                        <div class=\"box-footer disable_hover_button\">\n                    <div class=\"btn-wraper\">\n                                                            <a class=\"elementskit-btn whitespace--normal\" href=\"https:\/\/hdpdc.fr\/#Z\">\n                                        <i aria-hidden=\"true\" class=\"fas fa-door-open\"><\/i>                                                                            <\/a>\n                                                        <\/div>\n                <\/div>\n                    <\/div>\n        \n        \n                <\/div>\n        <\/div>\t\t\t\t<\/div>\n\t\t\t\t<\/div>\n\t\t\t\t\t<\/div>\n\t\t<\/div>\n\t\t\t\t\t<\/div>\n\t\t<\/section>\n\t\t\t\t\t<\/div>\n\t\t<\/div>\n\t\t\t\t\t<\/div>\n\t\t<\/section>\n\t\t\t\t<section class=\"elementor-section elementor-top-section elementor-element elementor-element-3dc31be elementor-section-full_width elementor-hidden-desktop elementor-hidden-tablet elementor-section-height-default elementor-section-height-default\" data-id=\"3dc31be\" data-element_type=\"section\" data-e-type=\"section\">\n\t\t\t\t\t\t<div class=\"elementor-container elementor-column-gap-default\">\n\t\t\t\t\t<div class=\"elementor-column elementor-col-100 elementor-top-column elementor-element elementor-element-d56cffd\" data-id=\"d56cffd\" data-element_type=\"column\" data-e-type=\"column\">\n\t\t\t<div class=\"elementor-widget-wrap elementor-element-populated\">\n\t\t\t\t\t\t<section class=\"elementor-section elementor-inner-section elementor-element elementor-element-3bf6bba elementor-section-full_width elementor-section-height-default elementor-section-height-default\" data-id=\"3bf6bba\" data-element_type=\"section\" data-e-type=\"section\">\n\t\t\t\t\t\t<div class=\"elementor-container elementor-column-gap-extended\">\n\t\t\t\t\t<div class=\"raven-column-link elementor-column elementor-col-25 elementor-inner-column elementor-element elementor-element-2de79d8 elementor-invisible\" data-raven-link=\"https:\/\/hdpdc.fr\/index.php\/accueil\/pole-accompagnement-a-domicile\/equipe-specialisee-alzheimer\/\" data-raven-link-target=\"_self\" data-id=\"2de79d8\" data-element_type=\"column\" data-e-type=\"column\" data-settings=\"{&quot;animation&quot;:&quot;zoomIn&quot;}\">\n\t\t\t<div class=\"elementor-widget-wrap elementor-element-populated\">\n\t\t\t\t\t\t<div class=\"elementor-element elementor-element-8cf4133 elementor-widget elementor-widget-image\" data-id=\"8cf4133\" data-element_type=\"widget\" data-e-type=\"widget\" data-widget_type=\"image.default\">\n\t\t\t\t<div class=\"elementor-widget-container\">\n\t\t\t\t\t\t\t\t\t\t\t\t\t\t\t<img loading=\"lazy\" decoding=\"async\" width=\"1024\" height=\"1016\" src=\"https:\/\/hdpdc.fr\/wp-content\/uploads\/2022\/05\/ESA_Plan-de-travail-1-copie-12-1024x1016.png\" class=\"attachment-large size-large wp-image-1347\" alt=\"\" srcset=\"https:\/\/hdpdc.fr\/wp-content\/uploads\/2022\/05\/ESA_Plan-de-travail-1-copie-12-1024x1016.png 1024w, https:\/\/hdpdc.fr\/wp-content\/uploads\/2022\/05\/ESA_Plan-de-travail-1-copie-12-300x298.png 300w, https:\/\/hdpdc.fr\/wp-content\/uploads\/2022\/05\/ESA_Plan-de-travail-1-copie-12-150x150.png 150w, https:\/\/hdpdc.fr\/wp-content\/uploads\/2022\/05\/ESA_Plan-de-travail-1-copie-12-768x762.png 768w, https:\/\/hdpdc.fr\/wp-content\/uploads\/2022\/05\/ESA_Plan-de-travail-1-copie-12.png 1039w\" sizes=\"(max-width: 1024px) 100vw, 1024px\" \/>\t\t\t\t\t\t\t\t\t\t\t\t\t\t\t<\/div>\n\t\t\t\t<\/div>\n\t\t\t\t<div class=\"elementor-element elementor-element-f2cf4aa elementor-widget elementor-widget-heading\" data-id=\"f2cf4aa\" data-element_type=\"widget\" data-e-type=\"widget\" data-widget_type=\"heading.default\">\n\t\t\t\t<div class=\"elementor-widget-container\">\n\t\t\t\t\t<h2 class=\"elementor-heading-title elementor-size-default\">ESA<\/h2>\t\t\t\t<\/div>\n\t\t\t\t<\/div>\n\t\t\t\t<div class=\"elementor-element elementor-element-b799c99 elementor-view-default elementor-widget elementor-widget-icon\" data-id=\"b799c99\" data-element_type=\"widget\" data-e-type=\"widget\" data-widget_type=\"icon.default\">\n\t\t\t\t<div class=\"elementor-widget-container\">\n\t\t\t\t\t\t\t<div class=\"elementor-icon-wrapper\">\n\t\t\t<a class=\"elementor-icon\" href=\"https:\/\/hdpdc.fr\/index.php\/accueil\/organisation-gouvernance\/\">\n\t\t\t<i aria-hidden=\"true\" class=\"icon icon-arrow-right-circle\"><\/i>\t\t\t<\/a>\n\t\t<\/div>\n\t\t\t\t\t\t<\/div>\n\t\t\t\t<\/div>\n\t\t\t\t\t<\/div>\n\t\t<\/div>\n\t\t\t\t<div class=\"raven-column-link elementor-column elementor-col-25 elementor-inner-column elementor-element elementor-element-832a4f8 elementor-invisible\" data-raven-link=\"https:\/\/hdpdc.fr\/index.php\/accueil\/pole-accompagnement-a-domicile\/lhebergement-temporaire\/\" data-raven-link-target=\"_self\" data-id=\"832a4f8\" data-element_type=\"column\" data-e-type=\"column\" data-settings=\"{&quot;animation&quot;:&quot;zoomIn&quot;}\">\n\t\t\t<div class=\"elementor-widget-wrap elementor-element-populated\">\n\t\t\t\t\t\t<div class=\"elementor-element elementor-element-a7668d2 elementor-widget elementor-widget-image\" data-id=\"a7668d2\" data-element_type=\"widget\" data-e-type=\"widget\" data-widget_type=\"image.default\">\n\t\t\t\t<div class=\"elementor-widget-container\">\n\t\t\t\t\t\t\t\t\t\t\t\t\t\t\t<img loading=\"lazy\" decoding=\"async\" width=\"1024\" height=\"1016\" src=\"https:\/\/hdpdc.fr\/wp-content\/uploads\/2022\/05\/HTM_Plan-de-travail-1-copie-13-1024x1016.png\" class=\"attachment-large size-large wp-image-1350\" alt=\"\" srcset=\"https:\/\/hdpdc.fr\/wp-content\/uploads\/2022\/05\/HTM_Plan-de-travail-1-copie-13-1024x1016.png 1024w, https:\/\/hdpdc.fr\/wp-content\/uploads\/2022\/05\/HTM_Plan-de-travail-1-copie-13-300x298.png 300w, https:\/\/hdpdc.fr\/wp-content\/uploads\/2022\/05\/HTM_Plan-de-travail-1-copie-13-150x150.png 150w, https:\/\/hdpdc.fr\/wp-content\/uploads\/2022\/05\/HTM_Plan-de-travail-1-copie-13-768x762.png 768w, https:\/\/hdpdc.fr\/wp-content\/uploads\/2022\/05\/HTM_Plan-de-travail-1-copie-13.png 1039w\" sizes=\"(max-width: 1024px) 100vw, 1024px\" \/>\t\t\t\t\t\t\t\t\t\t\t\t\t\t\t<\/div>\n\t\t\t\t<\/div>\n\t\t\t\t<div class=\"elementor-element elementor-element-87d6174 elementor-widget elementor-widget-heading\" data-id=\"87d6174\" data-element_type=\"widget\" data-e-type=\"widget\" data-widget_type=\"heading.default\">\n\t\t\t\t<div class=\"elementor-widget-container\">\n\t\t\t\t\t<h2 class=\"elementor-heading-title elementor-size-default\">HTM<\/h2>\t\t\t\t<\/div>\n\t\t\t\t<\/div>\n\t\t\t\t<div class=\"elementor-element elementor-element-2cd2181 elementor-view-default elementor-widget elementor-widget-icon\" data-id=\"2cd2181\" data-element_type=\"widget\" data-e-type=\"widget\" data-widget_type=\"icon.default\">\n\t\t\t\t<div class=\"elementor-widget-container\">\n\t\t\t\t\t\t\t<div class=\"elementor-icon-wrapper\">\n\t\t\t<a class=\"elementor-icon\" href=\"https:\/\/hdpdc.fr\/index.php\/accueil\/professionnels\/nos-offres-demploi\/\">\n\t\t\t<i aria-hidden=\"true\" class=\"icon icon-arrow-right-circle\"><\/i>\t\t\t<\/a>\n\t\t<\/div>\n\t\t\t\t\t\t<\/div>\n\t\t\t\t<\/div>\n\t\t\t\t\t<\/div>\n\t\t<\/div>\n\t\t\t\t<div class=\"raven-column-link elementor-column elementor-col-25 elementor-inner-column elementor-element elementor-element-6dcab98 elementor-invisible\" data-raven-link=\"https:\/\/hdpdc.fr\/index.php\/accueil\/pole-accompagnement-a-domicile\/ssiad\/\" data-raven-link-target=\"_self\" data-id=\"6dcab98\" data-element_type=\"column\" data-e-type=\"column\" data-settings=\"{&quot;animation&quot;:&quot;zoomIn&quot;}\">\n\t\t\t<div class=\"elementor-widget-wrap elementor-element-populated\">\n\t\t\t\t\t\t<div class=\"elementor-element elementor-element-b8e2e7f elementor-widget elementor-widget-image\" data-id=\"b8e2e7f\" data-element_type=\"widget\" data-e-type=\"widget\" data-widget_type=\"image.default\">\n\t\t\t\t<div class=\"elementor-widget-container\">\n\t\t\t\t\t\t\t\t\t\t\t\t\t\t\t<img loading=\"lazy\" decoding=\"async\" width=\"1024\" height=\"1016\" src=\"https:\/\/hdpdc.fr\/wp-content\/uploads\/2022\/05\/SSIAD_Plan-de-travail-1-copie-14-1024x1016.png\" class=\"attachment-large size-large wp-image-1357\" alt=\"\" srcset=\"https:\/\/hdpdc.fr\/wp-content\/uploads\/2022\/05\/SSIAD_Plan-de-travail-1-copie-14-1024x1016.png 1024w, https:\/\/hdpdc.fr\/wp-content\/uploads\/2022\/05\/SSIAD_Plan-de-travail-1-copie-14-300x298.png 300w, https:\/\/hdpdc.fr\/wp-content\/uploads\/2022\/05\/SSIAD_Plan-de-travail-1-copie-14-150x150.png 150w, https:\/\/hdpdc.fr\/wp-content\/uploads\/2022\/05\/SSIAD_Plan-de-travail-1-copie-14-768x762.png 768w, https:\/\/hdpdc.fr\/wp-content\/uploads\/2022\/05\/SSIAD_Plan-de-travail-1-copie-14.png 1039w\" sizes=\"(max-width: 1024px) 100vw, 1024px\" \/>\t\t\t\t\t\t\t\t\t\t\t\t\t\t\t<\/div>\n\t\t\t\t<\/div>\n\t\t\t\t<div class=\"elementor-element elementor-element-943ddc8 elementor-widget elementor-widget-heading\" data-id=\"943ddc8\" data-element_type=\"widget\" data-e-type=\"widget\" data-widget_type=\"heading.default\">\n\t\t\t\t<div class=\"elementor-widget-container\">\n\t\t\t\t\t<h2 class=\"elementor-heading-title elementor-size-default\">SSIAD<\/h2>\t\t\t\t<\/div>\n\t\t\t\t<\/div>\n\t\t\t\t<div class=\"elementor-element elementor-element-4a7f16c elementor-view-default elementor-widget elementor-widget-icon\" data-id=\"4a7f16c\" data-element_type=\"widget\" data-e-type=\"widget\" data-widget_type=\"icon.default\">\n\t\t\t\t<div class=\"elementor-widget-container\">\n\t\t\t\t\t\t\t<div class=\"elementor-icon-wrapper\">\n\t\t\t<a class=\"elementor-icon\" href=\"https:\/\/hdpdc.fr\/index.php\/accueil\/les-partenaires-des-hopitaux-des-portes-de-camargue\/\">\n\t\t\t<i aria-hidden=\"true\" class=\"icon icon-arrow-right-circle\"><\/i>\t\t\t<\/a>\n\t\t<\/div>\n\t\t\t\t\t\t<\/div>\n\t\t\t\t<\/div>\n\t\t\t\t\t<\/div>\n\t\t<\/div>\n\t\t\t\t<div class=\"raven-column-link elementor-column elementor-col-25 elementor-inner-column elementor-element elementor-element-402d0b3 elementor-invisible\" data-raven-link=\"https:\/\/hdpdc.fr\/#Z\" data-raven-link-target=\"_self\" data-id=\"402d0b3\" data-element_type=\"column\" data-e-type=\"column\" data-settings=\"{&quot;animation&quot;:&quot;zoomIn&quot;}\">\n\t\t\t<div class=\"elementor-widget-wrap elementor-element-populated\">\n\t\t\t\t\t\t<div class=\"elementor-element elementor-element-15edde3 elementor-widget elementor-widget-image\" data-id=\"15edde3\" data-element_type=\"widget\" data-e-type=\"widget\" data-widget_type=\"image.default\">\n\t\t\t\t<div class=\"elementor-widget-container\">\n\t\t\t\t\t\t\t\t\t\t\t\t\t\t\t<img loading=\"lazy\" decoding=\"async\" width=\"1024\" height=\"1016\" src=\"https:\/\/hdpdc.fr\/wp-content\/uploads\/2022\/05\/Contact_Plan-de-travail-1-copie-5-1024x1016.png\" class=\"attachment-large size-large wp-image-1344\" alt=\"\" srcset=\"https:\/\/hdpdc.fr\/wp-content\/uploads\/2022\/05\/Contact_Plan-de-travail-1-copie-5-1024x1016.png 1024w, https:\/\/hdpdc.fr\/wp-content\/uploads\/2022\/05\/Contact_Plan-de-travail-1-copie-5-300x298.png 300w, https:\/\/hdpdc.fr\/wp-content\/uploads\/2022\/05\/Contact_Plan-de-travail-1-copie-5-150x150.png 150w, https:\/\/hdpdc.fr\/wp-content\/uploads\/2022\/05\/Contact_Plan-de-travail-1-copie-5-768x762.png 768w, https:\/\/hdpdc.fr\/wp-content\/uploads\/2022\/05\/Contact_Plan-de-travail-1-copie-5.png 1039w\" sizes=\"(max-width: 1024px) 100vw, 1024px\" \/>\t\t\t\t\t\t\t\t\t\t\t\t\t\t\t<\/div>\n\t\t\t\t<\/div>\n\t\t\t\t<div class=\"elementor-element elementor-element-ca20953 elementor-widget elementor-widget-heading\" data-id=\"ca20953\" data-element_type=\"widget\" data-e-type=\"widget\" data-widget_type=\"heading.default\">\n\t\t\t\t<div class=\"elementor-widget-container\">\n\t\t\t\t\t<h2 class=\"elementor-heading-title elementor-size-default\">Contact<\/h2>\t\t\t\t<\/div>\n\t\t\t\t<\/div>\n\t\t\t\t<div class=\"elementor-element elementor-element-6580ef7 elementor-view-default elementor-widget elementor-widget-icon\" data-id=\"6580ef7\" data-element_type=\"widget\" data-e-type=\"widget\" data-widget_type=\"icon.default\">\n\t\t\t\t<div class=\"elementor-widget-container\">\n\t\t\t\t\t\t\t<div class=\"elementor-icon-wrapper\">\n\t\t\t<a class=\"elementor-icon\" href=\"https:\/\/hdpdc.fr\/index.php\/accueil\/nos-engagements\/\">\n\t\t\t<i aria-hidden=\"true\" class=\"icon icon-arrow-right-circle\"><\/i>\t\t\t<\/a>\n\t\t<\/div>\n\t\t\t\t\t\t<\/div>\n\t\t\t\t<\/div>\n\t\t\t\t\t<\/div>\n\t\t<\/div>\n\t\t\t\t\t<\/div>\n\t\t<\/section>\n\t\t\t\t\t<\/div>\n\t\t<\/div>\n\t\t\t\t\t<\/div>\n\t\t<\/section>\n\t\t\t\t<\/div>\n\t\t","protected":false},"excerpt":{"rendered":"<p>Home Centre d\u2019accueil de jour Alzheimer Les Tamaris Le projet du CAJA, les objectifs, votre admission CAJA Qu&rsquo;est-ce qu&rsquo;un accueil de jour ? L\u2019Accueil de jour consiste \u00e0 all\u00e9ger la lourde charge des aidants familiaux que repr\u00e9sente le maintien \u00e0 domicile des personnes atteintes de la maladie d\u2019Alzheimer ou d&rsquo;une maladie apparent\u00e9e.\u00a0 Cette structure re\u00e7oit [&hellip;]<\/p>\n","protected":false},"author":3,"featured_media":0,"parent":373,"menu_order":0,"comment_status":"closed","ping_status":"closed","template":"elementor_header_footer","meta":{"_acf_changed":false,"footnotes":""},"class_list":["post-929","page","type-page","status-publish","hentry"],"acf":[],"yoast_head":"<!-- This site is optimized with the Yoast SEO plugin v27.5 - https:\/\/yoast.com\/product\/yoast-seo-wordpress\/ -->\n<title>Centre d\u2019accueil de jour Alzheimer - H\u00f4pitaux des Portes de Camargue<\/title>\n<meta name=\"robots\" content=\"index, follow, max-snippet:-1, max-image-preview:large, max-video-preview:-1\" \/>\n<link rel=\"canonical\" href=\"https:\/\/hdpdc.fr\/index.php\/accueil\/pole-accompagnement-a-domicile\/centre-daccueil-de-jour-alzheimer\/\" \/>\n<meta property=\"og:locale\" content=\"fr_FR\" \/>\n<meta property=\"og:type\" content=\"article\" \/>\n<meta property=\"og:title\" content=\"Centre d\u2019accueil de jour Alzheimer - H\u00f4pitaux des Portes de Camargue\" \/>\n<meta property=\"og:description\" content=\"Home Centre d\u2019accueil de jour Alzheimer Les Tamaris Le projet du CAJA, les objectifs, votre admission CAJA Qu&rsquo;est-ce qu&rsquo;un accueil de jour ? L\u2019Accueil de jour consiste \u00e0 all\u00e9ger la lourde charge des aidants familiaux que repr\u00e9sente le maintien \u00e0 domicile des personnes atteintes de la maladie d\u2019Alzheimer ou d&rsquo;une maladie apparent\u00e9e.\u00a0 Cette structure re\u00e7oit [&hellip;]\" \/>\n<meta property=\"og:url\" content=\"https:\/\/hdpdc.fr\/index.php\/accueil\/pole-accompagnement-a-domicile\/centre-daccueil-de-jour-alzheimer\/\" \/>\n<meta property=\"og:site_name\" content=\"H\u00f4pitaux des Portes de Camargue\" \/>\n<meta property=\"article:modified_time\" content=\"2025-05-23T08:37:31+00:00\" \/>\n<meta property=\"og:image\" content=\"https:\/\/hdpdc.fr\/wp-content\/uploads\/2022\/05\/DSC02370-scaled.jpg\" \/>\n\t<meta property=\"og:image:width\" content=\"2560\" \/>\n\t<meta property=\"og:image:height\" content=\"1707\" \/>\n\t<meta property=\"og:image:type\" content=\"image\/jpeg\" \/>\n<meta name=\"twitter:card\" content=\"summary_large_image\" \/>\n<meta name=\"twitter:label1\" content=\"Dur\u00e9e de lecture estim\u00e9e\" \/>\n\t<meta name=\"twitter:data1\" content=\"4 minutes\" \/>\n<script type=\"application\/ld+json\" class=\"yoast-schema-graph\">{\"@context\":\"https:\\\/\\\/schema.org\",\"@graph\":[{\"@type\":\"WebPage\",\"@id\":\"https:\\\/\\\/hdpdc.fr\\\/index.php\\\/accueil\\\/pole-accompagnement-a-domicile\\\/centre-daccueil-de-jour-alzheimer\\\/\",\"url\":\"https:\\\/\\\/hdpdc.fr\\\/index.php\\\/accueil\\\/pole-accompagnement-a-domicile\\\/centre-daccueil-de-jour-alzheimer\\\/\",\"name\":\"Centre d\u2019accueil de jour Alzheimer - H\u00f4pitaux des Portes de Camargue\",\"isPartOf\":{\"@id\":\"https:\\\/\\\/hdpdc.fr\\\/#website\"},\"primaryImageOfPage\":{\"@id\":\"https:\\\/\\\/hdpdc.fr\\\/index.php\\\/accueil\\\/pole-accompagnement-a-domicile\\\/centre-daccueil-de-jour-alzheimer\\\/#primaryimage\"},\"image\":{\"@id\":\"https:\\\/\\\/hdpdc.fr\\\/index.php\\\/accueil\\\/pole-accompagnement-a-domicile\\\/centre-daccueil-de-jour-alzheimer\\\/#primaryimage\"},\"thumbnailUrl\":\"https:\\\/\\\/hdpdc.fr\\\/wp-content\\\/uploads\\\/2022\\\/05\\\/DSC02370-1024x683.jpg\",\"datePublished\":\"2022-04-25T07:32:23+00:00\",\"dateModified\":\"2025-05-23T08:37:31+00:00\",\"breadcrumb\":{\"@id\":\"https:\\\/\\\/hdpdc.fr\\\/index.php\\\/accueil\\\/pole-accompagnement-a-domicile\\\/centre-daccueil-de-jour-alzheimer\\\/#breadcrumb\"},\"inLanguage\":\"fr-FR\",\"potentialAction\":[{\"@type\":\"ReadAction\",\"target\":[\"https:\\\/\\\/hdpdc.fr\\\/index.php\\\/accueil\\\/pole-accompagnement-a-domicile\\\/centre-daccueil-de-jour-alzheimer\\\/\"]}]},{\"@type\":\"ImageObject\",\"inLanguage\":\"fr-FR\",\"@id\":\"https:\\\/\\\/hdpdc.fr\\\/index.php\\\/accueil\\\/pole-accompagnement-a-domicile\\\/centre-daccueil-de-jour-alzheimer\\\/#primaryimage\",\"url\":\"https:\\\/\\\/hdpdc.fr\\\/wp-content\\\/uploads\\\/2022\\\/05\\\/DSC02370-1024x683.jpg\",\"contentUrl\":\"https:\\\/\\\/hdpdc.fr\\\/wp-content\\\/uploads\\\/2022\\\/05\\\/DSC02370-1024x683.jpg\"},{\"@type\":\"BreadcrumbList\",\"@id\":\"https:\\\/\\\/hdpdc.fr\\\/index.php\\\/accueil\\\/pole-accompagnement-a-domicile\\\/centre-daccueil-de-jour-alzheimer\\\/#breadcrumb\",\"itemListElement\":[{\"@type\":\"ListItem\",\"position\":1,\"name\":\"Accueil\",\"item\":\"https:\\\/\\\/hdpdc.fr\\\/\"},{\"@type\":\"ListItem\",\"position\":2,\"name\":\"Accueil\",\"item\":\"https:\\\/\\\/hdpdc.fr\\\/\"},{\"@type\":\"ListItem\",\"position\":3,\"name\":\"P\u00f4le accompagnement \u00e0 domicile\",\"item\":\"https:\\\/\\\/hdpdc.fr\\\/?page_id=373\"},{\"@type\":\"ListItem\",\"position\":4,\"name\":\"Centre d\u2019accueil de jour Alzheimer\"}]},{\"@type\":\"WebSite\",\"@id\":\"https:\\\/\\\/hdpdc.fr\\\/#website\",\"url\":\"https:\\\/\\\/hdpdc.fr\\\/\",\"name\":\"H\u00f4pitaux des Portes de Camargue\",\"description\":\"Etablissement Public de Sant\u00e9\",\"potentialAction\":[{\"@type\":\"SearchAction\",\"target\":{\"@type\":\"EntryPoint\",\"urlTemplate\":\"https:\\\/\\\/hdpdc.fr\\\/?s={search_term_string}\"},\"query-input\":{\"@type\":\"PropertyValueSpecification\",\"valueRequired\":true,\"valueName\":\"search_term_string\"}}],\"inLanguage\":\"fr-FR\"}]}<\/script>\n<!-- \/ Yoast SEO plugin. -->","yoast_head_json":{"title":"Centre d\u2019accueil de jour Alzheimer - H\u00f4pitaux des Portes de Camargue","robots":{"index":"index","follow":"follow","max-snippet":"max-snippet:-1","max-image-preview":"max-image-preview:large","max-video-preview":"max-video-preview:-1"},"canonical":"https:\/\/hdpdc.fr\/index.php\/accueil\/pole-accompagnement-a-domicile\/centre-daccueil-de-jour-alzheimer\/","og_locale":"fr_FR","og_type":"article","og_title":"Centre d\u2019accueil de jour Alzheimer - H\u00f4pitaux des Portes de Camargue","og_description":"Home Centre d\u2019accueil de jour Alzheimer Les Tamaris Le projet du CAJA, les objectifs, votre admission CAJA Qu&rsquo;est-ce qu&rsquo;un accueil de jour ? L\u2019Accueil de jour consiste \u00e0 all\u00e9ger la lourde charge des aidants familiaux que repr\u00e9sente le maintien \u00e0 domicile des personnes atteintes de la maladie d\u2019Alzheimer ou d&rsquo;une maladie apparent\u00e9e.\u00a0 Cette structure re\u00e7oit [&hellip;]","og_url":"https:\/\/hdpdc.fr\/index.php\/accueil\/pole-accompagnement-a-domicile\/centre-daccueil-de-jour-alzheimer\/","og_site_name":"H\u00f4pitaux des Portes de Camargue","article_modified_time":"2025-05-23T08:37:31+00:00","og_image":[{"width":2560,"height":1707,"url":"https:\/\/hdpdc.fr\/wp-content\/uploads\/2022\/05\/DSC02370-scaled.jpg","type":"image\/jpeg"}],"twitter_card":"summary_large_image","twitter_misc":{"Dur\u00e9e de lecture estim\u00e9e":"4 minutes"},"schema":{"@context":"https:\/\/schema.org","@graph":[{"@type":"WebPage","@id":"https:\/\/hdpdc.fr\/index.php\/accueil\/pole-accompagnement-a-domicile\/centre-daccueil-de-jour-alzheimer\/","url":"https:\/\/hdpdc.fr\/index.php\/accueil\/pole-accompagnement-a-domicile\/centre-daccueil-de-jour-alzheimer\/","name":"Centre d\u2019accueil de jour Alzheimer - H\u00f4pitaux des Portes de Camargue","isPartOf":{"@id":"https:\/\/hdpdc.fr\/#website"},"primaryImageOfPage":{"@id":"https:\/\/hdpdc.fr\/index.php\/accueil\/pole-accompagnement-a-domicile\/centre-daccueil-de-jour-alzheimer\/#primaryimage"},"image":{"@id":"https:\/\/hdpdc.fr\/index.php\/accueil\/pole-accompagnement-a-domicile\/centre-daccueil-de-jour-alzheimer\/#primaryimage"},"thumbnailUrl":"https:\/\/hdpdc.fr\/wp-content\/uploads\/2022\/05\/DSC02370-1024x683.jpg","datePublished":"2022-04-25T07:32:23+00:00","dateModified":"2025-05-23T08:37:31+00:00","breadcrumb":{"@id":"https:\/\/hdpdc.fr\/index.php\/accueil\/pole-accompagnement-a-domicile\/centre-daccueil-de-jour-alzheimer\/#breadcrumb"},"inLanguage":"fr-FR","potentialAction":[{"@type":"ReadAction","target":["https:\/\/hdpdc.fr\/index.php\/accueil\/pole-accompagnement-a-domicile\/centre-daccueil-de-jour-alzheimer\/"]}]},{"@type":"ImageObject","inLanguage":"fr-FR","@id":"https:\/\/hdpdc.fr\/index.php\/accueil\/pole-accompagnement-a-domicile\/centre-daccueil-de-jour-alzheimer\/#primaryimage","url":"https:\/\/hdpdc.fr\/wp-content\/uploads\/2022\/05\/DSC02370-1024x683.jpg","contentUrl":"https:\/\/hdpdc.fr\/wp-content\/uploads\/2022\/05\/DSC02370-1024x683.jpg"},{"@type":"BreadcrumbList","@id":"https:\/\/hdpdc.fr\/index.php\/accueil\/pole-accompagnement-a-domicile\/centre-daccueil-de-jour-alzheimer\/#breadcrumb","itemListElement":[{"@type":"ListItem","position":1,"name":"Accueil","item":"https:\/\/hdpdc.fr\/"},{"@type":"ListItem","position":2,"name":"Accueil","item":"https:\/\/hdpdc.fr\/"},{"@type":"ListItem","position":3,"name":"P\u00f4le accompagnement \u00e0 domicile","item":"https:\/\/hdpdc.fr\/?page_id=373"},{"@type":"ListItem","position":4,"name":"Centre d\u2019accueil de jour Alzheimer"}]},{"@type":"WebSite","@id":"https:\/\/hdpdc.fr\/#website","url":"https:\/\/hdpdc.fr\/","name":"H\u00f4pitaux des Portes de Camargue","description":"Etablissement Public de Sant\u00e9","potentialAction":[{"@type":"SearchAction","target":{"@type":"EntryPoint","urlTemplate":"https:\/\/hdpdc.fr\/?s={search_term_string}"},"query-input":{"@type":"PropertyValueSpecification","valueRequired":true,"valueName":"search_term_string"}}],"inLanguage":"fr-FR"}]}},"_links":{"self":[{"href":"https:\/\/hdpdc.fr\/index.php\/wp-json\/wp\/v2\/pages\/929","targetHints":{"allow":["GET"]}}],"collection":[{"href":"https:\/\/hdpdc.fr\/index.php\/wp-json\/wp\/v2\/pages"}],"about":[{"href":"https:\/\/hdpdc.fr\/index.php\/wp-json\/wp\/v2\/types\/page"}],"author":[{"embeddable":true,"href":"https:\/\/hdpdc.fr\/index.php\/wp-json\/wp\/v2\/users\/3"}],"replies":[{"embeddable":true,"href":"https:\/\/hdpdc.fr\/index.php\/wp-json\/wp\/v2\/comments?post=929"}],"version-history":[{"count":76,"href":"https:\/\/hdpdc.fr\/index.php\/wp-json\/wp\/v2\/pages\/929\/revisions"}],"predecessor-version":[{"id":4442,"href":"https:\/\/hdpdc.fr\/index.php\/wp-json\/wp\/v2\/pages\/929\/revisions\/4442"}],"up":[{"embeddable":true,"href":"https:\/\/hdpdc.fr\/index.php\/wp-json\/wp\/v2\/pages\/373"}],"wp:attachment":[{"href":"https:\/\/hdpdc.fr\/index.php\/wp-json\/wp\/v2\/media?parent=929"}],"curies":[{"name":"wp","href":"https:\/\/api.w.org\/{rel}","templated":true}]}}