{"id":397,"date":"2022-03-17T15:09:43","date_gmt":"2022-03-17T14:09:43","guid":{"rendered":"https:\/\/hdpdc.fr\/?page_id=397"},"modified":"2025-11-28T12:36:35","modified_gmt":"2025-11-28T11:36:35","slug":"organisation-gouvernance","status":"publish","type":"page","link":"https:\/\/hdpdc.fr\/index.php\/accueil\/organisation-gouvernance\/","title":{"rendered":"Organisation &#038; Gouvernance"},"content":{"rendered":"\t\t<div data-elementor-type=\"wp-page\" data-elementor-id=\"397\" class=\"elementor elementor-397\" wpc-filter-elementor-widget=\"1\" data-elementor-post-type=\"page\">\n\t\t\t\t\t\t<section class=\"elementor-section elementor-top-section elementor-element elementor-element-7eb6ad3 elementor-hidden-mobile elementor-section-boxed elementor-section-height-default elementor-section-height-default\" data-id=\"7eb6ad3\" data-element_type=\"section\" data-e-type=\"section\" data-settings=\"{&quot;background_background&quot;:&quot;classic&quot;}\">\n\t\t\t\t\t\t\t<div class=\"elementor-background-overlay\"><\/div>\n\t\t\t\t\t\t\t<div class=\"elementor-container elementor-column-gap-default\">\n\t\t\t\t\t<div class=\"elementor-column elementor-col-50 elementor-top-column elementor-element elementor-element-b22da02\" data-id=\"b22da02\" data-element_type=\"column\" data-e-type=\"column\">\n\t\t\t<div class=\"elementor-widget-wrap elementor-element-populated\">\n\t\t\t\t\t\t<div class=\"elementor-element elementor-element-76a3b57 elementor-align-flex-start elementor-widget elementor-widget-raven-breadcrumbs\" data-id=\"76a3b57\" data-element_type=\"widget\" data-e-type=\"widget\" data-widget_type=\"raven-breadcrumbs.default\">\n\t\t\t\t<div class=\"elementor-widget-container\">\n\t\t\t\t\t<div class=\"raven-breadcrumbs raven-breadcrumbs-default\"><div class=\"breadcrumb\">\t\t\t\t\t\t\t\t<div class=\"breadcrumb-item active\" aria-current=\"page\"><span>Home<\/span><\/div>\n\n\t\t\t\t<\/div><\/div>\t\t\t\t<\/div>\n\t\t\t\t<\/div>\n\t\t\t\t<div class=\"elementor-element elementor-element-698cc15 elementor-invisible elementor-widget elementor-widget-heading\" data-id=\"698cc15\" data-element_type=\"widget\" data-e-type=\"widget\" data-settings=\"{&quot;_animation&quot;:&quot;fadeInUp&quot;,&quot;_animation_delay&quot;:200}\" data-widget_type=\"heading.default\">\n\t\t\t\t<div class=\"elementor-widget-container\">\n\t\t\t\t\t<h1 class=\"elementor-heading-title elementor-size-default\">organisation<br>&amp; gouvernance<\/h1>\t\t\t\t<\/div>\n\t\t\t\t<\/div>\n\t\t\t\t<div class=\"elementor-element elementor-element-83fb633 elementor-widget elementor-widget-text-editor\" data-id=\"83fb633\" data-element_type=\"widget\" data-e-type=\"widget\" data-widget_type=\"text-editor.default\">\n\t\t\t\t<div class=\"elementor-widget-container\">\n\t\t\t\t\t\t\t\t\t<p style=\"text-align: justify;\">Les H\u00f4pitaux des Portes de Camargue constituent un \u00e9tablissement public de sant\u00e9 intercommunal, issu de la fusion, le 1er janvier 2008, des H\u00f4pitaux de Beaucaire et de Tarascon.<\/p><p style=\"text-align: justify;\">Une convention de <span style=\"color: #ff6600;\"><strong>direction commune<\/strong><\/span> avec le <span style=\"color: #ff6600;\"><strong>CH d&rsquo;Arles<\/strong><\/span> et l&rsquo;<span style=\"color: #ff6600;\"><strong>EHPAD Marie Gasquet de Saint R\u00e9my de Provence<\/strong><\/span> a \u00e9t\u00e9 sign\u00e9e en 2015.<\/p>\t\t\t\t\t\t\t\t<\/div>\n\t\t\t\t<\/div>\n\t\t\t\t\t<\/div>\n\t\t<\/div>\n\t\t\t\t<div class=\"elementor-column elementor-col-50 elementor-top-column elementor-element elementor-element-1072cbf\" data-id=\"1072cbf\" data-element_type=\"column\" data-e-type=\"column\">\n\t\t\t<div class=\"elementor-widget-wrap elementor-element-populated\">\n\t\t\t\t\t\t<div class=\"elementor-element elementor-element-08f1ff3 elementor-widget__width-auto elementor-absolute elementor-view-default elementor-widget elementor-widget-icon\" data-id=\"08f1ff3\" data-element_type=\"widget\" data-e-type=\"widget\" data-settings=\"{&quot;_position&quot;:&quot;absolute&quot;}\" data-widget_type=\"icon.default\">\n\t\t\t\t<div class=\"elementor-widget-container\">\n\t\t\t\t\t\t\t<div class=\"elementor-icon-wrapper\">\n\t\t\t<div class=\"elementor-icon\">\n\t\t\t<i aria-hidden=\"true\" class=\"icon icon-menu11\"><\/i>\t\t\t<\/div>\n\t\t<\/div>\n\t\t\t\t\t\t<\/div>\n\t\t\t\t<\/div>\n\t\t\t\t<section class=\"elementor-section elementor-inner-section elementor-element elementor-element-db80658 elementor-section-height-min-height elementor-section-boxed elementor-section-height-default\" data-id=\"db80658\" data-element_type=\"section\" data-e-type=\"section\">\n\t\t\t\t\t\t<div class=\"elementor-container elementor-column-gap-default\">\n\t\t\t\t\t<div class=\"elementor-column elementor-col-50 elementor-inner-column elementor-element elementor-element-57f7730 elementor-invisible\" data-id=\"57f7730\" data-element_type=\"column\" data-e-type=\"column\" data-settings=\"{&quot;background_background&quot;:&quot;classic&quot;,&quot;animation&quot;:&quot;zoomIn&quot;}\">\n\t\t\t<div class=\"elementor-widget-wrap elementor-element-populated\">\n\t\t\t\t\t\t<div class=\"elementor-element elementor-element-5fd10ba elementor-widget elementor-widget-spacer\" data-id=\"5fd10ba\" data-element_type=\"widget\" data-e-type=\"widget\" data-widget_type=\"spacer.default\">\n\t\t\t\t<div class=\"elementor-widget-container\">\n\t\t\t\t\t\t\t<div class=\"elementor-spacer\">\n\t\t\t<div class=\"elementor-spacer-inner\"><\/div>\n\t\t<\/div>\n\t\t\t\t\t\t<\/div>\n\t\t\t\t<\/div>\n\t\t\t\t\t<\/div>\n\t\t<\/div>\n\t\t\t\t<div class=\"elementor-column elementor-col-50 elementor-inner-column elementor-element elementor-element-2e9b2c4\" data-id=\"2e9b2c4\" data-element_type=\"column\" data-e-type=\"column\">\n\t\t\t<div class=\"elementor-widget-wrap elementor-element-populated\">\n\t\t\t\t\t\t<div class=\"elementor-element elementor-element-74cc200 ekit-equal-height-disable elementor-invisible elementor-widget elementor-widget-elementskit-icon-box\" data-id=\"74cc200\" data-element_type=\"widget\" data-e-type=\"widget\" data-settings=\"{&quot;_animation&quot;:&quot;zoomIn&quot;,&quot;_animation_delay&quot;:200}\" data-widget_type=\"elementskit-icon-box.default\">\n\t\t\t\t<div class=\"elementor-widget-container\">\n\t\t\t\t\t<div class=\"ekit-wid-con\" >        <!-- link opening -->\n                <!-- end link opening -->\n\n        <div class=\"elementskit-infobox text-left text- icon-lef-right-aligin elementor-animation-float   \">\n                        <div class=\"box-body\">\n                            <h5 class=\"elementskit-info-box-title\">\n                    Les Instances                <\/h5>\n                        \t\t  \t<p>d\u00e9lib\u00e9ratives<\/p>\n                                        <div class=\"box-footer disable_hover_button\">\n                    <div class=\"btn-wraper\">\n                                                            <a class=\"elementskit-btn whitespace--normal\" href=\"#A\">\n                                                                                D\u00e9couvrir                                    <\/a>\n                                                        <\/div>\n                <\/div>\n                    <\/div>\n        \n        \n                <\/div>\n        <\/div>\t\t\t\t<\/div>\n\t\t\t\t<\/div>\n\t\t\t\t<div class=\"elementor-element elementor-element-2c1196e ekit-equal-height-disable elementor-invisible elementor-widget elementor-widget-elementskit-icon-box\" data-id=\"2c1196e\" data-element_type=\"widget\" data-e-type=\"widget\" data-settings=\"{&quot;_animation&quot;:&quot;zoomIn&quot;,&quot;_animation_delay&quot;:400}\" data-widget_type=\"elementskit-icon-box.default\">\n\t\t\t\t<div class=\"elementor-widget-container\">\n\t\t\t\t\t<div class=\"ekit-wid-con\" >        <!-- link opening -->\n                <!-- end link opening -->\n\n        <div class=\"elementskit-infobox text-left text- icon-lef-right-aligin elementor-animation-float   \">\n                        <div class=\"box-body\">\n                            <h5 class=\"elementskit-info-box-title\">\n                    Les Instances                <\/h5>\n                        \t\t  \t<p>consultatives<\/p>\n                                        <div class=\"box-footer disable_hover_button\">\n                    <div class=\"btn-wraper\">\n                                                            <a class=\"elementskit-btn whitespace--normal\" href=\"#E\">\n                                                                                D\u00e9couvrir                                    <\/a>\n                                                        <\/div>\n                <\/div>\n                    <\/div>\n        \n        \n                <\/div>\n        <\/div>\t\t\t\t<\/div>\n\t\t\t\t<\/div>\n\t\t\t\t\t<\/div>\n\t\t<\/div>\n\t\t\t\t\t<\/div>\n\t\t<\/section>\n\t\t\t\t\t<\/div>\n\t\t<\/div>\n\t\t\t\t\t<\/div>\n\t\t<\/section>\n\t\t\t\t<section class=\"elementor-section elementor-top-section elementor-element elementor-element-2e797ef elementor-hidden-mobile elementor-section-boxed elementor-section-height-default elementor-section-height-default\" data-id=\"2e797ef\" data-element_type=\"section\" data-e-type=\"section\">\n\t\t\t\t\t\t<div class=\"elementor-container elementor-column-gap-default\">\n\t\t\t\t\t<div class=\"elementor-column elementor-col-50 elementor-top-column elementor-element elementor-element-821e2d3\" data-id=\"821e2d3\" data-element_type=\"column\" data-e-type=\"column\">\n\t\t\t<div class=\"elementor-widget-wrap elementor-element-populated\">\n\t\t\t\t\t\t<div class=\"elementor-element elementor-element-ba6fb95 elementor-widget elementor-widget-heading\" data-id=\"ba6fb95\" data-element_type=\"widget\" data-e-type=\"widget\" data-widget_type=\"heading.default\">\n\t\t\t\t<div class=\"elementor-widget-container\">\n\t\t\t\t\t<h5 class=\"elementor-heading-title elementor-size-default\">Pr\u00e9sentation g\u00e9n\u00e9rale<\/h5>\t\t\t\t<\/div>\n\t\t\t\t<\/div>\n\t\t\t\t<div class=\"elementor-element elementor-element-fd127ac elementor-invisible elementor-widget elementor-widget-heading\" data-id=\"fd127ac\" data-element_type=\"widget\" data-e-type=\"widget\" data-settings=\"{&quot;_animation&quot;:&quot;fadeInUp&quot;,&quot;_animation_delay&quot;:200}\" data-widget_type=\"heading.default\">\n\t\t\t\t<div class=\"elementor-widget-container\">\n\t\t\t\t\t<h2 class=\"elementor-heading-title elementor-size-default\">Les H\u00f4pitaux des Portes de Camargue, \u00e9tablissement de proximit\u00e9, regroupent :<\/h2>\t\t\t\t<\/div>\n\t\t\t\t<\/div>\n\t\t\t\t<div class=\"elementor-element elementor-element-207aa697 elementor-widget elementor-widget-text-editor\" data-id=\"207aa697\" data-element_type=\"widget\" data-e-type=\"widget\" data-widget_type=\"text-editor.default\">\n\t\t\t\t<div class=\"elementor-widget-container\">\n\t\t\t\t\t\t\t\t\t<ul><li>Une offre sanitaire de 56 lits de SMR Polyvalent, 10 lits d&rsquo;EVC, 30 lits d&rsquo;USLD et 10 lits d&rsquo;UCC<\/li><li>Une offre m\u00e9dico-sociale avec 259 places d&rsquo;EHPAD, 6 places d&rsquo;h\u00e9bergement temporaire, 6 places d&rsquo;accueil de jour, 33 places en MAS<\/li><li>Deux SSIAD de 55 places dont 5 places d\u00e9di\u00e9es \u00e0 l&rsquo;accueil de personnes en situation de handicap, et une ESA de 10 places<\/li><\/ul><p>L&rsquo;\u00e9tablissement accueille sur le site de Tarascon diff\u00e9rentes\u00a0 consultations avanc\u00e9es du Centre Hospitalier d&rsquo;Arles.<\/p>\t\t\t\t\t\t\t\t<\/div>\n\t\t\t\t<\/div>\n\t\t\t\t<div class=\"elementor-element elementor-element-17e99bc9 elementor-widget__width-initial elementor-widget elementor-widget-text-editor\" data-id=\"17e99bc9\" data-element_type=\"widget\" data-e-type=\"widget\" data-widget_type=\"text-editor.default\">\n\t\t\t\t<div class=\"elementor-widget-container\">\n\t\t\t\t\t\t\t\t\t<p><a href=\"https:\/\/hdpdc.fr\/wp-content\/uploads\/2025\/11\/42-ADM-ME-Organigramme-de-Direction-2025-V15-17.11.2025.pdf\"><span style=\"color: #2fb1cf;\"><span style=\"text-decoration: underline;\">L&rsquo;organigramme HPC<\/span><\/span><\/a><\/p>\t\t\t\t\t\t\t\t<\/div>\n\t\t\t\t<\/div>\n\t\t\t\t<div class=\"elementor-element elementor-element-6997c7f elementor-widget__width-initial elementor-widget elementor-widget-text-editor\" data-id=\"6997c7f\" data-element_type=\"widget\" data-e-type=\"widget\" data-widget_type=\"text-editor.default\">\n\t\t\t\t<div class=\"elementor-widget-container\">\n\t\t\t\t\t\t\t\t\t<p><span style=\"color: #2fb1cf;\"><a style=\"color: #2fb1cf;\" href=\"https:\/\/hdpdc.fr\/wp-content\/uploads\/2025\/03\/94-ADM-ME-Organigramme-des-services-de-soins-V7-10.03.25.pdf\"><span style=\"text-decoration: underline;\">L&rsquo;organigramme de direction commun<\/span><span style=\"text-decoration-line: underline; font-size: 1rem;\">e<\/span><\/a><\/span><\/p>\t\t\t\t\t\t\t\t<\/div>\n\t\t\t\t<\/div>\n\t\t\t\t<div class=\"elementor-element elementor-element-b05daf7 elementor-widget elementor-widget-text-editor\" data-id=\"b05daf7\" data-element_type=\"widget\" data-e-type=\"widget\" data-widget_type=\"text-editor.default\">\n\t\t\t\t<div class=\"elementor-widget-container\">\n\t\t\t\t\t\t\t\t\t<p><a href=\"https:\/\/hdpdc.fr\/wp-content\/uploads\/2025\/11\/94-ADM-ME-Organigramme-des-services-de-soins-V9-17-11-2025.pdf\"><span style=\"color: #2fb1cf;\"><span style=\"font-weight: bold; text-transform: uppercase; text-decoration-line: underline;\">L&rsquo;ORGANIGRAMME DES SERVICES DE SOINS<\/span><\/span><\/a><\/p>\t\t\t\t\t\t\t\t<\/div>\n\t\t\t\t<\/div>\n\t\t\t\t\t<\/div>\n\t\t<\/div>\n\t\t\t\t<div class=\"elementor-column elementor-col-50 elementor-top-column elementor-element elementor-element-88277c4\" data-id=\"88277c4\" data-element_type=\"column\" data-e-type=\"column\" data-settings=\"{&quot;background_background&quot;:&quot;classic&quot;}\">\n\t\t\t<div class=\"elementor-widget-wrap\">\n\t\t\t\t\t\t\t<\/div>\n\t\t<\/div>\n\t\t\t\t\t<\/div>\n\t\t<\/section>\n\t\t\t\t<section class=\"elementor-section elementor-top-section elementor-element elementor-element-d32139b elementor-hidden-desktop elementor-hidden-tablet elementor-section-boxed elementor-section-height-default elementor-section-height-default\" data-id=\"d32139b\" data-element_type=\"section\" data-e-type=\"section\">\n\t\t\t\t\t\t<div class=\"elementor-container elementor-column-gap-default\">\n\t\t\t\t\t<div class=\"elementor-column elementor-col-100 elementor-top-column elementor-element elementor-element-9548ba9\" data-id=\"9548ba9\" data-element_type=\"column\" data-e-type=\"column\">\n\t\t\t<div class=\"elementor-widget-wrap elementor-element-populated\">\n\t\t\t\t\t\t<div class=\"elementor-element elementor-element-105474a elementor-widget elementor-widget-heading\" data-id=\"105474a\" data-element_type=\"widget\" data-e-type=\"widget\" data-widget_type=\"heading.default\">\n\t\t\t\t<div class=\"elementor-widget-container\">\n\t\t\t\t\t<h5 class=\"elementor-heading-title elementor-size-default\">Pr\u00e9sentation g\u00e9n\u00e9rale<\/h5>\t\t\t\t<\/div>\n\t\t\t\t<\/div>\n\t\t\t\t<div class=\"elementor-element elementor-element-e5f6e4c elementor-invisible elementor-widget elementor-widget-heading\" data-id=\"e5f6e4c\" data-element_type=\"widget\" data-e-type=\"widget\" data-settings=\"{&quot;_animation&quot;:&quot;fadeInUp&quot;,&quot;_animation_delay&quot;:200}\" data-widget_type=\"heading.default\">\n\t\t\t\t<div class=\"elementor-widget-container\">\n\t\t\t\t\t<h2 class=\"elementor-heading-title elementor-size-default\">Les H\u00f4pitaux de Camargue, \u00e9tablissement de proximit\u00e9 qui regroupent :<\/h2>\t\t\t\t<\/div>\n\t\t\t\t<\/div>\n\t\t\t\t<div class=\"elementor-element elementor-element-3e246b9 elementor-widget elementor-widget-text-editor\" data-id=\"3e246b9\" data-element_type=\"widget\" data-e-type=\"widget\" data-widget_type=\"text-editor.default\">\n\t\t\t\t<div class=\"elementor-widget-container\">\n\t\t\t\t\t\t\t\t\t<ul><li>Une offre sanitaire de 56 lits de SSR Polyvalent, 10 lits d&rsquo;EVC, 30 lits d&rsquo;USLD et 10 lits d&rsquo;UCC (\u00e0 venir : 2023)<\/li><li>Une offre m\u00e9dico-sociale avec 259 places d&rsquo;EHPAD, 6 places d&rsquo;h\u00e9bergement temporaire, 6 places d&rsquo;accueil de jour, 33 places en MAS<\/li><li>Deux SSIAD de 55 places dont 5 places d\u00e9di\u00e9es \u00e0 l&rsquo;accueil de personnes en situation de handicap, et une ESA de 10 places<\/li><\/ul><p>L&rsquo;\u00e9tablissement accueille sur le dite de Tarascon diff\u00e9rentes\u00a0 consultations avanc\u00e9es du Centre Hospitalier d&rsquo;Arles.<\/p>\t\t\t\t\t\t\t\t<\/div>\n\t\t\t\t<\/div>\n\t\t\t\t<div class=\"elementor-element elementor-element-8b4b6aa elementor-widget__width-initial elementor-widget elementor-widget-text-editor\" data-id=\"8b4b6aa\" data-element_type=\"widget\" data-e-type=\"widget\" data-widget_type=\"text-editor.default\">\n\t\t\t\t<div class=\"elementor-widget-container\">\n\t\t\t\t\t\t\t\t\t<p><span style=\"color: #3366ff;\"> <a style=\"color: #3366ff;\" href=\"https:\/\/hdpdc.fr\/wp-content\/uploads\/2023\/03\/42-ADM-ME-Organigramme-de-direction-V3.pdf\"><span style=\"text-decoration: underline;\">L&rsquo;organigramme HPC<\/span><\/a><\/span><\/p>\t\t\t\t\t\t\t\t<\/div>\n\t\t\t\t<\/div>\n\t\t\t\t<div class=\"elementor-element elementor-element-2723d72 elementor-widget__width-initial elementor-widget elementor-widget-text-editor\" data-id=\"2723d72\" data-element_type=\"widget\" data-e-type=\"widget\" data-widget_type=\"text-editor.default\">\n\t\t\t\t<div class=\"elementor-widget-container\">\n\t\t\t\t\t\t\t\t\t<p><span style=\"color: #3366ff;\"><a style=\"color: #3366ff;\" href=\"https:\/\/hdpdc.fr\/wp-content\/uploads\/2023\/04\/Organigramme-CH-Arles.pdf\"><span style=\"text-decoration: underline;\">L&rsquo;organigramme de direction commun<\/span><span style=\"font-size: 1rem;\">e<\/span><\/a><\/span><\/p>\t\t\t\t\t\t\t\t<\/div>\n\t\t\t\t<\/div>\n\t\t\t\t<div class=\"elementor-element elementor-element-4babbbc elementor-widget elementor-widget-text-editor\" data-id=\"4babbbc\" data-element_type=\"widget\" data-e-type=\"widget\" data-widget_type=\"text-editor.default\">\n\t\t\t\t<div class=\"elementor-widget-container\">\n\t\t\t\t\t\t\t\t\t<p><span style=\"color: #3366ff;\"> <a style=\"color: #3366ff;\" href=\"https:\/\/hdpdc.fr\/wp-content\/uploads\/2023\/03\/94-ADM-ME-Organigramme-des-services-de-soins.pdf\" data-wplink-edit=\"true\"><span style=\"font-weight: bold; text-transform: uppercase;\">L&rsquo;ORGANIGRAMME DES SERVICES DE SOINS<\/span><\/a><\/span><\/p>\t\t\t\t\t\t\t\t<\/div>\n\t\t\t\t<\/div>\n\t\t\t\t\t<\/div>\n\t\t<\/div>\n\t\t\t\t\t<\/div>\n\t\t<\/section>\n\t\t\t\t<section class=\"elementor-section elementor-top-section elementor-element elementor-element-3fa5685 elementor-hidden-mobile elementor-section-boxed elementor-section-height-default elementor-section-height-default\" data-id=\"3fa5685\" data-element_type=\"section\" data-e-type=\"section\">\n\t\t\t\t\t\t<div class=\"elementor-container elementor-column-gap-default\">\n\t\t\t\t\t<div class=\"elementor-column elementor-col-50 elementor-top-column elementor-element elementor-element-0c2381a\" data-id=\"0c2381a\" data-element_type=\"column\" data-e-type=\"column\" data-settings=\"{&quot;background_background&quot;:&quot;classic&quot;}\">\n\t\t\t<div class=\"elementor-widget-wrap\">\n\t\t\t\t\t\t\t<\/div>\n\t\t<\/div>\n\t\t\t\t<div class=\"elementor-column elementor-col-50 elementor-top-column elementor-element elementor-element-9036322\" data-id=\"9036322\" data-element_type=\"column\" data-e-type=\"column\" data-settings=\"{&quot;background_background&quot;:&quot;classic&quot;}\">\n\t\t\t<div class=\"elementor-widget-wrap elementor-element-populated\">\n\t\t\t\t\t\t<div class=\"elementor-element elementor-element-db7d85d elementor-widget elementor-widget-heading\" data-id=\"db7d85d\" data-element_type=\"widget\" data-e-type=\"widget\" data-widget_type=\"heading.default\">\n\t\t\t\t<div class=\"elementor-widget-container\">\n\t\t\t\t\t<h5 class=\"elementor-heading-title elementor-size-default\">H\u00f4pitaux de Camargue<\/h5>\t\t\t\t<\/div>\n\t\t\t\t<\/div>\n\t\t\t\t<div class=\"elementor-element elementor-element-19f1ffb elementor-invisible elementor-widget elementor-widget-heading\" data-id=\"19f1ffb\" data-element_type=\"widget\" data-e-type=\"widget\" data-settings=\"{&quot;_animation&quot;:&quot;fadeInUp&quot;,&quot;_animation_delay&quot;:200}\" data-widget_type=\"heading.default\">\n\t\t\t\t<div class=\"elementor-widget-container\">\n\t\t\t\t\t<h2 class=\"elementor-heading-title elementor-size-default\">Les diff\u00e9rentes instances<\/h2>\t\t\t\t<\/div>\n\t\t\t\t<\/div>\n\t\t\t\t<div class=\"elementor-element elementor-element-84457bc elementor-widget elementor-widget-text-editor\" data-id=\"84457bc\" data-element_type=\"widget\" data-e-type=\"widget\" data-widget_type=\"text-editor.default\">\n\t\t\t\t<div class=\"elementor-widget-container\">\n\t\t\t\t\t\t\t\t\t<p style=\"text-align: justify;\">De nombreuses instances concourent \u00e0 la gouvernance des \u00e9tablissements publics de sant\u00e9.<\/p><p style=\"text-align: justify;\">Vous trouverez ci-dessous le r\u00f4le et la composition des diff\u00e9rentes instances des H\u00f4pitaux des Portes de Camargue, notamment les instances repr\u00e9sentatives du personnel.<\/p><p>\u00a0<\/p><p>\u00a0<\/p><p>\u00a0<\/p>\t\t\t\t\t\t\t\t<\/div>\n\t\t\t\t<\/div>\n\t\t\t\t\t<\/div>\n\t\t<\/div>\n\t\t\t\t\t<\/div>\n\t\t<\/section>\n\t\t\t\t<section class=\"elementor-section elementor-top-section elementor-element elementor-element-92c3df8 elementor-hidden-desktop elementor-hidden-tablet elementor-section-boxed elementor-section-height-default elementor-section-height-default\" data-id=\"92c3df8\" data-element_type=\"section\" data-e-type=\"section\">\n\t\t\t\t\t\t<div class=\"elementor-container elementor-column-gap-default\">\n\t\t\t\t\t<div class=\"elementor-column elementor-col-100 elementor-top-column elementor-element elementor-element-ce54353\" data-id=\"ce54353\" data-element_type=\"column\" data-e-type=\"column\" data-settings=\"{&quot;background_background&quot;:&quot;classic&quot;}\">\n\t\t\t<div class=\"elementor-widget-wrap elementor-element-populated\">\n\t\t\t\t\t\t<div class=\"elementor-element elementor-element-7d1dc0e elementor-widget elementor-widget-heading\" data-id=\"7d1dc0e\" data-element_type=\"widget\" data-e-type=\"widget\" data-widget_type=\"heading.default\">\n\t\t\t\t<div class=\"elementor-widget-container\">\n\t\t\t\t\t<h5 class=\"elementor-heading-title elementor-size-default\">H\u00f4pitaux de Camargue<\/h5>\t\t\t\t<\/div>\n\t\t\t\t<\/div>\n\t\t\t\t<div class=\"elementor-element elementor-element-9a10fc5 elementor-invisible elementor-widget elementor-widget-heading\" data-id=\"9a10fc5\" data-element_type=\"widget\" data-e-type=\"widget\" data-settings=\"{&quot;_animation&quot;:&quot;fadeInUp&quot;,&quot;_animation_delay&quot;:200}\" data-widget_type=\"heading.default\">\n\t\t\t\t<div class=\"elementor-widget-container\">\n\t\t\t\t\t<h2 class=\"elementor-heading-title elementor-size-default\">Les diff\u00e9rentes instances<\/h2>\t\t\t\t<\/div>\n\t\t\t\t<\/div>\n\t\t\t\t<div class=\"elementor-element elementor-element-1802d7f elementor-widget elementor-widget-text-editor\" data-id=\"1802d7f\" data-element_type=\"widget\" data-e-type=\"widget\" data-widget_type=\"text-editor.default\">\n\t\t\t\t<div class=\"elementor-widget-container\">\n\t\t\t\t\t\t\t\t\t<p>De nombreuses instances concourent \u00e0 la gouvernance des \u00e9tablissements publics de sant\u00e9.<\/p><p>Vous trouverez ci-dessous le r\u00f4le et la composition des diff\u00e9rentes instances des H\u00f4pitaux des Portes de Camargue, notamment les instances repr\u00e9sentatives du personnel.<\/p>\t\t\t\t\t\t\t\t<\/div>\n\t\t\t\t<\/div>\n\t\t\t\t\t<\/div>\n\t\t<\/div>\n\t\t\t\t\t<\/div>\n\t\t<\/section>\n\t\t\t\t<section class=\"elementor-section elementor-top-section elementor-element elementor-element-645dfc6 elementor-hidden-mobile elementor-section-boxed elementor-section-height-default elementor-section-height-default\" data-id=\"645dfc6\" data-element_type=\"section\" data-e-type=\"section\" id=\"A\">\n\t\t\t\t\t\t<div class=\"elementor-container elementor-column-gap-default\">\n\t\t\t\t\t<div class=\"elementor-column elementor-col-50 elementor-top-column elementor-element elementor-element-2937748\" data-id=\"2937748\" data-element_type=\"column\" data-e-type=\"column\">\n\t\t\t<div class=\"elementor-widget-wrap elementor-element-populated\">\n\t\t\t\t\t\t<div class=\"elementor-element elementor-element-8b2daf8 elementor-widget elementor-widget-heading\" data-id=\"8b2daf8\" data-element_type=\"widget\" data-e-type=\"widget\" data-widget_type=\"heading.default\">\n\t\t\t\t<div class=\"elementor-widget-container\">\n\t\t\t\t\t<h5 class=\"elementor-heading-title elementor-size-default\">Gouvernance<\/h5>\t\t\t\t<\/div>\n\t\t\t\t<\/div>\n\t\t\t\t<div class=\"elementor-element elementor-element-115a282 elementor-invisible elementor-widget elementor-widget-heading\" data-id=\"115a282\" data-element_type=\"widget\" data-e-type=\"widget\" data-settings=\"{&quot;_animation&quot;:&quot;fadeInUp&quot;,&quot;_animation_delay&quot;:200}\" data-widget_type=\"heading.default\">\n\t\t\t\t<div class=\"elementor-widget-container\">\n\t\t\t\t\t<h2 class=\"elementor-heading-title elementor-size-default\">Les instances d\u00e9lib\u00e9ratives<\/h2>\t\t\t\t<\/div>\n\t\t\t\t<\/div>\n\t\t\t\t\t<\/div>\n\t\t<\/div>\n\t\t\t\t<div class=\"elementor-column elementor-col-50 elementor-top-column elementor-element elementor-element-eee09ea\" data-id=\"eee09ea\" data-element_type=\"column\" data-e-type=\"column\">\n\t\t\t<div class=\"elementor-widget-wrap\">\n\t\t\t\t\t\t\t<\/div>\n\t\t<\/div>\n\t\t\t\t\t<\/div>\n\t\t<\/section>\n\t\t\t\t<section class=\"elementor-section elementor-top-section elementor-element elementor-element-c0a894d elementor-hidden-desktop elementor-hidden-tablet elementor-section-boxed elementor-section-height-default elementor-section-height-default\" data-id=\"c0a894d\" data-element_type=\"section\" data-e-type=\"section\">\n\t\t\t\t\t\t<div class=\"elementor-container elementor-column-gap-default\">\n\t\t\t\t\t<div class=\"elementor-column elementor-col-50 elementor-top-column elementor-element elementor-element-f17cc50\" data-id=\"f17cc50\" data-element_type=\"column\" data-e-type=\"column\">\n\t\t\t<div class=\"elementor-widget-wrap elementor-element-populated\">\n\t\t\t\t\t\t<div class=\"elementor-element elementor-element-5c7aa70 elementor-invisible elementor-widget elementor-widget-heading\" data-id=\"5c7aa70\" data-element_type=\"widget\" data-e-type=\"widget\" data-settings=\"{&quot;_animation&quot;:&quot;fadeInUp&quot;,&quot;_animation_delay&quot;:200}\" data-widget_type=\"heading.default\">\n\t\t\t\t<div class=\"elementor-widget-container\">\n\t\t\t\t\t<h2 class=\"elementor-heading-title elementor-size-default\">1) les instances d\u00e9lib\u00e9ratives<\/h2>\t\t\t\t<\/div>\n\t\t\t\t<\/div>\n\t\t\t\t\t<\/div>\n\t\t<\/div>\n\t\t\t\t<div class=\"elementor-column elementor-col-50 elementor-top-column elementor-element elementor-element-62ebe62\" data-id=\"62ebe62\" data-element_type=\"column\" data-e-type=\"column\">\n\t\t\t<div class=\"elementor-widget-wrap\">\n\t\t\t\t\t\t\t<\/div>\n\t\t<\/div>\n\t\t\t\t\t<\/div>\n\t\t<\/section>\n\t\t\t\t<section class=\"elementor-section elementor-top-section elementor-element elementor-element-50578d1 elementor-hidden-mobile elementor-section-boxed elementor-section-height-default elementor-section-height-default\" data-id=\"50578d1\" data-element_type=\"section\" data-e-type=\"section\">\n\t\t\t\t\t\t<div class=\"elementor-container elementor-column-gap-default\">\n\t\t\t\t\t<div class=\"elementor-column elementor-col-100 elementor-top-column elementor-element elementor-element-6e0fd01\" data-id=\"6e0fd01\" data-element_type=\"column\" data-e-type=\"column\">\n\t\t\t<div class=\"elementor-widget-wrap elementor-element-populated\">\n\t\t\t\t\t\t<div class=\"elementor-element elementor-element-2efc5a6 elementor-widget elementor-widget-elementskit-accordion\" data-id=\"2efc5a6\" data-element_type=\"widget\" data-e-type=\"widget\" data-widget_type=\"elementskit-accordion.default\">\n\t\t\t\t<div class=\"elementor-widget-container\">\n\t\t\t\t\t<div class=\"ekit-wid-con\" >\n        <div class=\"elementskit-accordion accoedion-primary side-curve\" id=\"accordion-69f29fc72cbde\">\n\n            \n                <div class=\"elementskit-card active\">\n                    <div class=\"elementskit-card-header\" id=\"primaryHeading-0-2efc5a6\">\n                        <a href=\"#collapse-592b53c69f29fc72cbde\" class=\"ekit-accordion--toggler elementskit-btn-link collapsed\" data-ekit-toggle=\"collapse\" data-target=\"#Collapse-592b53c69f29fc72cbde\" aria-expanded=\"true\" aria-controls=\"Collapse-592b53c69f29fc72cbde\">\n                            \n                            <span class=\"ekit-accordion-title\">Le conseil de surveillance (CS)<\/span>\n\n                            \n                                <div class=\"ekit_accordion_icon_group\">\n                                    <div class=\"ekit_accordion_normal_icon\">\n                                        <!-- Normal Icon -->\n\t\t\t\t\t\t\t\t\t\t<i class=\"icon icon-down-arrow1\"><\/i>                                    <\/div>\n\n                                    <div class=\"ekit_accordion_active_icon\">\n                                        <!-- Active Icon -->\n\t\t\t\t\t\t\t\t\t\t<i class=\"icon icon-up-arrow\"><\/i>                                    <\/div>\n                                <\/div>\n\n                            \n                                                    <\/a>\n                    <\/div>\n\n                    <div id=\"Collapse-592b53c69f29fc72cbde\" class=\" show collapse\" aria-labelledby=\"primaryHeading-0-2efc5a6\" data-parent=\"#accordion-69f29fc72cbde\">\n\n                        <div class=\"elementskit-card-body ekit-accordion--content\">\n                            <p>Le conseil de surveillance se prononce sur les orientations strat\u00e9giques de l'\u00e9tablissement et exerce un contr\u00f4le sur la gestion financi\u00e8re de l'\u00e9tablissement. Il dispose de comp\u00e9tences \u00e9largies en mati\u00e8re de coop\u00e9ration entre \u00e9tablissements. Il donne son avis sur la politique d'am\u00e9lioration de la qualit\u00e9, de la gestion des risques et de la s\u00e9curit\u00e9 des soins.<\/p><p>Le Conseil de surveillance est compos\u00e9 de 15 membres avec voix d\u00e9lib\u00e9rative qui sont r\u00e9partis en trois coll\u00e8ges de taille identique\u00a0:<\/p><ul><li><strong>5 repr\u00e9sentants des collectivit\u00e9s territoriales <\/strong>(conseil d\u00e9partemental, mairie de Tarascon, mairie de Beaucaire, communaut\u00e9 d\u2019agglom\u00e9ration ACCM et Communaut\u00e9 de communes Beaucaire Terre d\u2019Argence)<\/li><li><strong>5 repr\u00e9sentants des personnels m\u00e9dicaux et non m\u00e9dicaux :<\/strong><\/li><li>1 repr\u00e9sentant de la CSIRMT,<\/li><li>2 membres \u00e9lus parmi les membres de la CME,<\/li><li>2 repr\u00e9sentants d\u00e9sign\u00e9s par les organisations syndicales repr\u00e9sentatives au CSE.<\/li><li><strong>5 personnalit\u00e9s qualifi\u00e9es <\/strong>(dont des repr\u00e9sentants des usagers)<\/li><\/ul><p>La composition a \u00e9t\u00e9 renouvel\u00e9e en 2021 suite aux \u00e9lections municipales. Le Conseil de Surveillance est pr\u00e9sid\u00e9 par Monsieur Lucien LIMOUSIN, Maire de Tarascon. Monsieur Nelson CHAUDON, Maire de Beaucaire, a \u00e9t\u00e9 d\u00e9sign\u00e9 comme vice-pr\u00e9sident.<\/p>                        <\/div>\n\n                    <\/div>\n\n                <\/div><!-- .elementskit-card END -->\n\n                \n                <div class=\"elementskit-card \">\n                    <div class=\"elementskit-card-header\" id=\"primaryHeading-1-2efc5a6\">\n                        <a href=\"#collapse-73f962b69f29fc72cbde\" class=\"ekit-accordion--toggler elementskit-btn-link collapsed\" data-ekit-toggle=\"collapse\" data-target=\"#Collapse-73f962b69f29fc72cbde\" aria-expanded=\"false\" aria-controls=\"Collapse-73f962b69f29fc72cbde\">\n                            \n                            <span class=\"ekit-accordion-title\">Le directoire<\/span>\n\n                            \n                                <div class=\"ekit_accordion_icon_group\">\n                                    <div class=\"ekit_accordion_normal_icon\">\n                                        <!-- Normal Icon -->\n\t\t\t\t\t\t\t\t\t\t<i class=\"icon icon-down-arrow1\"><\/i>                                    <\/div>\n\n                                    <div class=\"ekit_accordion_active_icon\">\n                                        <!-- Active Icon -->\n\t\t\t\t\t\t\t\t\t\t<i class=\"icon icon-up-arrow\"><\/i>                                    <\/div>\n                                <\/div>\n\n                            \n                                                    <\/a>\n                    <\/div>\n\n                    <div id=\"Collapse-73f962b69f29fc72cbde\" class=\" collapse\" aria-labelledby=\"primaryHeading-1-2efc5a6\" data-parent=\"#accordion-69f29fc72cbde\">\n\n                        <div class=\"elementskit-card-body ekit-accordion--content\">\n                            <p>Le directoire est un organe coll\u00e9gial qui :<\/p><ul><li><strong>conseille<\/strong> le directeur dans la gestion et la conduite de l'\u00e9tablissement,<\/li><li><strong>approuve<\/strong> le projet m\u00e9dical,<\/li><li><strong>pr\u00e9pare<\/strong> et suit le projet d'\u00e9tablissement.<\/li><\/ul><p>Il s\u2019agit d\u2019un lieu d\u2019\u00e9changes et de concertation. Le directoire est compos\u00e9 de membres de droit d'une part (directeur, pr\u00e9sident de la CME et pr\u00e9sident de la CSIRMT) et de membres du personnel de l'\u00e9tablissement d'autre part (\u00e9quipe de direction, m\u00e9decins, coordinatrice des soins).<\/p>                        <\/div>\n\n                    <\/div>\n\n                <\/div><!-- .elementskit-card END -->\n\n                                        <\/div>\n    <\/div>\t\t\t\t<\/div>\n\t\t\t\t<\/div>\n\t\t\t\t\t<\/div>\n\t\t<\/div>\n\t\t\t\t\t<\/div>\n\t\t<\/section>\n\t\t\t\t<section class=\"elementor-section elementor-top-section elementor-element elementor-element-34ab4e1 elementor-hidden-desktop elementor-hidden-tablet elementor-section-boxed elementor-section-height-default elementor-section-height-default\" data-id=\"34ab4e1\" data-element_type=\"section\" data-e-type=\"section\">\n\t\t\t\t\t\t<div class=\"elementor-container elementor-column-gap-default\">\n\t\t\t\t\t<div class=\"elementor-column elementor-col-100 elementor-top-column elementor-element elementor-element-af586d8\" data-id=\"af586d8\" data-element_type=\"column\" data-e-type=\"column\">\n\t\t\t<div class=\"elementor-widget-wrap elementor-element-populated\">\n\t\t\t\t\t\t<div class=\"elementor-element elementor-element-87e08c1 elementor-widget elementor-widget-elementskit-accordion\" data-id=\"87e08c1\" data-element_type=\"widget\" data-e-type=\"widget\" data-widget_type=\"elementskit-accordion.default\">\n\t\t\t\t<div class=\"elementor-widget-container\">\n\t\t\t\t\t<div class=\"ekit-wid-con\" >\n        <div class=\"elementskit-accordion accoedion-primary side-curve\" id=\"accordion-69f29fc72f2f6\">\n\n            \n                <div class=\"elementskit-card \">\n                    <div class=\"elementskit-card-header\" id=\"primaryHeading-0-87e08c1\">\n                        <a href=\"#collapse-592b53c69f29fc72f2f6\" class=\"ekit-accordion--toggler elementskit-btn-link collapsed\" data-ekit-toggle=\"collapse\" data-target=\"#Collapse-592b53c69f29fc72f2f6\" aria-expanded=\"false\" aria-controls=\"Collapse-592b53c69f29fc72f2f6\">\n                            \n                            <span class=\"ekit-accordion-title\">Le conseil de surveillance (CS)<\/span>\n\n                            \n                                <div class=\"ekit_accordion_icon_group\">\n                                    <div class=\"ekit_accordion_normal_icon\">\n                                        <!-- Normal Icon -->\n\t\t\t\t\t\t\t\t\t\t<i class=\"icon icon-down-arrow1\"><\/i>                                    <\/div>\n\n                                    <div class=\"ekit_accordion_active_icon\">\n                                        <!-- Active Icon -->\n\t\t\t\t\t\t\t\t\t\t<i class=\"icon icon-up-arrow\"><\/i>                                    <\/div>\n                                <\/div>\n\n                            \n                                                    <\/a>\n                    <\/div>\n\n                    <div id=\"Collapse-592b53c69f29fc72f2f6\" class=\" collapse\" aria-labelledby=\"primaryHeading-0-87e08c1\" data-parent=\"#accordion-69f29fc72f2f6\">\n\n                        <div class=\"elementskit-card-body ekit-accordion--content\">\n                            <p>Le conseil de surveillance se prononce sur les orientations strat\u00e9giques de l'\u00e9tablissement et exerce un contr\u00f4le sur la gestion financi\u00e8re de l'\u00e9tablissement. Il dispose de comp\u00e9tences \u00e9largies en mati\u00e8re de coop\u00e9ration entre \u00e9tablissements. Il donne son avis sur la politique d'am\u00e9lioration de la qualit\u00e9, de la gestion des risques et de la s\u00e9curit\u00e9 des soins.<\/p><p>Le Conseil de surveillance est compos\u00e9 de 15 membres avec voix d\u00e9lib\u00e9rative qui sont r\u00e9partis en trois coll\u00e8ges de taille identique\u00a0:<\/p><ul><li><strong>5 repr\u00e9sentants des collectivit\u00e9s territoriales <\/strong>(conseil d\u00e9partemental, mairie de Tarascon, mairie de Beaucaire, communaut\u00e9 d\u2019agglom\u00e9ration ACCM et Communaut\u00e9 de communes Beaucaire Terre d\u2019Argence)<\/li><li><strong>5 repr\u00e9sentants des personnels m\u00e9dicaux et non m\u00e9dicaux :<\/strong><\/li><li>1 repr\u00e9sentant de la CSIRMT,<\/li><li>2 membres \u00e9lus parmi les membres de la CME,<\/li><li>2 repr\u00e9sentants d\u00e9sign\u00e9s par les organisations syndicales repr\u00e9sentatives au CTE.<\/li><li><strong>5 personnalit\u00e9s qualifi\u00e9es <\/strong>(dont des repr\u00e9sentants des usagers)<\/li><\/ul><p>La composition a \u00e9t\u00e9 renouvel\u00e9e en 2021 suite aux \u00e9lections municipales. Le Conseil de Surveillance est pr\u00e9sid\u00e9 par Monsieur Lucien LIMOUSIN, Maire de Tarascon. Monsieur Julien SANCHEZ, Maire de Beaucaire, a \u00e9t\u00e9 d\u00e9sign\u00e9 comme vice-pr\u00e9sident.<\/p>                        <\/div>\n\n                    <\/div>\n\n                <\/div><!-- .elementskit-card END -->\n\n                \n                <div class=\"elementskit-card active\">\n                    <div class=\"elementskit-card-header\" id=\"primaryHeading-1-87e08c1\">\n                        <a href=\"#collapse-73f962b69f29fc72f2f6\" class=\"ekit-accordion--toggler elementskit-btn-link collapsed\" data-ekit-toggle=\"collapse\" data-target=\"#Collapse-73f962b69f29fc72f2f6\" aria-expanded=\"true\" aria-controls=\"Collapse-73f962b69f29fc72f2f6\">\n                            \n                            <span class=\"ekit-accordion-title\">Le directoire<\/span>\n\n                            \n                                <div class=\"ekit_accordion_icon_group\">\n                                    <div class=\"ekit_accordion_normal_icon\">\n                                        <!-- Normal Icon -->\n\t\t\t\t\t\t\t\t\t\t<i class=\"icon icon-down-arrow1\"><\/i>                                    <\/div>\n\n                                    <div class=\"ekit_accordion_active_icon\">\n                                        <!-- Active Icon -->\n\t\t\t\t\t\t\t\t\t\t<i class=\"icon icon-up-arrow\"><\/i>                                    <\/div>\n                                <\/div>\n\n                            \n                                                    <\/a>\n                    <\/div>\n\n                    <div id=\"Collapse-73f962b69f29fc72f2f6\" class=\" show collapse\" aria-labelledby=\"primaryHeading-1-87e08c1\" data-parent=\"#accordion-69f29fc72f2f6\">\n\n                        <div class=\"elementskit-card-body ekit-accordion--content\">\n                            <p>Le directoire est un organe coll\u00e9gial qui :<\/p><ul><li><strong>conseille<\/strong> le directeur dans la gestion et la conduite de l'\u00e9tablissement,<\/li><li><strong>approuve<\/strong> le projet m\u00e9dical,<\/li><li><strong>pr\u00e9pare<\/strong> et suit le projet d'\u00e9tablissement.<\/li><\/ul><p>Il s\u2019agit d\u2019un lieu d\u2019\u00e9changes et de concertation. Le directoire est compos\u00e9 de membres de droit d'une part (directeur, pr\u00e9sident de la CME et pr\u00e9sident de la CSIRMT) et de membres du personnel de l'\u00e9tablissement d'autre part (\u00e9quipe de direction, m\u00e9decins, coordinatrice des soins).<\/p>                        <\/div>\n\n                    <\/div>\n\n                <\/div><!-- .elementskit-card END -->\n\n                                        <\/div>\n    <\/div>\t\t\t\t<\/div>\n\t\t\t\t<\/div>\n\t\t\t\t\t<\/div>\n\t\t<\/div>\n\t\t\t\t\t<\/div>\n\t\t<\/section>\n\t\t\t\t<section class=\"elementor-section elementor-top-section elementor-element elementor-element-a5d91d4 elementor-hidden-desktop elementor-hidden-tablet elementor-section-boxed elementor-section-height-default elementor-section-height-default\" data-id=\"a5d91d4\" data-element_type=\"section\" data-e-type=\"section\" id=\"B\">\n\t\t\t\t\t\t<div class=\"elementor-container elementor-column-gap-default\">\n\t\t\t\t\t<div class=\"elementor-column elementor-col-100 elementor-top-column elementor-element elementor-element-738cbfb\" data-id=\"738cbfb\" data-element_type=\"column\" data-e-type=\"column\">\n\t\t\t<div class=\"elementor-widget-wrap elementor-element-populated\">\n\t\t\t\t\t\t<div class=\"elementor-element elementor-element-6861174 elementor-invisible elementor-widget elementor-widget-heading\" data-id=\"6861174\" data-element_type=\"widget\" data-e-type=\"widget\" data-settings=\"{&quot;_animation&quot;:&quot;fadeInUp&quot;,&quot;_animation_delay&quot;:200}\" data-widget_type=\"heading.default\">\n\t\t\t\t<div class=\"elementor-widget-container\">\n\t\t\t\t\t<h2 class=\"elementor-heading-title elementor-size-default\">2) les instances consultatives<\/h2>\t\t\t\t<\/div>\n\t\t\t\t<\/div>\n\t\t\t\t\t<\/div>\n\t\t<\/div>\n\t\t\t\t\t<\/div>\n\t\t<\/section>\n\t\t\t\t<section class=\"elementor-section elementor-top-section elementor-element elementor-element-6f50f5f elementor-hidden-mobile elementor-section-boxed elementor-section-height-default elementor-section-height-default\" data-id=\"6f50f5f\" data-element_type=\"section\" data-e-type=\"section\" id=\"E\">\n\t\t\t\t\t\t<div class=\"elementor-container elementor-column-gap-default\">\n\t\t\t\t\t<div class=\"elementor-column elementor-col-50 elementor-top-column elementor-element elementor-element-70dff81\" data-id=\"70dff81\" data-element_type=\"column\" data-e-type=\"column\">\n\t\t\t<div class=\"elementor-widget-wrap elementor-element-populated\">\n\t\t\t\t\t\t<div class=\"elementor-element elementor-element-1af7700 elementor-widget elementor-widget-heading\" data-id=\"1af7700\" data-element_type=\"widget\" data-e-type=\"widget\" data-widget_type=\"heading.default\">\n\t\t\t\t<div class=\"elementor-widget-container\">\n\t\t\t\t\t<h5 class=\"elementor-heading-title elementor-size-default\">Gouvernances<\/h5>\t\t\t\t<\/div>\n\t\t\t\t<\/div>\n\t\t\t\t<div class=\"elementor-element elementor-element-e473b31 elementor-invisible elementor-widget elementor-widget-heading\" data-id=\"e473b31\" data-element_type=\"widget\" data-e-type=\"widget\" data-settings=\"{&quot;_animation&quot;:&quot;fadeInUp&quot;,&quot;_animation_delay&quot;:200}\" data-widget_type=\"heading.default\">\n\t\t\t\t<div class=\"elementor-widget-container\">\n\t\t\t\t\t<h2 class=\"elementor-heading-title elementor-size-default\">les instances consultatives<\/h2>\t\t\t\t<\/div>\n\t\t\t\t<\/div>\n\t\t\t\t\t<\/div>\n\t\t<\/div>\n\t\t\t\t<div class=\"elementor-column elementor-col-50 elementor-top-column elementor-element elementor-element-4f26ed6\" data-id=\"4f26ed6\" data-element_type=\"column\" data-e-type=\"column\">\n\t\t\t<div class=\"elementor-widget-wrap\">\n\t\t\t\t\t\t\t<\/div>\n\t\t<\/div>\n\t\t\t\t\t<\/div>\n\t\t<\/section>\n\t\t\t\t<section class=\"elementor-section elementor-top-section elementor-element elementor-element-f04bacf elementor-section-boxed elementor-section-height-default elementor-section-height-default\" data-id=\"f04bacf\" data-element_type=\"section\" data-e-type=\"section\">\n\t\t\t\t\t\t<div class=\"elementor-container elementor-column-gap-default\">\n\t\t\t\t\t<div class=\"elementor-column elementor-col-100 elementor-top-column elementor-element elementor-element-33e49e0\" data-id=\"33e49e0\" data-element_type=\"column\" data-e-type=\"column\">\n\t\t\t<div class=\"elementor-widget-wrap elementor-element-populated\">\n\t\t\t\t\t\t<div class=\"elementor-element elementor-element-805f648 elementor-hidden-desktop elementor-hidden-tablet elementor-widget elementor-widget-elementskit-accordion\" data-id=\"805f648\" data-element_type=\"widget\" data-e-type=\"widget\" data-widget_type=\"elementskit-accordion.default\">\n\t\t\t\t<div class=\"elementor-widget-container\">\n\t\t\t\t\t<div class=\"ekit-wid-con\" >\n        <div class=\"elementskit-accordion accoedion-primary side-curve\" id=\"accordion-69f29fc732ece\">\n\n            \n                <div class=\"elementskit-card active\">\n                    <div class=\"elementskit-card-header\" id=\"primaryHeading-0-805f648\">\n                        <a href=\"#collapse-592b53c69f29fc732ece\" class=\"ekit-accordion--toggler elementskit-btn-link collapsed\" data-ekit-toggle=\"collapse\" data-target=\"#Collapse-592b53c69f29fc732ece\" aria-expanded=\"true\" aria-controls=\"Collapse-592b53c69f29fc732ece\">\n                            \n                            <span class=\"ekit-accordion-title\">La commission m\u00e9dicale d&#039;\u00e9tablissement (CME)<\/span>\n\n                            \n                                <div class=\"ekit_accordion_icon_group\">\n                                    <div class=\"ekit_accordion_normal_icon\">\n                                        <!-- Normal Icon -->\n\t\t\t\t\t\t\t\t\t\t<i class=\"icon icon-down-arrow1\"><\/i>                                    <\/div>\n\n                                    <div class=\"ekit_accordion_active_icon\">\n                                        <!-- Active Icon -->\n\t\t\t\t\t\t\t\t\t\t<i class=\"icon icon-up-arrow\"><\/i>                                    <\/div>\n                                <\/div>\n\n                            \n                                                    <\/a>\n                    <\/div>\n\n                    <div id=\"Collapse-592b53c69f29fc732ece\" class=\" show collapse\" aria-labelledby=\"primaryHeading-0-805f648\" data-parent=\"#accordion-69f29fc732ece\">\n\n                        <div class=\"elementskit-card-body ekit-accordion--content\">\n                            <p>La CME repr\u00e9sente l\u2019ensemble des personnels m\u00e9dicaux de l\u2019\u00e9tablissement. Aux H\u00f4pitaux des Portes de Camargue, tous les professionnels m\u00e9dicaux en sont membres. La CME est \u00e9troitement associ\u00e9e, par ses avis, propositions ou d\u00e9lib\u00e9rations aux d\u00e9cisions prises par l\u2019administration dans le domaine de l\u2019organisation des soins et sur les questions relatives aux personnels qu\u2019elle repr\u00e9sente.<\/p>                        <\/div>\n\n                    <\/div>\n\n                <\/div><!-- .elementskit-card END -->\n\n                \n                <div class=\"elementskit-card \">\n                    <div class=\"elementskit-card-header\" id=\"primaryHeading-1-805f648\">\n                        <a href=\"#collapse-73f962b69f29fc732ece\" class=\"ekit-accordion--toggler elementskit-btn-link collapsed\" data-ekit-toggle=\"collapse\" data-target=\"#Collapse-73f962b69f29fc732ece\" aria-expanded=\"false\" aria-controls=\"Collapse-73f962b69f29fc732ece\">\n                            \n                            <span class=\"ekit-accordion-title\">Le comit\u00e9 social d&#039;\u00e9tablissement (CSE)<\/span>\n\n                            \n                                <div class=\"ekit_accordion_icon_group\">\n                                    <div class=\"ekit_accordion_normal_icon\">\n                                        <!-- Normal Icon -->\n\t\t\t\t\t\t\t\t\t\t<i class=\"icon icon-down-arrow1\"><\/i>                                    <\/div>\n\n                                    <div class=\"ekit_accordion_active_icon\">\n                                        <!-- Active Icon -->\n\t\t\t\t\t\t\t\t\t\t<i class=\"icon icon-up-arrow\"><\/i>                                    <\/div>\n                                <\/div>\n\n                            \n                                                    <\/a>\n                    <\/div>\n\n                    <div id=\"Collapse-73f962b69f29fc732ece\" class=\" collapse\" aria-labelledby=\"primaryHeading-1-805f648\" data-parent=\"#accordion-69f29fc732ece\">\n\n                        <div class=\"elementskit-card-body ekit-accordion--content\">\n                            <p>Le comit\u00e9 social d'\u00e9tablissement est une toute <strong>nouvelle instance de dialogue social<\/strong> dont les membres ont \u00e9t\u00e9 \u00e9lus en d\u00e9cembre 2022.<\/p><p>C'est le r\u00e9sultat de la fusion du Comit\u00e9 technique d'\u00e9tablissement (CTE) et du Comit\u00e9 d'hygi\u00e8ne, de s\u00e9curit\u00e9, et des conditions de travail (CHSCT).<\/p><p>Le CSE est pr\u00e9sid\u00e9 par le chef d\u2019\u00e9tablissement. Il comprend 1 repr\u00e9sentant de la commission m\u00e9dicale d'\u00e9tablissement, le m\u00e9decin du travail et les repr\u00e9sentants du personnels \u00e9lus pour 4 ans.<\/p><p>Pour notre \u00e9tablissement, les repr\u00e9sentants du personnel sont au nombre de :<\/p><ul><li>10 repr\u00e9sentants titulaires<\/li><li>10 repr\u00e9sentants suppl\u00e9ants.<\/li><\/ul><p>Ces attributions sont les suivantes :<\/p><p><img fetchpriority=\"high\" decoding=\"async\" class=\"aligncenter wp-image-3674 size-large\" src=\"https:\/\/hdpdc.fr\/wp-content\/uploads\/2022\/12\/cse-1024x857.png\" alt=\"\" width=\"1024\" height=\"857\" srcset=\"https:\/\/hdpdc.fr\/wp-content\/uploads\/2022\/12\/cse-1024x857.png 1024w, https:\/\/hdpdc.fr\/wp-content\/uploads\/2022\/12\/cse-300x251.png 300w, https:\/\/hdpdc.fr\/wp-content\/uploads\/2022\/12\/cse-768x643.png 768w, https:\/\/hdpdc.fr\/wp-content\/uploads\/2022\/12\/cse.png 1092w\" sizes=\"(max-width: 1024px) 100vw, 1024px\" \/><\/p>                        <\/div>\n\n                    <\/div>\n\n                <\/div><!-- .elementskit-card END -->\n\n                \n                <div class=\"elementskit-card \">\n                    <div class=\"elementskit-card-header\" id=\"primaryHeading-2-805f648\">\n                        <a href=\"#collapse-127cd8069f29fc732ece\" class=\"ekit-accordion--toggler elementskit-btn-link collapsed\" data-ekit-toggle=\"collapse\" data-target=\"#Collapse-127cd8069f29fc732ece\" aria-expanded=\"false\" aria-controls=\"Collapse-127cd8069f29fc732ece\">\n                            \n                            <span class=\"ekit-accordion-title\">Les commissions administratives paritaires (CAP)<\/span>\n\n                            \n                                <div class=\"ekit_accordion_icon_group\">\n                                    <div class=\"ekit_accordion_normal_icon\">\n                                        <!-- Normal Icon -->\n\t\t\t\t\t\t\t\t\t\t<i class=\"icon icon-down-arrow1\"><\/i>                                    <\/div>\n\n                                    <div class=\"ekit_accordion_active_icon\">\n                                        <!-- Active Icon -->\n\t\t\t\t\t\t\t\t\t\t<i class=\"icon icon-up-arrow\"><\/i>                                    <\/div>\n                                <\/div>\n\n                            \n                                                    <\/a>\n                    <\/div>\n\n                    <div id=\"Collapse-127cd8069f29fc732ece\" class=\" collapse\" aria-labelledby=\"primaryHeading-2-805f648\" data-parent=\"#accordion-69f29fc732ece\">\n\n                        <div class=\"elementskit-card-body ekit-accordion--content\">\n                            <p>Les commissions administratives paritaires locales (CAPL) sont compos\u00e9es en nombre \u00e9gal de repr\u00e9sentants du personnel \u00e9lus et de repr\u00e9sentants de l\u2019administration. Les corps de cat\u00e9gories\u00a0A, B et\u00a0C sont r\u00e9partis au sein de 9\u00a0CAP\u00a0: 3\u00a0pour les corps de cat\u00e9gorie\u00a0A, 3 pour les corps de cat\u00e9gorie\u00a0B, 3\u00a0pour les corps de cat\u00e9gorie\u00a0C. <a href=\"https:\/\/www.legifrance.gouv.fr\/affichTexte.do?cidTexte=JORFTEXT000038889182&amp;categorieLien=id\">La loi du 6 ao\u00fbt 2019 de transformation de la fonction publique<\/a> a fait \u00e9voluer leur r\u00f4le, elles sont depuis 2021 charg\u00e9es d\u2019\u00e9mettre un avis seulement sur certaines d\u00e9cisions d\u00e9favorables qui peuvent modifier la carri\u00e8re individuelle des agents. Si les professionnels ont des questions ou des difficult\u00e9s ils peuvent contacter leurs repr\u00e9sentants.<\/p><p>Les corps qui comprennent moins de 4 agents au sein de l'\u00e9tablissement sont repr\u00e9sent\u00e9s au niveau d\u00e9partemental en CAPD.<\/p>                        <\/div>\n\n                    <\/div>\n\n                <\/div><!-- .elementskit-card END -->\n\n                \n                <div class=\"elementskit-card \">\n                    <div class=\"elementskit-card-header\" id=\"primaryHeading-3-805f648\">\n                        <a href=\"#collapse-a3005b169f29fc732ece\" class=\"ekit-accordion--toggler elementskit-btn-link collapsed\" data-ekit-toggle=\"collapse\" data-target=\"#Collapse-a3005b169f29fc732ece\" aria-expanded=\"false\" aria-controls=\"Collapse-a3005b169f29fc732ece\">\n                            \n                            <span class=\"ekit-accordion-title\">La commission des soins infirmiers, de r\u00e9\u00e9ducation et m\u00e9dico-techniques (CSIRMT)<\/span>\n\n                            \n                                <div class=\"ekit_accordion_icon_group\">\n                                    <div class=\"ekit_accordion_normal_icon\">\n                                        <!-- Normal Icon -->\n\t\t\t\t\t\t\t\t\t\t<i class=\"icon icon-down-arrow1\"><\/i>                                    <\/div>\n\n                                    <div class=\"ekit_accordion_active_icon\">\n                                        <!-- Active Icon -->\n\t\t\t\t\t\t\t\t\t\t<i class=\"icon icon-up-arrow\"><\/i>                                    <\/div>\n                                <\/div>\n\n                            \n                                                    <\/a>\n                    <\/div>\n\n                    <div id=\"Collapse-a3005b169f29fc732ece\" class=\" collapse\" aria-labelledby=\"primaryHeading-3-805f648\" data-parent=\"#accordion-69f29fc732ece\">\n\n                        <div class=\"elementskit-card-body ekit-accordion--content\">\n                            <p>La CSIRMT est consult\u00e9e sur l\u2019organisation g\u00e9n\u00e9rale des soins et l\u2019accompagnement des patients et r\u00e9sidents, dans le cadre du projet de soins, mais \u00e9galement sur la politique de formation et sur le projet d\u2019\u00e9tablissement.<\/p><p>La CSIRMT,\u00a0pr\u00e9sid\u00e9e par la directrice des Soins, se compose de repr\u00e9sentants \u00e9lus issus des diff\u00e9rentes cat\u00e9gories qui participent \u00e0 la mise en \u0153uvre des soins infirmiers, de r\u00e9\u00e9ducation et m\u00e9dico-techniques :<\/p><ul><li>Cadres de sant\u00e9<\/li><li>Personnels infirmiers, de r\u00e9\u00e9ducation et m\u00e9dico-techniques<\/li><li>Aides-soignants<\/li><\/ul>                        <\/div>\n\n                    <\/div>\n\n                <\/div><!-- .elementskit-card END -->\n\n                \n                <div class=\"elementskit-card \">\n                    <div class=\"elementskit-card-header\" id=\"primaryHeading-4-805f648\">\n                        <a href=\"#collapse-0cdd86369f29fc732ece\" class=\"ekit-accordion--toggler elementskit-btn-link collapsed\" data-ekit-toggle=\"collapse\" data-target=\"#Collapse-0cdd86369f29fc732ece\" aria-expanded=\"false\" aria-controls=\"Collapse-0cdd86369f29fc732ece\">\n                            \n                            <span class=\"ekit-accordion-title\">Le Conseil de Vie Sociale (CVS)<\/span>\n\n                            \n                                <div class=\"ekit_accordion_icon_group\">\n                                    <div class=\"ekit_accordion_normal_icon\">\n                                        <!-- Normal Icon -->\n\t\t\t\t\t\t\t\t\t\t<i class=\"icon icon-down-arrow1\"><\/i>                                    <\/div>\n\n                                    <div class=\"ekit_accordion_active_icon\">\n                                        <!-- Active Icon -->\n\t\t\t\t\t\t\t\t\t\t<i class=\"icon icon-up-arrow\"><\/i>                                    <\/div>\n                                <\/div>\n\n                            \n                                                    <\/a>\n                    <\/div>\n\n                    <div id=\"Collapse-0cdd86369f29fc732ece\" class=\" collapse\" aria-labelledby=\"primaryHeading-4-805f648\" data-parent=\"#accordion-69f29fc732ece\">\n\n                        <div class=\"elementskit-card-body ekit-accordion--content\">\n                            <p>Les CVS sont des lieux d'\u00e9changes et d'expression permettant aux r\u00e9sidents et \u00e0 leurs proches d\u2019\u00eatre mieux inform\u00e9s sur le fonctionnement des services m\u00e9dico-sociaux et, d\u2019une mani\u00e8re g\u00e9n\u00e9rale, sur tout ce qui peut avoir une incidence sur la vie quotidienne au sein des \u00e9tablissements. Il est le moyen, \u00e9galement, pour les usagers de participer davantage, de communiquer, de donner leur avis et faire des propositions.<\/p><p>Un Conseil de vie sociale est mis en place au sein de chaque EHPAD et \u00e0 la MAS. Anim\u00e9 par un membre de l\u2019\u00e9quipe de direction en lien avec le cadre et le m\u00e9decin, il comprend :<\/p><ul><li>des repr\u00e9sentants des r\u00e9sidents et de leurs proches ou repr\u00e9sentants l\u00e9gaux (tuteurs),<\/li><li>des repr\u00e9sentants du personnel.<\/li><\/ul>                        <\/div>\n\n                    <\/div>\n\n                <\/div><!-- .elementskit-card END -->\n\n                \n                <div class=\"elementskit-card \">\n                    <div class=\"elementskit-card-header\" id=\"primaryHeading-5-805f648\">\n                        <a href=\"#collapse-780b1f269f29fc732ece\" class=\"ekit-accordion--toggler elementskit-btn-link collapsed\" data-ekit-toggle=\"collapse\" data-target=\"#Collapse-780b1f269f29fc732ece\" aria-expanded=\"false\" aria-controls=\"Collapse-780b1f269f29fc732ece\">\n                            \n                            <span class=\"ekit-accordion-title\">La Commission des Usagers (CDU)<\/span>\n\n                            \n                                <div class=\"ekit_accordion_icon_group\">\n                                    <div class=\"ekit_accordion_normal_icon\">\n                                        <!-- Normal Icon -->\n\t\t\t\t\t\t\t\t\t\t<i class=\"icon icon-down-arrow1\"><\/i>                                    <\/div>\n\n                                    <div class=\"ekit_accordion_active_icon\">\n                                        <!-- Active Icon -->\n\t\t\t\t\t\t\t\t\t\t<i class=\"icon icon-up-arrow\"><\/i>                                    <\/div>\n                                <\/div>\n\n                            \n                                                    <\/a>\n                    <\/div>\n\n                    <div id=\"Collapse-780b1f269f29fc732ece\" class=\" collapse\" aria-labelledby=\"primaryHeading-5-805f648\" data-parent=\"#accordion-69f29fc732ece\">\n\n                        <div class=\"elementskit-card-body ekit-accordion--content\">\n                            <p>La Commission des usagers a pour but de veiller au respect des droits des usagers, de faciliter leurs d\u00e9marches et de contribuer par ses avis et recommandations \u00e0 l\u2019am\u00e9lioration de la politique d\u2019accueil et de prise en soins des usagers et de leurs proches.<\/p><p>A ce titre, elle est inform\u00e9e du bilan des r\u00e9clamations, des \u00e9v\u00e9nements ind\u00e9sirables graves et de demandes d\u2019acc\u00e8s au dossier m\u00e9dical.<\/p><p>Cette commission peut \u00eatre saisie pour avis de toute r\u00e9clamation par les usagers sur demande \u00e9crite adress\u00e9e au Directeur de l\u2019\u00e9tablissement.<\/p><p>Elle est compos\u00e9e du directeur adjoint en charge de la qualit\u00e9, du m\u00e9diateur m\u00e9decin, du m\u00e9diateur non m\u00e9decin et de repr\u00e9sentants des usagers d\u00e9sign\u00e9s par l\u2019Agence r\u00e9gionale de sant\u00e9.<\/p><p>Quel r\u00f4le ? comment les contacter ?... vous pouvez t\u00e9l\u00e9charger le flyer de pr\u00e9sentation en cliquant sur le lien ci-contre :\u00a0<a href=\"https:\/\/hdpdc.fr\/wp-content\/uploads\/2023\/01\/47-ADM-ME-Flyer-representants-des-usagers-maj-12.2022-v2-1.pdf\">Lien Flyer<\/a><\/p>                        <\/div>\n\n                    <\/div>\n\n                <\/div><!-- .elementskit-card END -->\n\n                                        <\/div>\n    <\/div>\t\t\t\t<\/div>\n\t\t\t\t<\/div>\n\t\t\t\t<div class=\"elementor-element elementor-element-9bb9c62 elementor-hidden-mobile elementor-widget elementor-widget-elementskit-accordion\" data-id=\"9bb9c62\" data-element_type=\"widget\" data-e-type=\"widget\" data-widget_type=\"elementskit-accordion.default\">\n\t\t\t\t<div class=\"elementor-widget-container\">\n\t\t\t\t\t<div class=\"ekit-wid-con\" >\n        <div class=\"elementskit-accordion accoedion-primary side-curve\" id=\"accordion-69f29fc739e95\">\n\n            \n                <div class=\"elementskit-card active\">\n                    <div class=\"elementskit-card-header\" id=\"primaryHeading-0-9bb9c62\">\n                        <a href=\"#collapse-592b53c69f29fc739e95\" class=\"ekit-accordion--toggler elementskit-btn-link collapsed\" data-ekit-toggle=\"collapse\" data-target=\"#Collapse-592b53c69f29fc739e95\" aria-expanded=\"true\" aria-controls=\"Collapse-592b53c69f29fc739e95\">\n                            \n                            <span class=\"ekit-accordion-title\">La commission m\u00e9dicale d&#039;\u00e9tablissement (CME)<\/span>\n\n                            \n                                <div class=\"ekit_accordion_icon_group\">\n                                    <div class=\"ekit_accordion_normal_icon\">\n                                        <!-- Normal Icon -->\n\t\t\t\t\t\t\t\t\t\t<i class=\"icon icon-down-arrow1\"><\/i>                                    <\/div>\n\n                                    <div class=\"ekit_accordion_active_icon\">\n                                        <!-- Active Icon -->\n\t\t\t\t\t\t\t\t\t\t<i class=\"icon icon-up-arrow\"><\/i>                                    <\/div>\n                                <\/div>\n\n                            \n                                                    <\/a>\n                    <\/div>\n\n                    <div id=\"Collapse-592b53c69f29fc739e95\" class=\" show collapse\" aria-labelledby=\"primaryHeading-0-9bb9c62\" data-parent=\"#accordion-69f29fc739e95\">\n\n                        <div class=\"elementskit-card-body ekit-accordion--content\">\n                            <p>La CME repr\u00e9sente l\u2019ensemble des personnels m\u00e9dicaux de l\u2019\u00e9tablissement. Aux H\u00f4pitaux des Portes de Camargue, tous les professionnels m\u00e9dicaux en sont membres. La CME est \u00e9troitement associ\u00e9e, par ses avis, propositions ou d\u00e9lib\u00e9rations aux d\u00e9cisions prises par l\u2019administration dans le domaine de l\u2019organisation des soins et sur les questions relatives aux personnels qu\u2019elle repr\u00e9sente.<\/p>                        <\/div>\n\n                    <\/div>\n\n                <\/div><!-- .elementskit-card END -->\n\n                \n                <div class=\"elementskit-card \">\n                    <div class=\"elementskit-card-header\" id=\"primaryHeading-1-9bb9c62\">\n                        <a href=\"#collapse-73f962b69f29fc739e95\" class=\"ekit-accordion--toggler elementskit-btn-link collapsed\" data-ekit-toggle=\"collapse\" data-target=\"#Collapse-73f962b69f29fc739e95\" aria-expanded=\"false\" aria-controls=\"Collapse-73f962b69f29fc739e95\">\n                            \n                            <span class=\"ekit-accordion-title\">Le comit\u00e9 social d&#039;\u00e9tablissement (CSE)<\/span>\n\n                            \n                                <div class=\"ekit_accordion_icon_group\">\n                                    <div class=\"ekit_accordion_normal_icon\">\n                                        <!-- Normal Icon -->\n\t\t\t\t\t\t\t\t\t\t<i class=\"icon icon-down-arrow1\"><\/i>                                    <\/div>\n\n                                    <div class=\"ekit_accordion_active_icon\">\n                                        <!-- Active Icon -->\n\t\t\t\t\t\t\t\t\t\t<i class=\"icon icon-up-arrow\"><\/i>                                    <\/div>\n                                <\/div>\n\n                            \n                                                    <\/a>\n                    <\/div>\n\n                    <div id=\"Collapse-73f962b69f29fc739e95\" class=\" collapse\" aria-labelledby=\"primaryHeading-1-9bb9c62\" data-parent=\"#accordion-69f29fc739e95\">\n\n                        <div class=\"elementskit-card-body ekit-accordion--content\">\n                            <p>Le comit\u00e9 social d'\u00e9tablissement est une toute <strong>nouvelle instance de dialogue social<\/strong> dont les membres ont \u00e9t\u00e9 \u00e9lus en d\u00e9cembre 2022.<\/p><p>C'est le r\u00e9sultat de la fusion du Comit\u00e9 technique d'\u00e9tablissement (CTE) et du Comit\u00e9 d'hygi\u00e8ne, de s\u00e9curit\u00e9, et des conditions de travail (CHSCT).<\/p><p>Le CSE est pr\u00e9sid\u00e9 par le chef d\u2019\u00e9tablissement. Il comprend 1 repr\u00e9sentant de la commission m\u00e9dicale d'\u00e9tablissement, le m\u00e9decin du travail et les repr\u00e9sentants du personnels \u00e9lus pour 4 ans.<\/p><p>Pour notre \u00e9tablissement, les repr\u00e9sentants du personnel sont au nombre de :<\/p><ul><li>10 repr\u00e9sentants titulaires<\/li><li>10 repr\u00e9sentants suppl\u00e9ants.<\/li><\/ul><p>Ces attributions sont les suivantes :<\/p><p><img fetchpriority=\"high\" decoding=\"async\" class=\"aligncenter wp-image-3674 size-large\" src=\"https:\/\/hdpdc.fr\/wp-content\/uploads\/2022\/12\/cse-1024x857.png\" alt=\"\" width=\"1024\" height=\"857\" srcset=\"https:\/\/hdpdc.fr\/wp-content\/uploads\/2022\/12\/cse-1024x857.png 1024w, https:\/\/hdpdc.fr\/wp-content\/uploads\/2022\/12\/cse-300x251.png 300w, https:\/\/hdpdc.fr\/wp-content\/uploads\/2022\/12\/cse-768x643.png 768w, https:\/\/hdpdc.fr\/wp-content\/uploads\/2022\/12\/cse.png 1092w\" sizes=\"(max-width: 1024px) 100vw, 1024px\" \/><\/p>                        <\/div>\n\n                    <\/div>\n\n                <\/div><!-- .elementskit-card END -->\n\n                \n                <div class=\"elementskit-card \">\n                    <div class=\"elementskit-card-header\" id=\"primaryHeading-2-9bb9c62\">\n                        <a href=\"#collapse-127cd8069f29fc739e95\" class=\"ekit-accordion--toggler elementskit-btn-link collapsed\" data-ekit-toggle=\"collapse\" data-target=\"#Collapse-127cd8069f29fc739e95\" aria-expanded=\"false\" aria-controls=\"Collapse-127cd8069f29fc739e95\">\n                            \n                            <span class=\"ekit-accordion-title\">Les commissions administratives paritaires (CAP)<\/span>\n\n                            \n                                <div class=\"ekit_accordion_icon_group\">\n                                    <div class=\"ekit_accordion_normal_icon\">\n                                        <!-- Normal Icon -->\n\t\t\t\t\t\t\t\t\t\t<i class=\"icon icon-down-arrow1\"><\/i>                                    <\/div>\n\n                                    <div class=\"ekit_accordion_active_icon\">\n                                        <!-- Active Icon -->\n\t\t\t\t\t\t\t\t\t\t<i class=\"icon icon-up-arrow\"><\/i>                                    <\/div>\n                                <\/div>\n\n                            \n                                                    <\/a>\n                    <\/div>\n\n                    <div id=\"Collapse-127cd8069f29fc739e95\" class=\" collapse\" aria-labelledby=\"primaryHeading-2-9bb9c62\" data-parent=\"#accordion-69f29fc739e95\">\n\n                        <div class=\"elementskit-card-body ekit-accordion--content\">\n                            <p>Les commissions administratives paritaires locales (CAPL) sont compos\u00e9es en nombre \u00e9gal de repr\u00e9sentants du personnel \u00e9lus et de repr\u00e9sentants de l\u2019administration. Les corps de cat\u00e9gories\u00a0A, B et\u00a0C sont r\u00e9partis au sein de 9\u00a0CAP\u00a0: 3\u00a0pour les corps de cat\u00e9gorie\u00a0A, 3 pour les corps de cat\u00e9gorie\u00a0B, 3\u00a0pour les corps de cat\u00e9gorie\u00a0C. <a href=\"https:\/\/www.legifrance.gouv.fr\/affichTexte.do?cidTexte=JORFTEXT000038889182&amp;categorieLien=id\">La loi du 6 ao\u00fbt 2019 de transformation de la fonction publique<\/a> a fait \u00e9voluer leur r\u00f4le, elles sont depuis 2021 charg\u00e9es d\u2019\u00e9mettre un avis seulement sur certaines d\u00e9cisions d\u00e9favorables qui peuvent modifier la carri\u00e8re individuelle des agents. Si les professionnels ont des questions ou des difficult\u00e9s ils peuvent contacter leurs repr\u00e9sentants.<\/p><p>Les corps qui comprennent moins de 4 agents au sein de l'\u00e9tablissement sont repr\u00e9sent\u00e9s au niveau d\u00e9partemental en CAPD.<\/p>                        <\/div>\n\n                    <\/div>\n\n                <\/div><!-- .elementskit-card END -->\n\n                \n                <div class=\"elementskit-card \">\n                    <div class=\"elementskit-card-header\" id=\"primaryHeading-3-9bb9c62\">\n                        <a href=\"#collapse-a3005b169f29fc739e95\" class=\"ekit-accordion--toggler elementskit-btn-link collapsed\" data-ekit-toggle=\"collapse\" data-target=\"#Collapse-a3005b169f29fc739e95\" aria-expanded=\"false\" aria-controls=\"Collapse-a3005b169f29fc739e95\">\n                            \n                            <span class=\"ekit-accordion-title\">La commission des soins infirmiers, de r\u00e9\u00e9ducation et m\u00e9dico-techniques (CSIRMT)<\/span>\n\n                            \n                                <div class=\"ekit_accordion_icon_group\">\n                                    <div class=\"ekit_accordion_normal_icon\">\n                                        <!-- Normal Icon -->\n\t\t\t\t\t\t\t\t\t\t<i class=\"icon icon-down-arrow1\"><\/i>                                    <\/div>\n\n                                    <div class=\"ekit_accordion_active_icon\">\n                                        <!-- Active Icon -->\n\t\t\t\t\t\t\t\t\t\t<i class=\"icon icon-up-arrow\"><\/i>                                    <\/div>\n                                <\/div>\n\n                            \n                                                    <\/a>\n                    <\/div>\n\n                    <div id=\"Collapse-a3005b169f29fc739e95\" class=\" collapse\" aria-labelledby=\"primaryHeading-3-9bb9c62\" data-parent=\"#accordion-69f29fc739e95\">\n\n                        <div class=\"elementskit-card-body ekit-accordion--content\">\n                            <p>La CSIRMT est consult\u00e9e sur l\u2019organisation g\u00e9n\u00e9rale des soins et l\u2019accompagnement des patients et r\u00e9sidents, dans le cadre du projet de soins, mais \u00e9galement sur la politique de formation et sur le projet d\u2019\u00e9tablissement.<\/p><p>La CSIRMT,\u00a0pr\u00e9sid\u00e9e par la directrice des Soins, se compose de repr\u00e9sentants \u00e9lus issus des diff\u00e9rentes cat\u00e9gories qui participent \u00e0 la mise en \u0153uvre des soins infirmiers, de r\u00e9\u00e9ducation et m\u00e9dico-techniques :<\/p><ul><li>Cadres de sant\u00e9<\/li><li>Personnels infirmiers, de r\u00e9\u00e9ducation et m\u00e9dico-techniques<\/li><li>Aides-soignants<\/li><\/ul>                        <\/div>\n\n                    <\/div>\n\n                <\/div><!-- .elementskit-card END -->\n\n                \n                <div class=\"elementskit-card \">\n                    <div class=\"elementskit-card-header\" id=\"primaryHeading-4-9bb9c62\">\n                        <a href=\"#collapse-0cdd86369f29fc739e95\" class=\"ekit-accordion--toggler elementskit-btn-link collapsed\" data-ekit-toggle=\"collapse\" data-target=\"#Collapse-0cdd86369f29fc739e95\" aria-expanded=\"false\" aria-controls=\"Collapse-0cdd86369f29fc739e95\">\n                            \n                            <span class=\"ekit-accordion-title\">Le Conseil de Vie Sociale (CVS)<\/span>\n\n                            \n                                <div class=\"ekit_accordion_icon_group\">\n                                    <div class=\"ekit_accordion_normal_icon\">\n                                        <!-- Normal Icon -->\n\t\t\t\t\t\t\t\t\t\t<i class=\"icon icon-down-arrow1\"><\/i>                                    <\/div>\n\n                                    <div class=\"ekit_accordion_active_icon\">\n                                        <!-- Active Icon -->\n\t\t\t\t\t\t\t\t\t\t<i class=\"icon icon-up-arrow\"><\/i>                                    <\/div>\n                                <\/div>\n\n                            \n                                                    <\/a>\n                    <\/div>\n\n                    <div id=\"Collapse-0cdd86369f29fc739e95\" class=\" collapse\" aria-labelledby=\"primaryHeading-4-9bb9c62\" data-parent=\"#accordion-69f29fc739e95\">\n\n                        <div class=\"elementskit-card-body ekit-accordion--content\">\n                            <p>Les CVS sont des lieux d'\u00e9changes et d'expression permettant aux r\u00e9sidents et \u00e0 leurs proches d\u2019\u00eatre mieux inform\u00e9s sur le fonctionnement des services m\u00e9dico-sociaux et, d\u2019une mani\u00e8re g\u00e9n\u00e9rale, sur tout ce qui peut avoir une incidence sur la vie quotidienne au sein des \u00e9tablissements. Il est le moyen, \u00e9galement, pour les usagers de participer davantage, de communiquer, de donner leur avis et faire des propositions.<\/p><p>Un Conseil de vie sociale est mis en place au sein de chaque EHPAD et \u00e0 la MAS. Anim\u00e9 par un membre de l\u2019\u00e9quipe de direction en lien avec le cadre et le m\u00e9decin, il comprend :<\/p><ul><li>des repr\u00e9sentants des r\u00e9sidents et de leurs proches ou repr\u00e9sentants l\u00e9gaux (tuteurs),<\/li><li>des repr\u00e9sentants du personnel.<\/li><\/ul><p><img decoding=\"async\" class=\"wp-image-2145 size-large\" src=\"https:\/\/hdpdc.fr\/wp-content\/uploads\/2022\/05\/CVS-1024x484.png\" alt=\"CVS\" width=\"1024\" height=\"484\" srcset=\"https:\/\/hdpdc.fr\/wp-content\/uploads\/2022\/05\/CVS-1024x484.png 1024w, https:\/\/hdpdc.fr\/wp-content\/uploads\/2022\/05\/CVS-300x142.png 300w, https:\/\/hdpdc.fr\/wp-content\/uploads\/2022\/05\/CVS-768x363.png 768w, https:\/\/hdpdc.fr\/wp-content\/uploads\/2022\/05\/CVS.png 1132w\" sizes=\"(max-width: 1024px) 100vw, 1024px\" \/><\/p>                        <\/div>\n\n                    <\/div>\n\n                <\/div><!-- .elementskit-card END -->\n\n                \n                <div class=\"elementskit-card \">\n                    <div class=\"elementskit-card-header\" id=\"primaryHeading-5-9bb9c62\">\n                        <a href=\"#collapse-780b1f269f29fc739e95\" class=\"ekit-accordion--toggler elementskit-btn-link collapsed\" data-ekit-toggle=\"collapse\" data-target=\"#Collapse-780b1f269f29fc739e95\" aria-expanded=\"false\" aria-controls=\"Collapse-780b1f269f29fc739e95\">\n                            \n                            <span class=\"ekit-accordion-title\">La Commission des Usagers (CDU)<\/span>\n\n                            \n                                <div class=\"ekit_accordion_icon_group\">\n                                    <div class=\"ekit_accordion_normal_icon\">\n                                        <!-- Normal Icon -->\n\t\t\t\t\t\t\t\t\t\t<i class=\"icon icon-down-arrow1\"><\/i>                                    <\/div>\n\n                                    <div class=\"ekit_accordion_active_icon\">\n                                        <!-- Active Icon -->\n\t\t\t\t\t\t\t\t\t\t<i class=\"icon icon-up-arrow\"><\/i>                                    <\/div>\n                                <\/div>\n\n                            \n                                                    <\/a>\n                    <\/div>\n\n                    <div id=\"Collapse-780b1f269f29fc739e95\" class=\" collapse\" aria-labelledby=\"primaryHeading-5-9bb9c62\" data-parent=\"#accordion-69f29fc739e95\">\n\n                        <div class=\"elementskit-card-body ekit-accordion--content\">\n                            <p>La Commission des usagers a pour but de veiller au respect des droits des usagers, de faciliter leurs d\u00e9marches et de contribuer par ses avis et recommandations \u00e0 l\u2019am\u00e9lioration de la politique d\u2019accueil et de prise en soins des usagers et de leurs proches.<\/p><p>A ce titre, elle est inform\u00e9e du bilan des r\u00e9clamations, des \u00e9v\u00e9nements ind\u00e9sirables graves et de demandes d\u2019acc\u00e8s au dossier m\u00e9dical.<\/p><p>Cette commission peut \u00eatre saisie pour avis de toute r\u00e9clamation par les usagers sur demande \u00e9crite adress\u00e9e au Directeur de l\u2019\u00e9tablissement.<\/p><p>Elle est compos\u00e9e du directeur adjoint en charge de la qualit\u00e9, du m\u00e9diateur m\u00e9decin, du m\u00e9diateur non m\u00e9decin et de repr\u00e9sentants des usagers d\u00e9sign\u00e9s par l\u2019Agence r\u00e9gionale de sant\u00e9.<\/p><p>Quel r\u00f4le ? comment les contacter ?... vous pouvez t\u00e9l\u00e9charger le flyer de pr\u00e9sentation en cliquant sur le lien ci-contre :\u00a0<a href=\"https:\/\/hdpdc.fr\/wp-content\/uploads\/2023\/01\/47-ADM-ME-Flyer-representants-des-usagers-maj-12.2022-v2-1.pdf\">Lien Flyer<\/a><\/p>                        <\/div>\n\n                    <\/div>\n\n                <\/div><!-- .elementskit-card END -->\n\n                                        <\/div>\n    <\/div>\t\t\t\t<\/div>\n\t\t\t\t<\/div>\n\t\t\t\t<div class=\"elementor-element elementor-element-9c98f40 elementor-widget-divider--view-line elementor-widget elementor-widget-divider\" data-id=\"9c98f40\" data-element_type=\"widget\" data-e-type=\"widget\" data-widget_type=\"divider.default\">\n\t\t\t\t<div class=\"elementor-widget-container\">\n\t\t\t\t\t\t\t<div class=\"elementor-divider\">\n\t\t\t<span class=\"elementor-divider-separator\">\n\t\t\t\t\t\t<\/span>\n\t\t<\/div>\n\t\t\t\t\t\t<\/div>\n\t\t\t\t<\/div>\n\t\t\t\t<section class=\"elementor-section elementor-inner-section elementor-element elementor-element-2f7c277 elementor-section-boxed elementor-section-height-default elementor-section-height-default\" data-id=\"2f7c277\" data-element_type=\"section\" data-e-type=\"section\">\n\t\t\t\t\t\t<div class=\"elementor-container elementor-column-gap-default\">\n\t\t\t\t\t<div class=\"elementor-column elementor-col-50 elementor-inner-column elementor-element elementor-element-5377110\" data-id=\"5377110\" data-element_type=\"column\" data-e-type=\"column\">\n\t\t\t<div class=\"elementor-widget-wrap elementor-element-populated\">\n\t\t\t\t\t\t<div class=\"elementor-element elementor-element-000b755 elementor-widget elementor-widget-image\" data-id=\"000b755\" data-element_type=\"widget\" data-e-type=\"widget\" data-widget_type=\"image.default\">\n\t\t\t\t<div class=\"elementor-widget-container\">\n\t\t\t\t\t\t\t\t\t\t\t\t\t\t\t\t<a href=\"https:\/\/hdpdc.fr\/wp-content\/uploads\/2023\/09\/3-RI-ME-RI-HPC-maj-16.06.2023.pdf\" target=\"_blank\">\n\t\t\t\t\t\t\t<img decoding=\"async\" width=\"1024\" height=\"673\" src=\"https:\/\/hdpdc.fr\/wp-content\/uploads\/2022\/12\/RI-1024x673.png\" class=\"attachment-large size-large wp-image-3651\" alt=\"\" srcset=\"https:\/\/hdpdc.fr\/wp-content\/uploads\/2022\/12\/RI-1024x673.png 1024w, https:\/\/hdpdc.fr\/wp-content\/uploads\/2022\/12\/RI-300x197.png 300w, https:\/\/hdpdc.fr\/wp-content\/uploads\/2022\/12\/RI-768x504.png 768w, https:\/\/hdpdc.fr\/wp-content\/uploads\/2022\/12\/RI.png 1148w\" sizes=\"(max-width: 1024px) 100vw, 1024px\" \/>\t\t\t\t\t\t\t\t<\/a>\n\t\t\t\t\t\t\t\t\t\t\t\t\t\t\t<\/div>\n\t\t\t\t<\/div>\n\t\t\t\t\t<\/div>\n\t\t<\/div>\n\t\t\t\t<div class=\"elementor-column elementor-col-50 elementor-inner-column elementor-element elementor-element-efc360e\" data-id=\"efc360e\" data-element_type=\"column\" data-e-type=\"column\">\n\t\t\t<div class=\"elementor-widget-wrap elementor-element-populated\">\n\t\t\t\t\t\t<div class=\"elementor-element elementor-element-d347668 elementor-widget elementor-widget-heading\" data-id=\"d347668\" data-element_type=\"widget\" data-e-type=\"widget\" data-widget_type=\"heading.default\">\n\t\t\t\t<div class=\"elementor-widget-container\">\n\t\t\t\t\t<h2 class=\"elementor-heading-title elementor-size-default\">Le r\u00e8glement int\u00e9rieur<\/h2>\t\t\t\t<\/div>\n\t\t\t\t<\/div>\n\t\t\t\t<div class=\"elementor-element elementor-element-519c0b1 elementor-widget elementor-widget-text-editor\" data-id=\"519c0b1\" data-element_type=\"widget\" data-e-type=\"widget\" data-widget_type=\"text-editor.default\">\n\t\t\t\t<div class=\"elementor-widget-container\">\n\t\t\t\t\t\t\t\t\t<p>Les H\u00f4pitaux des Portes de Camargue sont un \u00c9tablissement Public de Sant\u00e9 au sens de l\u2019article L6141-1 du Code de la Sant\u00e9 Publique (CSP). \u00c0 ce titre, l\u2019\u00e9tablissement est une personne morale de droit public dot\u00e9e de l\u2019autonomie administrative et financi\u00e8re. Il est soumis au contr\u00f4le de l\u2019\u00c9tat.<br \/>Le R\u00e8glement int\u00e9rieur d\u00e9finit les <strong>r\u00e8gles de fonctionnement<\/strong> pour assurer le <strong>respect des droits et obligations<\/strong> professionnels de l\u2019ensemble des agents de l\u2019\u00e9tablissement.<br \/>Les dispositions du pr\u00e9sent r\u00e8glement ne se substituent pas aux engagements \u2014 droits et devoirs \u2014 auxquels les personnels et l\u2019\u00e9tablissement sont tenus dans le cadre de leur statut d\u00e9fini par le Code de sant\u00e9 publique et le Code du travail, et le cas \u00e9ch\u00e9ant par le code g\u00e9n\u00e9ral de la fonction publique.<br \/><span style=\"color: #3366ff;\"><strong>Le pr\u00e9sent R\u00e8glement int\u00e9rieur s\u2019adresse aux professionnels, patients\/r\u00e9sidents et aux visiteurs des H\u00f4pitaux des Portes de Camargue.<\/strong><\/span><\/p><p>Vous pouvez le consulter en cliquant sur l&rsquo;image ci-contre.<\/p>\t\t\t\t\t\t\t\t<\/div>\n\t\t\t\t<\/div>\n\t\t\t\t\t<\/div>\n\t\t<\/div>\n\t\t\t\t\t<\/div>\n\t\t<\/section>\n\t\t\t\t\t<\/div>\n\t\t<\/div>\n\t\t\t\t\t<\/div>\n\t\t<\/section>\n\t\t\t\t<\/div>\n\t\t","protected":false},"excerpt":{"rendered":"<p>Home organisation&amp; gouvernance Les H\u00f4pitaux des Portes de Camargue constituent un \u00e9tablissement public de sant\u00e9 intercommunal, issu de la fusion, le 1er janvier 2008, des H\u00f4pitaux de Beaucaire et de Tarascon. Une convention de direction commune avec le CH d&rsquo;Arles et l&rsquo;EHPAD Marie Gasquet de Saint R\u00e9my de Provence a \u00e9t\u00e9 sign\u00e9e en 2015. Les [&hellip;]<\/p>\n","protected":false},"author":3,"featured_media":0,"parent":207,"menu_order":0,"comment_status":"closed","ping_status":"closed","template":"elementor_header_footer","meta":{"_acf_changed":false,"footnotes":""},"class_list":["post-397","page","type-page","status-publish","hentry"],"acf":[],"yoast_head":"<!-- This site is optimized with the Yoast SEO plugin v27.5 - https:\/\/yoast.com\/product\/yoast-seo-wordpress\/ -->\n<title>Organisation &amp; Gouvernance - H\u00f4pitaux des Portes de Camargue<\/title>\n<meta name=\"robots\" content=\"index, follow, max-snippet:-1, max-image-preview:large, max-video-preview:-1\" \/>\n<link rel=\"canonical\" href=\"https:\/\/hdpdc.fr\/index.php\/accueil\/organisation-gouvernance\/\" \/>\n<meta property=\"og:locale\" content=\"fr_FR\" \/>\n<meta property=\"og:type\" content=\"article\" \/>\n<meta property=\"og:title\" content=\"Organisation &amp; Gouvernance - H\u00f4pitaux des Portes de Camargue\" \/>\n<meta property=\"og:description\" content=\"Home organisation&amp; gouvernance Les H\u00f4pitaux des Portes de Camargue constituent un \u00e9tablissement public de sant\u00e9 intercommunal, issu de la fusion, le 1er janvier 2008, des H\u00f4pitaux de Beaucaire et de Tarascon. Une convention de direction commune avec le CH d&rsquo;Arles et l&rsquo;EHPAD Marie Gasquet de Saint R\u00e9my de Provence a \u00e9t\u00e9 sign\u00e9e en 2015. Les [&hellip;]\" \/>\n<meta property=\"og:url\" content=\"https:\/\/hdpdc.fr\/index.php\/accueil\/organisation-gouvernance\/\" \/>\n<meta property=\"og:site_name\" content=\"H\u00f4pitaux des Portes de Camargue\" \/>\n<meta property=\"article:modified_time\" content=\"2025-11-28T11:36:35+00:00\" \/>\n<meta property=\"og:image\" content=\"https:\/\/hdpdc.fr\/wp-content\/uploads\/2022\/12\/cse.png\" \/>\n\t<meta property=\"og:image:width\" content=\"1092\" \/>\n\t<meta property=\"og:image:height\" content=\"914\" \/>\n\t<meta property=\"og:image:type\" content=\"image\/png\" \/>\n<meta name=\"twitter:card\" content=\"summary_large_image\" \/>\n<meta name=\"twitter:label1\" content=\"Dur\u00e9e de lecture estim\u00e9e\" \/>\n\t<meta name=\"twitter:data1\" content=\"13 minutes\" \/>\n<script type=\"application\/ld+json\" class=\"yoast-schema-graph\">{\"@context\":\"https:\\\/\\\/schema.org\",\"@graph\":[{\"@type\":\"WebPage\",\"@id\":\"https:\\\/\\\/hdpdc.fr\\\/index.php\\\/accueil\\\/organisation-gouvernance\\\/\",\"url\":\"https:\\\/\\\/hdpdc.fr\\\/index.php\\\/accueil\\\/organisation-gouvernance\\\/\",\"name\":\"Organisation & Gouvernance - H\u00f4pitaux des Portes de Camargue\",\"isPartOf\":{\"@id\":\"https:\\\/\\\/hdpdc.fr\\\/#website\"},\"primaryImageOfPage\":{\"@id\":\"https:\\\/\\\/hdpdc.fr\\\/index.php\\\/accueil\\\/organisation-gouvernance\\\/#primaryimage\"},\"image\":{\"@id\":\"https:\\\/\\\/hdpdc.fr\\\/index.php\\\/accueil\\\/organisation-gouvernance\\\/#primaryimage\"},\"thumbnailUrl\":\"https:\\\/\\\/hdpdc.fr\\\/wp-content\\\/uploads\\\/2022\\\/12\\\/cse-1024x857.png\",\"datePublished\":\"2022-03-17T14:09:43+00:00\",\"dateModified\":\"2025-11-28T11:36:35+00:00\",\"breadcrumb\":{\"@id\":\"https:\\\/\\\/hdpdc.fr\\\/index.php\\\/accueil\\\/organisation-gouvernance\\\/#breadcrumb\"},\"inLanguage\":\"fr-FR\",\"potentialAction\":[{\"@type\":\"ReadAction\",\"target\":[\"https:\\\/\\\/hdpdc.fr\\\/index.php\\\/accueil\\\/organisation-gouvernance\\\/\"]}]},{\"@type\":\"ImageObject\",\"inLanguage\":\"fr-FR\",\"@id\":\"https:\\\/\\\/hdpdc.fr\\\/index.php\\\/accueil\\\/organisation-gouvernance\\\/#primaryimage\",\"url\":\"https:\\\/\\\/hdpdc.fr\\\/wp-content\\\/uploads\\\/2022\\\/12\\\/cse.png\",\"contentUrl\":\"https:\\\/\\\/hdpdc.fr\\\/wp-content\\\/uploads\\\/2022\\\/12\\\/cse.png\",\"width\":1092,\"height\":914},{\"@type\":\"BreadcrumbList\",\"@id\":\"https:\\\/\\\/hdpdc.fr\\\/index.php\\\/accueil\\\/organisation-gouvernance\\\/#breadcrumb\",\"itemListElement\":[{\"@type\":\"ListItem\",\"position\":1,\"name\":\"Accueil\",\"item\":\"https:\\\/\\\/hdpdc.fr\\\/\"},{\"@type\":\"ListItem\",\"position\":2,\"name\":\"Accueil\",\"item\":\"https:\\\/\\\/hdpdc.fr\\\/\"},{\"@type\":\"ListItem\",\"position\":3,\"name\":\"Organisation &#038; Gouvernance\"}]},{\"@type\":\"WebSite\",\"@id\":\"https:\\\/\\\/hdpdc.fr\\\/#website\",\"url\":\"https:\\\/\\\/hdpdc.fr\\\/\",\"name\":\"H\u00f4pitaux des Portes de Camargue\",\"description\":\"Etablissement Public de Sant\u00e9\",\"potentialAction\":[{\"@type\":\"SearchAction\",\"target\":{\"@type\":\"EntryPoint\",\"urlTemplate\":\"https:\\\/\\\/hdpdc.fr\\\/?s={search_term_string}\"},\"query-input\":{\"@type\":\"PropertyValueSpecification\",\"valueRequired\":true,\"valueName\":\"search_term_string\"}}],\"inLanguage\":\"fr-FR\"}]}<\/script>\n<!-- \/ Yoast SEO plugin. -->","yoast_head_json":{"title":"Organisation & Gouvernance - H\u00f4pitaux des Portes de Camargue","robots":{"index":"index","follow":"follow","max-snippet":"max-snippet:-1","max-image-preview":"max-image-preview:large","max-video-preview":"max-video-preview:-1"},"canonical":"https:\/\/hdpdc.fr\/index.php\/accueil\/organisation-gouvernance\/","og_locale":"fr_FR","og_type":"article","og_title":"Organisation & Gouvernance - H\u00f4pitaux des Portes de Camargue","og_description":"Home organisation&amp; gouvernance Les H\u00f4pitaux des Portes de Camargue constituent un \u00e9tablissement public de sant\u00e9 intercommunal, issu de la fusion, le 1er janvier 2008, des H\u00f4pitaux de Beaucaire et de Tarascon. Une convention de direction commune avec le CH d&rsquo;Arles et l&rsquo;EHPAD Marie Gasquet de Saint R\u00e9my de Provence a \u00e9t\u00e9 sign\u00e9e en 2015. Les [&hellip;]","og_url":"https:\/\/hdpdc.fr\/index.php\/accueil\/organisation-gouvernance\/","og_site_name":"H\u00f4pitaux des Portes de Camargue","article_modified_time":"2025-11-28T11:36:35+00:00","og_image":[{"width":1092,"height":914,"url":"https:\/\/hdpdc.fr\/wp-content\/uploads\/2022\/12\/cse.png","type":"image\/png"}],"twitter_card":"summary_large_image","twitter_misc":{"Dur\u00e9e de lecture estim\u00e9e":"13 minutes"},"schema":{"@context":"https:\/\/schema.org","@graph":[{"@type":"WebPage","@id":"https:\/\/hdpdc.fr\/index.php\/accueil\/organisation-gouvernance\/","url":"https:\/\/hdpdc.fr\/index.php\/accueil\/organisation-gouvernance\/","name":"Organisation & Gouvernance - H\u00f4pitaux des Portes de Camargue","isPartOf":{"@id":"https:\/\/hdpdc.fr\/#website"},"primaryImageOfPage":{"@id":"https:\/\/hdpdc.fr\/index.php\/accueil\/organisation-gouvernance\/#primaryimage"},"image":{"@id":"https:\/\/hdpdc.fr\/index.php\/accueil\/organisation-gouvernance\/#primaryimage"},"thumbnailUrl":"https:\/\/hdpdc.fr\/wp-content\/uploads\/2022\/12\/cse-1024x857.png","datePublished":"2022-03-17T14:09:43+00:00","dateModified":"2025-11-28T11:36:35+00:00","breadcrumb":{"@id":"https:\/\/hdpdc.fr\/index.php\/accueil\/organisation-gouvernance\/#breadcrumb"},"inLanguage":"fr-FR","potentialAction":[{"@type":"ReadAction","target":["https:\/\/hdpdc.fr\/index.php\/accueil\/organisation-gouvernance\/"]}]},{"@type":"ImageObject","inLanguage":"fr-FR","@id":"https:\/\/hdpdc.fr\/index.php\/accueil\/organisation-gouvernance\/#primaryimage","url":"https:\/\/hdpdc.fr\/wp-content\/uploads\/2022\/12\/cse.png","contentUrl":"https:\/\/hdpdc.fr\/wp-content\/uploads\/2022\/12\/cse.png","width":1092,"height":914},{"@type":"BreadcrumbList","@id":"https:\/\/hdpdc.fr\/index.php\/accueil\/organisation-gouvernance\/#breadcrumb","itemListElement":[{"@type":"ListItem","position":1,"name":"Accueil","item":"https:\/\/hdpdc.fr\/"},{"@type":"ListItem","position":2,"name":"Accueil","item":"https:\/\/hdpdc.fr\/"},{"@type":"ListItem","position":3,"name":"Organisation &#038; Gouvernance"}]},{"@type":"WebSite","@id":"https:\/\/hdpdc.fr\/#website","url":"https:\/\/hdpdc.fr\/","name":"H\u00f4pitaux des Portes de Camargue","description":"Etablissement Public de Sant\u00e9","potentialAction":[{"@type":"SearchAction","target":{"@type":"EntryPoint","urlTemplate":"https:\/\/hdpdc.fr\/?s={search_term_string}"},"query-input":{"@type":"PropertyValueSpecification","valueRequired":true,"valueName":"search_term_string"}}],"inLanguage":"fr-FR"}]}},"_links":{"self":[{"href":"https:\/\/hdpdc.fr\/index.php\/wp-json\/wp\/v2\/pages\/397","targetHints":{"allow":["GET"]}}],"collection":[{"href":"https:\/\/hdpdc.fr\/index.php\/wp-json\/wp\/v2\/pages"}],"about":[{"href":"https:\/\/hdpdc.fr\/index.php\/wp-json\/wp\/v2\/types\/page"}],"author":[{"embeddable":true,"href":"https:\/\/hdpdc.fr\/index.php\/wp-json\/wp\/v2\/users\/3"}],"replies":[{"embeddable":true,"href":"https:\/\/hdpdc.fr\/index.php\/wp-json\/wp\/v2\/comments?post=397"}],"version-history":[{"count":275,"href":"https:\/\/hdpdc.fr\/index.php\/wp-json\/wp\/v2\/pages\/397\/revisions"}],"predecessor-version":[{"id":4551,"href":"https:\/\/hdpdc.fr\/index.php\/wp-json\/wp\/v2\/pages\/397\/revisions\/4551"}],"up":[{"embeddable":true,"href":"https:\/\/hdpdc.fr\/index.php\/wp-json\/wp\/v2\/pages\/207"}],"wp:attachment":[{"href":"https:\/\/hdpdc.fr\/index.php\/wp-json\/wp\/v2\/media?parent=397"}],"curies":[{"name":"wp","href":"https:\/\/api.w.org\/{rel}","templated":true}]}}