{"id":1587,"date":"2022-05-13T10:00:34","date_gmt":"2022-05-13T08:00:34","guid":{"rendered":"https:\/\/hdpdc.fr\/?page_id=1587"},"modified":"2022-06-09T14:08:22","modified_gmt":"2022-06-09T12:08:22","slug":"activites-en-maison-daccueil","status":"publish","type":"page","link":"https:\/\/hdpdc.fr\/index.php\/accueil\/maison-daccueil-specialisee\/votre-sejour\/activites-en-maison-daccueil\/","title":{"rendered":"Activit\u00e9s en maison d&rsquo;accueil"},"content":{"rendered":"\t\t<div data-elementor-type=\"wp-page\" data-elementor-id=\"1587\" class=\"elementor elementor-1587\" wpc-filter-elementor-widget=\"1\" data-elementor-post-type=\"page\">\n\t\t\t\t\t\t<section class=\"elementor-section elementor-top-section elementor-element elementor-element-11215c7 elementor-section-height-min-height elementor-section-full_width elementor-section-height-default elementor-section-items-middle\" data-id=\"11215c7\" data-element_type=\"section\" data-e-type=\"section\" data-settings=\"{&quot;background_background&quot;:&quot;classic&quot;}\">\n\t\t\t\t\t\t\t<div class=\"elementor-background-overlay\"><\/div>\n\t\t\t\t\t\t\t<div class=\"elementor-container elementor-column-gap-default\">\n\t\t\t\t\t<div class=\"elementor-column elementor-col-50 elementor-top-column elementor-element elementor-element-e2214e7\" data-id=\"e2214e7\" data-element_type=\"column\" data-e-type=\"column\">\n\t\t\t<div class=\"elementor-widget-wrap elementor-element-populated\">\n\t\t\t\t\t\t<div class=\"elementor-element elementor-element-44ccf76 elementor-align-flex-start elementor-widget elementor-widget-raven-breadcrumbs\" data-id=\"44ccf76\" data-element_type=\"widget\" data-e-type=\"widget\" data-widget_type=\"raven-breadcrumbs.default\">\n\t\t\t\t<div class=\"elementor-widget-container\">\n\t\t\t\t\t<div class=\"raven-breadcrumbs raven-breadcrumbs-default\"><div class=\"breadcrumb\">\t\t\t\t<div class=\"breadcrumb-item active\" aria-current=\"page\"><span>Home<\/span><\/div>\n\n\t\t\t\t<\/div><\/div>\t\t\t\t<\/div>\n\t\t\t\t<\/div>\n\t\t\t\t<div class=\"elementor-element elementor-element-003dc94 elementor-widget elementor-widget-text-editor\" data-id=\"003dc94\" data-element_type=\"widget\" data-e-type=\"widget\" data-widget_type=\"text-editor.default\">\n\t\t\t\t<div class=\"elementor-widget-container\">\n\t\t\t\t\t\t\t\t\t<p>Les activit\u00e9s propos\u00e9es<\/p>\t\t\t\t\t\t\t\t<\/div>\n\t\t\t\t<\/div>\n\t\t\t\t<div class=\"elementor-element elementor-element-5ec54c3 elementor-widget elementor-widget-text-editor\" data-id=\"5ec54c3\" data-element_type=\"widget\" data-e-type=\"widget\" data-widget_type=\"text-editor.default\">\n\t\t\t\t<div class=\"elementor-widget-container\">\n\t\t\t\t\t\t\t\t\t<p>Maison d&rsquo;accueil sp\u00e9cialis\u00e9e<\/p>\t\t\t\t\t\t\t\t<\/div>\n\t\t\t\t<\/div>\n\t\t\t\t\t<\/div>\n\t\t<\/div>\n\t\t\t\t<div class=\"elementor-column elementor-col-50 elementor-top-column elementor-element elementor-element-799c344\" data-id=\"799c344\" data-element_type=\"column\" data-e-type=\"column\">\n\t\t\t<div class=\"elementor-widget-wrap\">\n\t\t\t\t\t\t\t<\/div>\n\t\t<\/div>\n\t\t\t\t\t<\/div>\n\t\t<\/section>\n\t\t\t\t<section class=\"elementor-section elementor-top-section elementor-element elementor-element-e5c420a elementor-section-full_width elementor-section-height-default elementor-section-height-default\" data-id=\"e5c420a\" data-element_type=\"section\" data-e-type=\"section\" id=\"A\">\n\t\t\t\t\t\t<div class=\"elementor-container elementor-column-gap-default\">\n\t\t\t\t\t<div class=\"elementor-column elementor-col-50 elementor-top-column elementor-element elementor-element-30d351e\" data-id=\"30d351e\" data-element_type=\"column\" data-e-type=\"column\">\n\t\t\t<div class=\"elementor-widget-wrap elementor-element-populated\">\n\t\t\t\t\t\t<div class=\"elementor-element elementor-element-5d6086d elementor-invisible elementor-widget elementor-widget-heading\" data-id=\"5d6086d\" data-element_type=\"widget\" data-e-type=\"widget\" data-settings=\"{&quot;_animation&quot;:&quot;fadeInUp&quot;,&quot;_animation_delay&quot;:200}\" data-widget_type=\"heading.default\">\n\t\t\t\t<div class=\"elementor-widget-container\">\n\t\t\t\t\t<h2 class=\"elementor-heading-title elementor-size-default\">L\u2019animateur\n<\/h2>\t\t\t\t<\/div>\n\t\t\t\t<\/div>\n\t\t\t\t<div class=\"elementor-element elementor-element-af8a9ed elementor-widget elementor-widget-text-editor\" data-id=\"af8a9ed\" data-element_type=\"widget\" data-e-type=\"widget\" data-widget_type=\"text-editor.default\">\n\t\t\t\t<div class=\"elementor-widget-container\">\n\t\t\t\t\t\t\t\t\t<p><span style=\"font-weight: 400;\">L&rsquo;animation repr\u00e9sente un axe tout aussi important que les soins prodigu\u00e9s \u00e0 une personne vivant en institution.\u00a0<\/span><\/p><p><span style=\"font-weight: 400;\">L&rsquo;animation apporte des stimulations multiples\u00a0: intellectuelle, sociale, physique et sensorielle.<\/span><\/p><p><span style=\"font-weight: 400;\">Cela englobe un volet pr\u00e9ventif afin de limiter l&rsquo;ennui et une r\u00e9gression pour chacun des r\u00e9sidents.\u00a0<\/span><\/p><p><span style=\"font-weight: 400;\">En activit\u00e9 ou en atelier l&rsquo;id\u00e9e est de procurer des \u00e9motions. Cela nous permet aussi de cr\u00e9er un espace suppl\u00e9mentaire de libert\u00e9 et d&rsquo;ouverture sur l&rsquo;ext\u00e9rieur.\u00a0<\/span><\/p>\t\t\t\t\t\t\t\t<\/div>\n\t\t\t\t<\/div>\n\t\t\t\t<section class=\"elementor-section elementor-inner-section elementor-element elementor-element-845a9ed elementor-section-boxed elementor-section-height-default elementor-section-height-default\" data-id=\"845a9ed\" data-element_type=\"section\" data-e-type=\"section\">\n\t\t\t\t\t\t<div class=\"elementor-container elementor-column-gap-default\">\n\t\t\t\t\t<div class=\"elementor-column elementor-col-100 elementor-inner-column elementor-element elementor-element-b0da7b0 elementor-invisible\" data-id=\"b0da7b0\" data-element_type=\"column\" data-e-type=\"column\" data-settings=\"{&quot;animation&quot;:&quot;zoomIn&quot;}\">\n\t\t\t<div class=\"elementor-widget-wrap elementor-element-populated\">\n\t\t\t\t\t\t<div class=\"elementor-element elementor-element-1e36cc5 elementor-view-default elementor-position-block-start elementor-mobile-position-block-start elementor-invisible elementor-widget elementor-widget-icon-box\" data-id=\"1e36cc5\" data-element_type=\"widget\" data-e-type=\"widget\" data-settings=\"{&quot;_animation&quot;:&quot;fadeIn&quot;}\" data-widget_type=\"icon-box.default\">\n\t\t\t\t<div class=\"elementor-widget-container\">\n\t\t\t\t\t\t\t<div class=\"elementor-icon-box-wrapper\">\n\n\t\t\t\t\t\t<div class=\"elementor-icon-box-icon\">\n\t\t\t\t<span  class=\"elementor-icon\">\n\t\t\t\t<i aria-hidden=\"true\" class=\"icon icon-pushpin\"><\/i>\t\t\t\t<\/span>\n\t\t\t<\/div>\n\t\t\t\n\t\t\t\t\t\t<div class=\"elementor-icon-box-content\">\n\n\t\t\t\t\t\t\t\t\t<h4 class=\"elementor-icon-box-title\">\n\t\t\t\t\t\t<span  >\n\t\t\t\t\t\t\tLa participation du r\u00e9sident qu'elle soit active ou passive valorise le lien aux autres.\t\t\t\t\t\t<\/span>\n\t\t\t\t\t<\/h4>\n\t\t\t\t\n\t\t\t\t\n\t\t\t<\/div>\n\t\t\t\n\t\t<\/div>\n\t\t\t\t\t\t<\/div>\n\t\t\t\t<\/div>\n\t\t\t\t\t<\/div>\n\t\t<\/div>\n\t\t\t\t\t<\/div>\n\t\t<\/section>\n\t\t\t\t\t<\/div>\n\t\t<\/div>\n\t\t\t\t<div class=\"elementor-column elementor-col-50 elementor-top-column elementor-element elementor-element-7c4a490\" data-id=\"7c4a490\" data-element_type=\"column\" data-e-type=\"column\">\n\t\t\t<div class=\"elementor-widget-wrap elementor-element-populated\">\n\t\t\t\t\t\t<div class=\"elementor-element elementor-element-971c6e8 elementor-widget elementor-widget-elementskit-accordion\" data-id=\"971c6e8\" data-element_type=\"widget\" data-e-type=\"widget\" data-widget_type=\"elementskit-accordion.default\">\n\t\t\t\t<div class=\"elementor-widget-container\">\n\t\t\t\t\t<div class=\"ekit-wid-con\" >\n        <div class=\"elementskit-accordion accoedion-primary side-curve\" id=\"accordion-69f04f53e3cb9\">\n\n            \n                <div class=\"elementskit-card active\">\n                    <div class=\"elementskit-card-header\" id=\"primaryHeading-0-971c6e8\">\n                        <a href=\"#collapse-592b53c69f04f53e3cb9\" class=\"ekit-accordion--toggler elementskit-btn-link collapsed\" data-ekit-toggle=\"collapse\" data-target=\"#Collapse-592b53c69f04f53e3cb9\" aria-expanded=\"true\" aria-controls=\"Collapse-592b53c69f04f53e3cb9\">\n                            \n                            <span class=\"ekit-accordion-title\">1\/ Le r\u00f4le de l\u2019animateur\/trice \u00e0 la MAS<\/span>\n\n                            \n                                <div class=\"ekit_accordion_icon_group\">\n                                    <div class=\"ekit_accordion_normal_icon\">\n                                        <!-- Normal Icon -->\n\t\t\t\t\t\t\t\t\t\t<i class=\"icon icon-down-arrow1\"><\/i>                                    <\/div>\n\n                                    <div class=\"ekit_accordion_active_icon\">\n                                        <!-- Active Icon -->\n\t\t\t\t\t\t\t\t\t\t<i class=\"icon icon-up-arrow\"><\/i>                                    <\/div>\n                                <\/div>\n\n                            \n                                                    <\/a>\n                    <\/div>\n\n                    <div id=\"Collapse-592b53c69f04f53e3cb9\" class=\" show collapse\" aria-labelledby=\"primaryHeading-0-971c6e8\" data-parent=\"#accordion-69f04f53e3cb9\">\n\n                        <div class=\"elementskit-card-body ekit-accordion--content\">\n                            <p><span style=\"font-weight: 400\">Cela consiste, dans leur quotidien, de leur offrir de nombreuses activit\u00e9s pr\u00e9alablement planifi\u00e9es (cf.\u00a0: mod\u00e8le de tableau ci-dessous).<\/span><\/p><p><span style=\"font-weight: 400\">La r\u00e9gularit\u00e9 des activit\u00e9s propos\u00e9es favorise l'investissement dans le groupe et le rep\u00e8re spatio-temporel.\u00a0<\/span><\/p><p><span style=\"font-weight: 400\">Les activit\u00e9s en groupe se d\u00e9veloppent en 2 parties : une s\u00e9ance le matin (10h30 \/12h) et une s\u00e9ance l'apr\u00e8s midi (14h30\/16h30).<\/span><\/p><p><img fetchpriority=\"high\" decoding=\"async\" class=\"aligncenter wp-image-2849 size-full\" src=\"https:\/\/hdpdc.fr\/wp-content\/uploads\/2022\/06\/Ex-tableau-activite.png\" alt=\"Exemple tableau animations MAS\" width=\"626\" height=\"297\" srcset=\"https:\/\/hdpdc.fr\/wp-content\/uploads\/2022\/06\/Ex-tableau-activite.png 626w, https:\/\/hdpdc.fr\/wp-content\/uploads\/2022\/06\/Ex-tableau-activite-300x142.png 300w\" sizes=\"(max-width: 626px) 100vw, 626px\" \/><\/p>                        <\/div>\n\n                    <\/div>\n\n                <\/div><!-- .elementskit-card END -->\n\n                \n                <div class=\"elementskit-card \">\n                    <div class=\"elementskit-card-header\" id=\"primaryHeading-1-971c6e8\">\n                        <a href=\"#collapse-73f962b69f04f53e3cb9\" class=\"ekit-accordion--toggler elementskit-btn-link collapsed\" data-ekit-toggle=\"collapse\" data-target=\"#Collapse-73f962b69f04f53e3cb9\" aria-expanded=\"false\" aria-controls=\"Collapse-73f962b69f04f53e3cb9\">\n                            \n                            <span class=\"ekit-accordion-title\">2\/ Les ateliers ou activit\u00e9s<\/span>\n\n                            \n                                <div class=\"ekit_accordion_icon_group\">\n                                    <div class=\"ekit_accordion_normal_icon\">\n                                        <!-- Normal Icon -->\n\t\t\t\t\t\t\t\t\t\t<i class=\"icon icon-down-arrow1\"><\/i>                                    <\/div>\n\n                                    <div class=\"ekit_accordion_active_icon\">\n                                        <!-- Active Icon -->\n\t\t\t\t\t\t\t\t\t\t<i class=\"icon icon-up-arrow\"><\/i>                                    <\/div>\n                                <\/div>\n\n                            \n                                                    <\/a>\n                    <\/div>\n\n                    <div id=\"Collapse-73f962b69f04f53e3cb9\" class=\" collapse\" aria-labelledby=\"primaryHeading-1-971c6e8\" data-parent=\"#accordion-69f04f53e3cb9\">\n\n                        <div class=\"elementskit-card-body ekit-accordion--content\">\n                            <p><span style=\"font-weight: 400\">Elles ont pour but de cibler au mieux les capacit\u00e9s et comp\u00e9tences cognitives du groupe tout en favorisant le fait de se divertir.\u00a0<\/span><\/p><p><span style=\"font-weight: 400\">Les activit\u00e9s sont modulables en fonction de plusieurs crit\u00e8res<\/span><\/p><p><span style=\"font-weight: 400\">-<\/span> <span style=\"font-weight: 400\">R\u00e9ajuster quotidiennement les besoins des personnes en fonction des \u00e9v\u00e8nements survenus et \u00e0 la lecture des transmissions.<\/span><\/p><p><span style=\"font-weight: 400\">-<\/span> <span style=\"font-weight: 400\">Les conditions m\u00e9t\u00e9o, les \u00e9v\u00e8nements exceptionnels ou bien lors des sorties \u00e0 la journ\u00e9e (spectacles, visite, attractions)<\/span><\/p>                        <\/div>\n\n                    <\/div>\n\n                <\/div><!-- .elementskit-card END -->\n\n                \n                <div class=\"elementskit-card \">\n                    <div class=\"elementskit-card-header\" id=\"primaryHeading-2-971c6e8\">\n                        <a href=\"#collapse-d85d6fe69f04f53e3cb9\" class=\"ekit-accordion--toggler elementskit-btn-link collapsed\" data-ekit-toggle=\"collapse\" data-target=\"#Collapse-d85d6fe69f04f53e3cb9\" aria-expanded=\"false\" aria-controls=\"Collapse-d85d6fe69f04f53e3cb9\">\n                            \n                            <span class=\"ekit-accordion-title\">3\/ Le travail en \u00e9quipe<\/span>\n\n                            \n                                <div class=\"ekit_accordion_icon_group\">\n                                    <div class=\"ekit_accordion_normal_icon\">\n                                        <!-- Normal Icon -->\n\t\t\t\t\t\t\t\t\t\t<i class=\"icon icon-down-arrow1\"><\/i>                                    <\/div>\n\n                                    <div class=\"ekit_accordion_active_icon\">\n                                        <!-- Active Icon -->\n\t\t\t\t\t\t\t\t\t\t<i class=\"icon icon-up-arrow\"><\/i>                                    <\/div>\n                                <\/div>\n\n                            \n                                                    <\/a>\n                    <\/div>\n\n                    <div id=\"Collapse-d85d6fe69f04f53e3cb9\" class=\" collapse\" aria-labelledby=\"primaryHeading-2-971c6e8\" data-parent=\"#accordion-69f04f53e3cb9\">\n\n                        <div class=\"elementskit-card-body ekit-accordion--content\">\n                            <p><span style=\"font-weight: 400\">Chaque jour 1 ou 2 agents de l'\u00e9quipe de soins rejoint l'animation pour les activit\u00e9s qui n\u00e9cessitent un accompagnement, en particulier pour les sorties \u00e0 l'ext\u00e9rieur de la MAS.<\/span><\/p><p><span style=\"font-weight: 400\">Ce travail permet \u00e0 l\u2019animateur\/trice de pouvoir \u00e9tablir une \u00e9valuation de l'activit\u00e9 pour chacun des r\u00e9sidents. L\u2019animateur\/trice se sert aussi des transmissions orales quotidiennes lors des rel\u00e8ves pour affiner son accompagnement dans le groupe et privil\u00e9gier une sollicitation individuelle lors d'\u00e9ventuels troubles du comportement. Ces donn\u00e9es sont ensuite int\u00e9gr\u00e9es dans la r\u00e9actualisation des projets personnalis\u00e9s et permettent ainsi de d\u00e9finir d'\u00e9ventuels nouveaux objectifs.<\/span><\/p>                        <\/div>\n\n                    <\/div>\n\n                <\/div><!-- .elementskit-card END -->\n\n                \n                <div class=\"elementskit-card \">\n                    <div class=\"elementskit-card-header\" id=\"primaryHeading-3-971c6e8\">\n                        <a href=\"#collapse-b9c593f69f04f53e3cb9\" class=\"ekit-accordion--toggler elementskit-btn-link collapsed\" data-ekit-toggle=\"collapse\" data-target=\"#Collapse-b9c593f69f04f53e3cb9\" aria-expanded=\"false\" aria-controls=\"Collapse-b9c593f69f04f53e3cb9\">\n                            \n                            <span class=\"ekit-accordion-title\">4\/ L&#039;accompagnement sur des moments cl\u00e9s du quotidien<\/span>\n\n                            \n                                <div class=\"ekit_accordion_icon_group\">\n                                    <div class=\"ekit_accordion_normal_icon\">\n                                        <!-- Normal Icon -->\n\t\t\t\t\t\t\t\t\t\t<i class=\"icon icon-down-arrow1\"><\/i>                                    <\/div>\n\n                                    <div class=\"ekit_accordion_active_icon\">\n                                        <!-- Active Icon -->\n\t\t\t\t\t\t\t\t\t\t<i class=\"icon icon-up-arrow\"><\/i>                                    <\/div>\n                                <\/div>\n\n                            \n                                                    <\/a>\n                    <\/div>\n\n                    <div id=\"Collapse-b9c593f69f04f53e3cb9\" class=\" collapse\" aria-labelledby=\"primaryHeading-3-971c6e8\" data-parent=\"#accordion-69f04f53e3cb9\">\n\n                        <div class=\"elementskit-card-body ekit-accordion--content\">\n                            <p><span style=\"font-weight: 400\">L'animateur\/trice accompagne le repas des r\u00e9sidents soit dans les salles \u00e0 manger ou dans le cadre d'une animation propos\u00e9e telle que le repas \u00e0 th\u00e8me ou le repas convivial.\u00a0<\/span><\/p><p><span style=\"font-weight: 400\">Il\/Elle propose enfin des bains d\u00e9tentes pour des personnes dont les sollicitations sensorielles sont \u00e0 privil\u00e9gier.<\/span><\/p>                        <\/div>\n\n                    <\/div>\n\n                <\/div><!-- .elementskit-card END -->\n\n                                        <\/div>\n    <\/div>\t\t\t\t<\/div>\n\t\t\t\t<\/div>\n\t\t\t\t\t<\/div>\n\t\t<\/div>\n\t\t\t\t\t<\/div>\n\t\t<\/section>\n\t\t\t\t<section class=\"elementor-section elementor-top-section elementor-element elementor-element-b35e571 elementor-section-boxed elementor-section-height-default elementor-section-height-default\" data-id=\"b35e571\" data-element_type=\"section\" data-e-type=\"section\" id=\"B\" data-settings=\"{&quot;background_background&quot;:&quot;classic&quot;}\">\n\t\t\t\t\t\t<div class=\"elementor-container elementor-column-gap-default\">\n\t\t\t\t\t<div class=\"elementor-column elementor-col-50 elementor-top-column elementor-element elementor-element-542c536\" data-id=\"542c536\" data-element_type=\"column\" data-e-type=\"column\">\n\t\t\t<div class=\"elementor-widget-wrap elementor-element-populated\">\n\t\t\t\t\t\t<div class=\"elementor-element elementor-element-9da78d6 elementor-invisible elementor-widget elementor-widget-heading\" data-id=\"9da78d6\" data-element_type=\"widget\" data-e-type=\"widget\" data-settings=\"{&quot;_animation&quot;:&quot;fadeInUp&quot;,&quot;_animation_delay&quot;:200}\" data-widget_type=\"heading.default\">\n\t\t\t\t<div class=\"elementor-widget-container\">\n\t\t\t\t\t<h2 class=\"elementor-heading-title elementor-size-default\">Le psychologue<\/h2>\t\t\t\t<\/div>\n\t\t\t\t<\/div>\n\t\t\t\t<div class=\"elementor-element elementor-element-a785728 elementor-widget elementor-widget-text-editor\" data-id=\"a785728\" data-element_type=\"widget\" data-e-type=\"widget\" data-widget_type=\"text-editor.default\">\n\t\t\t\t<div class=\"elementor-widget-container\">\n\t\t\t\t\t\t\t\t\t<p style=\"text-align: justify;\"><span style=\"font-weight: 400;\">Au sein de la MAS, les missions du psychologue sont tr\u00e8s vari\u00e9es et sont en lien \u00e9troit avec la diversit\u00e9 des personnes accueillies.\u00a0<\/span><\/p><p style=\"text-align: justify;\"><span style=\"font-weight: 400;\">En lien avec l&rsquo;ensemble de l&rsquo;\u00e9quipe, le psychologue propose un suivi th\u00e9rapeutique adapt\u00e9 \u00e0 chaque r\u00e9sident. Il l&rsquo;accompagne au cours des \u00e9tapes qu&rsquo;il traverse mais aussi dans les \u00e9v\u00e9nements de la vie quotidienne. Il participe \u00e9galement \u00e0 la compr\u00e9hension du parcours du r\u00e9sident, de son histoire de vie ainsi qu&rsquo;\u00e0 l&rsquo;\u00e9valuation et au soutien de ses capacit\u00e9s (relationnelles, cognitives, sensorielles, etc).\u00a0<\/span><\/p>\t\t\t\t\t\t\t\t<\/div>\n\t\t\t\t<\/div>\n\t\t\t\t<div class=\"elementor-element elementor-element-0ceefe6 elementor-widget elementor-widget-text-editor\" data-id=\"0ceefe6\" data-element_type=\"widget\" data-e-type=\"widget\" data-widget_type=\"text-editor.default\">\n\t\t\t\t<div class=\"elementor-widget-container\">\n\t\t\t\t\t\t\t\t\t<p><strong>A travers des entretiens individuels, des ateliers en groupe ou des m\u00e9diations th\u00e9rapeutiques, le psychologue encourage les r\u00e9sidents dans leur expression personnelle, qu&rsquo;elle soit verbale, corporelle ou comportementale afin de les accompagner vers une mise en sens de leurs \u00e9motions.<\/strong><\/p><p><img decoding=\"async\" class=\"aligncenter wp-image-2850 size-medium\" src=\"https:\/\/hdpdc.fr\/wp-content\/uploads\/2022\/06\/psy-300x214.png\" alt=\"\" width=\"300\" height=\"214\" srcset=\"https:\/\/hdpdc.fr\/wp-content\/uploads\/2022\/06\/psy-300x214.png 300w, https:\/\/hdpdc.fr\/wp-content\/uploads\/2022\/06\/psy-768x548.png 768w, https:\/\/hdpdc.fr\/wp-content\/uploads\/2022\/06\/psy.png 1024w\" sizes=\"(max-width: 300px) 100vw, 300px\" \/><\/p>\t\t\t\t\t\t\t\t<\/div>\n\t\t\t\t<\/div>\n\t\t\t\t\t<\/div>\n\t\t<\/div>\n\t\t\t\t<div class=\"elementor-column elementor-col-50 elementor-top-column elementor-element elementor-element-5d15ceb\" data-id=\"5d15ceb\" data-element_type=\"column\" data-e-type=\"column\">\n\t\t\t<div class=\"elementor-widget-wrap elementor-element-populated\">\n\t\t\t\t\t\t<div class=\"elementor-element elementor-element-ae797e9 elementor-widget elementor-widget-text-editor\" data-id=\"ae797e9\" data-element_type=\"widget\" data-e-type=\"widget\" data-widget_type=\"text-editor.default\">\n\t\t\t\t<div class=\"elementor-widget-container\">\n\t\t\t\t\t\t\t\t\t<h5 style=\"text-align: justify;\"><b>Les entretiens individuels<\/b><\/h5><p style=\"text-align: justify;\"><span style=\"font-weight: 400;\">Le suivi psychologique s&rsquo;effectue en individuel \u00e0 la demande du r\u00e9sident, de l&rsquo;\u00e9quipe ou de la famille, dans le bureau du psychologue.<\/span><\/p><p style=\"text-align: justify;\"><span style=\"font-weight: 400;\">Celui-ci garantit un espace confidentiel et s\u00e9curisant o\u00f9 le r\u00e9sident est invit\u00e9 s&rsquo;exprimer en utilisant les moyens dont il dispose : communication verbale, utilisation de pictogrammes, communication non-verbale corporelle ou sonore, etc.<\/span><\/p><h5 style=\"text-align: justify;\"><b>Les ateliers en groupe<\/b><\/h5><p style=\"text-align: justify;\"><span style=\"font-weight: 400;\">Le psychologue participe \u00e0 la vie de la MAS, il contribue aux ateliers de groupes afin de favoriser les relations et \u00e9changes sociaux entre les r\u00e9sidents.\u00a0<\/span><\/p><p style=\"text-align: justify;\"><span style=\"font-weight: 400;\">C&rsquo;est \u00e9galement l&rsquo;occasion d&rsquo;observer les r\u00e9sidents dans des activit\u00e9s diverses qui stimulent leurs capacit\u00e9s.<\/span><\/p><h5 style=\"text-align: justify;\"><b>La m\u00e9diation th\u00e9rapeutique<\/b><\/h5><p style=\"text-align: justify;\"><span style=\"font-weight: 400;\">En individuel ou en groupe, les m\u00e9diations th\u00e9rapeutiques permettent d&rsquo;introduire un \u00e9l\u00e9ment m\u00e9diateur dans l&rsquo;\u00e9change: dessin, peinture, \u00e9criture, jeux sensoriels ou \u00e9ducatifs, musique, \u00e9l\u00e9ments visuels.\u00a0<\/span><\/p><p style=\"text-align: justify;\"><span style=\"font-weight: 400;\">Ceux-ci, venant faire tiers dans la relation, permettent de faciliter la communication, l&rsquo;expression d&rsquo;\u00e9motions, sollicite la cr\u00e9ativit\u00e9, l&rsquo;humour et se r\u00e9v\u00e8lent tr\u00e8s b\u00e9n\u00e9fiques dans le travail autour du symbolique.\u00a0<\/span><\/p><p style=\"text-align: justify;\"><span style=\"font-weight: 400;\">Le psychologue propose \u00e9galement un soutien \u00e0 l&rsquo;\u00e9quipe, aux familles, aux relations familiales et \u00e0 la parentalit\u00e9 dans les situations de handicap, polyhandicap, autisme, etc.<\/span><\/p>\t\t\t\t\t\t\t\t<\/div>\n\t\t\t\t<\/div>\n\t\t\t\t\t<\/div>\n\t\t<\/div>\n\t\t\t\t\t<\/div>\n\t\t<\/section>\n\t\t\t\t<section class=\"elementor-section elementor-top-section elementor-element elementor-element-f4210c0 elementor-section-full_width elementor-section-height-default elementor-section-height-default\" data-id=\"f4210c0\" data-element_type=\"section\" data-e-type=\"section\" id=\"C\">\n\t\t\t\t\t\t<div class=\"elementor-container elementor-column-gap-default\">\n\t\t\t\t\t<div class=\"elementor-column elementor-col-50 elementor-top-column elementor-element elementor-element-4db573c\" data-id=\"4db573c\" data-element_type=\"column\" data-e-type=\"column\">\n\t\t\t<div class=\"elementor-widget-wrap elementor-element-populated\">\n\t\t\t\t\t\t<div class=\"elementor-element elementor-element-ba951a0 elementor-invisible elementor-widget elementor-widget-heading\" data-id=\"ba951a0\" data-element_type=\"widget\" data-e-type=\"widget\" data-settings=\"{&quot;_animation&quot;:&quot;fadeInUp&quot;,&quot;_animation_delay&quot;:200}\" data-widget_type=\"heading.default\">\n\t\t\t\t<div class=\"elementor-widget-container\">\n\t\t\t\t\t<h2 class=\"elementor-heading-title elementor-size-default\">La psychomotricienne<\/h2>\t\t\t\t<\/div>\n\t\t\t\t<\/div>\n\t\t\t\t<div class=\"elementor-element elementor-element-221e17a elementor-widget elementor-widget-text-editor\" data-id=\"221e17a\" data-element_type=\"widget\" data-e-type=\"widget\" data-widget_type=\"text-editor.default\">\n\t\t\t\t<div class=\"elementor-widget-container\">\n\t\t\t\t\t\t\t\t\t<p><span style=\"font-weight: 400;\">Elle recouvre le domaine des r\u00e9gulations de <\/span><b>l&rsquo;activit\u00e9 motrice<\/b><span style=\"font-weight: 400;\"> dans ses rapports avec <\/span><b>l&rsquo;activit\u00e9 psychique<\/b><span style=\"font-weight: 400;\">, <\/span><b>sensorielle<\/b><span style=\"font-weight: 400;\">, <\/span><b>affective<\/b><span style=\"font-weight: 400;\">, <\/span><b>intellectuelle<\/b><span style=\"font-weight: 400;\">, <\/span><b>\u00e9motionnelle<\/b><span style=\"font-weight: 400;\"> \u00e0 tous les \u00e2ges de la vie.\u00a0<\/span><\/p><p><span style=\"font-weight: 400;\">Les suivis en psychomotricit\u00e9 se font dans le cadre du projet d&rsquo;accompagnement individualis\u00e9. Nous disposons \u00e0 la M.A.S d&rsquo;une salle de psychomotricit\u00e9.\u00a0<\/span><\/p><p><span style=\"font-weight: 400;\">Cependant, les s\u00e9ances en psychomotricit\u00e9 peuvent avoir lieu dans diff\u00e9rents espaces : ext\u00e9rieur (milieu naturel, milieu culturel), salle snoezelen, salle de relaxation &#8230;<\/span><\/p><p><strong>La psychomotricit\u00e9 est une discipline param\u00e9dicale.\u00a0<\/strong><\/p>\t\t\t\t\t\t\t\t<\/div>\n\t\t\t\t<\/div>\n\t\t\t\t\t<\/div>\n\t\t<\/div>\n\t\t\t\t<div class=\"elementor-column elementor-col-50 elementor-top-column elementor-element elementor-element-cf7719d\" data-id=\"cf7719d\" data-element_type=\"column\" data-e-type=\"column\">\n\t\t\t<div class=\"elementor-widget-wrap elementor-element-populated\">\n\t\t\t\t\t\t<div class=\"elementor-element elementor-element-4db4d24 elementor-invisible elementor-widget elementor-widget-image\" data-id=\"4db4d24\" data-element_type=\"widget\" data-e-type=\"widget\" data-settings=\"{&quot;_animation&quot;:&quot;fadeInUp&quot;}\" data-widget_type=\"image.default\">\n\t\t\t\t<div class=\"elementor-widget-container\">\n\t\t\t\t\t\t\t\t\t\t\t\t\t\t\t<img decoding=\"async\" width=\"1707\" height=\"2560\" src=\"https:\/\/hdpdc.fr\/wp-content\/uploads\/2022\/05\/DSC02606-scaled.jpg\" class=\"attachment-full size-full wp-image-2132\" alt=\"La maison d&#039;accueil sp\u00e9cialis\u00e9e de l&#039;h\u00f4pital de Tarascon des h\u00f4pitaux des portes de Camargue comporte un jardin qui poss\u00e8de de multiples activit\u00e9s adapt\u00e9es \u00e0 nos r\u00e9sidents.\" srcset=\"https:\/\/hdpdc.fr\/wp-content\/uploads\/2022\/05\/DSC02606-scaled.jpg 1707w, https:\/\/hdpdc.fr\/wp-content\/uploads\/2022\/05\/DSC02606-200x300.jpg 200w, https:\/\/hdpdc.fr\/wp-content\/uploads\/2022\/05\/DSC02606-683x1024.jpg 683w, https:\/\/hdpdc.fr\/wp-content\/uploads\/2022\/05\/DSC02606-768x1152.jpg 768w, https:\/\/hdpdc.fr\/wp-content\/uploads\/2022\/05\/DSC02606-1024x1536.jpg 1024w, https:\/\/hdpdc.fr\/wp-content\/uploads\/2022\/05\/DSC02606-1365x2048.jpg 1365w\" sizes=\"(max-width: 1707px) 100vw, 1707px\" \/>\t\t\t\t\t\t\t\t\t\t\t\t\t\t\t<\/div>\n\t\t\t\t<\/div>\n\t\t\t\t\t<\/div>\n\t\t<\/div>\n\t\t\t\t\t<\/div>\n\t\t<\/section>\n\t\t\t\t<section class=\"elementor-section elementor-top-section elementor-element elementor-element-787d6c3 elementor-section-boxed elementor-section-height-default elementor-section-height-default\" data-id=\"787d6c3\" data-element_type=\"section\" data-e-type=\"section\">\n\t\t\t\t\t\t<div class=\"elementor-container elementor-column-gap-no\">\n\t\t\t\t\t<div class=\"elementor-column elementor-col-50 elementor-top-column elementor-element elementor-element-03653a1\" data-id=\"03653a1\" data-element_type=\"column\" data-e-type=\"column\">\n\t\t\t<div class=\"elementor-widget-wrap elementor-element-populated\">\n\t\t\t\t\t\t<section class=\"elementor-section elementor-inner-section elementor-element elementor-element-6ffea22 elementor-section-boxed elementor-section-height-default elementor-section-height-default\" data-id=\"6ffea22\" data-element_type=\"section\" data-e-type=\"section\">\n\t\t\t\t\t\t<div class=\"elementor-container elementor-column-gap-no\">\n\t\t\t\t\t<div class=\"elementor-column elementor-col-100 elementor-inner-column elementor-element elementor-element-0361823\" data-id=\"0361823\" data-element_type=\"column\" data-e-type=\"column\">\n\t\t\t<div class=\"elementor-widget-wrap elementor-element-populated\">\n\t\t\t\t\t\t<div class=\"elementor-element elementor-element-5140180 elementor-widget elementor-widget-image\" data-id=\"5140180\" data-element_type=\"widget\" data-e-type=\"widget\" data-widget_type=\"image.default\">\n\t\t\t\t<div class=\"elementor-widget-container\">\n\t\t\t\t\t\t\t\t\t\t\t\t\t\t\t<img loading=\"lazy\" decoding=\"async\" width=\"683\" height=\"1024\" src=\"https:\/\/hdpdc.fr\/wp-content\/uploads\/2022\/05\/SNOEZELEN-683x1024.jpg\" class=\"elementor-animation-grow attachment-large size-large wp-image-1582\" alt=\"Salle snoezelen \u00e0 la maison d&#039;accueil sp\u00e9cialis\u00e9e, h\u00f4pital de Tarascon des h\u00f4pitaux des portes de Camargue. Cette salle permet aux r\u00e9sidents de stimuler les sens pour apaiser les mont\u00e9es d&#039;angoisse, de peur, d&#039;agressivit\u00e9,...\" srcset=\"https:\/\/hdpdc.fr\/wp-content\/uploads\/2022\/05\/SNOEZELEN-683x1024.jpg 683w, https:\/\/hdpdc.fr\/wp-content\/uploads\/2022\/05\/SNOEZELEN-200x300.jpg 200w, https:\/\/hdpdc.fr\/wp-content\/uploads\/2022\/05\/SNOEZELEN-768x1152.jpg 768w, https:\/\/hdpdc.fr\/wp-content\/uploads\/2022\/05\/SNOEZELEN-1024x1536.jpg 1024w, https:\/\/hdpdc.fr\/wp-content\/uploads\/2022\/05\/SNOEZELEN-1365x2048.jpg 1365w, https:\/\/hdpdc.fr\/wp-content\/uploads\/2022\/05\/SNOEZELEN-scaled.jpg 1707w\" sizes=\"(max-width: 683px) 100vw, 683px\" \/>\t\t\t\t\t\t\t\t\t\t\t\t\t\t\t<\/div>\n\t\t\t\t<\/div>\n\t\t\t\t\t<\/div>\n\t\t<\/div>\n\t\t\t\t\t<\/div>\n\t\t<\/section>\n\t\t\t\t\t<\/div>\n\t\t<\/div>\n\t\t\t\t<div class=\"elementor-column elementor-col-50 elementor-top-column elementor-element elementor-element-f309a7b\" data-id=\"f309a7b\" data-element_type=\"column\" data-e-type=\"column\">\n\t\t\t<div class=\"elementor-widget-wrap elementor-element-populated\">\n\t\t\t\t\t\t<section class=\"elementor-section elementor-inner-section elementor-element elementor-element-c480783 elementor-section-boxed elementor-section-height-default elementor-section-height-default\" data-id=\"c480783\" data-element_type=\"section\" data-e-type=\"section\">\n\t\t\t\t\t\t<div class=\"elementor-container elementor-column-gap-no\">\n\t\t\t\t\t<div class=\"elementor-column elementor-col-100 elementor-inner-column elementor-element elementor-element-2a40fc3\" data-id=\"2a40fc3\" data-element_type=\"column\" data-e-type=\"column\">\n\t\t\t<div class=\"elementor-widget-wrap elementor-element-populated\">\n\t\t\t\t\t\t<div class=\"elementor-element elementor-element-f64ad63 elementor-invisible elementor-widget elementor-widget-heading\" data-id=\"f64ad63\" data-element_type=\"widget\" data-e-type=\"widget\" data-settings=\"{&quot;_animation&quot;:&quot;fadeInUp&quot;,&quot;_animation_delay&quot;:200}\" data-widget_type=\"heading.default\">\n\t\t\t\t<div class=\"elementor-widget-container\">\n\t\t\t\t\t<h2 class=\"elementor-heading-title elementor-size-default\">S\u00e9ance Snoezelen :<\/h2>\t\t\t\t<\/div>\n\t\t\t\t<\/div>\n\t\t\t\t<div class=\"elementor-element elementor-element-6bbe4f6 elementor-widget elementor-widget-text-editor\" data-id=\"6bbe4f6\" data-element_type=\"widget\" data-e-type=\"widget\" data-widget_type=\"text-editor.default\">\n\t\t\t\t<div class=\"elementor-widget-container\">\n\t\t\t\t\t\t\t\t\t<p style=\"text-align: justify;\"><span style=\"font-weight: 400;\">Apporte du confort, de la d\u00e9tente, libert\u00e9 d&rsquo;agir, soutien et enrichissement. Les exp\u00e9riences sensorielles harmonieuses et vari\u00e9es cr\u00e9ent une relation s\u00e9curisante et privil\u00e9gi\u00e9e, favorisent l&rsquo;expression et le choix, s&rsquo;adaptent au rythme de la personne.<\/span><\/p>\t\t\t\t\t\t\t\t<\/div>\n\t\t\t\t<\/div>\n\t\t\t\t<div class=\"elementor-element elementor-element-6c189fe elementor-widget elementor-widget-elementskit-accordion\" data-id=\"6c189fe\" data-element_type=\"widget\" data-e-type=\"widget\" data-widget_type=\"elementskit-accordion.default\">\n\t\t\t\t<div class=\"elementor-widget-container\">\n\t\t\t\t\t<div class=\"ekit-wid-con\" >\n        <div class=\"elementskit-accordion accoedion-primary side-curve\" id=\"accordion-69f04f53eb75e\">\n\n            \n                <div class=\"elementskit-card active\">\n                    <div class=\"elementskit-card-header\" id=\"primaryHeading-0-6c189fe\">\n                        <a href=\"#collapse-592b53c69f04f53eb75e\" class=\"ekit-accordion--toggler elementskit-btn-link collapsed\" data-ekit-toggle=\"collapse\" data-target=\"#Collapse-592b53c69f04f53eb75e\" aria-expanded=\"true\" aria-controls=\"Collapse-592b53c69f04f53eb75e\">\n                            \n                            <span class=\"ekit-accordion-title\">S\u00e9ance de relaxation en groupe<\/span>\n\n                            \n                                <div class=\"ekit_accordion_icon_group\">\n                                    <div class=\"ekit_accordion_normal_icon\">\n                                        <!-- Normal Icon -->\n\t\t\t\t\t\t\t\t\t\t<i class=\"icon icon-down-arrow1\"><\/i>                                    <\/div>\n\n                                    <div class=\"ekit_accordion_active_icon\">\n                                        <!-- Active Icon -->\n\t\t\t\t\t\t\t\t\t\t<i class=\"icon icon-up-arrow\"><\/i>                                    <\/div>\n                                <\/div>\n\n                            \n                                                    <\/a>\n                    <\/div>\n\n                    <div id=\"Collapse-592b53c69f04f53eb75e\" class=\" show collapse\" aria-labelledby=\"primaryHeading-0-6c189fe\" data-parent=\"#accordion-69f04f53eb75e\">\n\n                        <div class=\"elementskit-card-body ekit-accordion--content\">\n                            <p><span style=\"font-weight: 400\">L'atelier propos\u00e9 invite \u00e0 la d\u00e9tente corporelle et psychique gr\u00e2ce \u00e0 une qualit\u00e9 relationnelle, \u00e0 des invitations sensorielles, des r\u00e8gles simples et stables, des rep\u00e8res de personnes, de temps et d'espace. <\/span><\/p><p><span style=\"font-weight: 400\">Sa mission est d'\u00eatre un lieu d'accueil contenant et apaisant.<\/span><\/p>                        <\/div>\n\n                    <\/div>\n\n                <\/div><!-- .elementskit-card END -->\n\n                \n                <div class=\"elementskit-card \">\n                    <div class=\"elementskit-card-header\" id=\"primaryHeading-1-6c189fe\">\n                        <a href=\"#collapse-73f962b69f04f53eb75e\" class=\"ekit-accordion--toggler elementskit-btn-link collapsed\" data-ekit-toggle=\"collapse\" data-target=\"#Collapse-73f962b69f04f53eb75e\" aria-expanded=\"false\" aria-controls=\"Collapse-73f962b69f04f53eb75e\">\n                            \n                            <span class=\"ekit-accordion-title\">Atelier \u00ab Corps et peinture \u00bb en groupe<\/span>\n\n                            \n                                <div class=\"ekit_accordion_icon_group\">\n                                    <div class=\"ekit_accordion_normal_icon\">\n                                        <!-- Normal Icon -->\n\t\t\t\t\t\t\t\t\t\t<i class=\"icon icon-down-arrow1\"><\/i>                                    <\/div>\n\n                                    <div class=\"ekit_accordion_active_icon\">\n                                        <!-- Active Icon -->\n\t\t\t\t\t\t\t\t\t\t<i class=\"icon icon-up-arrow\"><\/i>                                    <\/div>\n                                <\/div>\n\n                            \n                                                    <\/a>\n                    <\/div>\n\n                    <div id=\"Collapse-73f962b69f04f53eb75e\" class=\" collapse\" aria-labelledby=\"primaryHeading-1-6c189fe\" data-parent=\"#accordion-69f04f53eb75e\">\n\n                        <div class=\"elementskit-card-body ekit-accordion--content\">\n                            <p><span style=\"font-weight: 400\">L'atelier permet de se situer dans un espace graphique, de se situer dans le temps (se situer dans l'instant pr\u00e9sent, se souvenir et se projeter gr\u00e2ce \u00e0 la mise en place d'exposition dans diff\u00e9rents lieux culturels), prendre plaisir \u00e0 vivre son action et \u00e0 exprimer son ressenti en fonction de ses capacit\u00e9s.<\/span><\/p>                        <\/div>\n\n                    <\/div>\n\n                <\/div><!-- .elementskit-card END -->\n\n                \n                <div class=\"elementskit-card \">\n                    <div class=\"elementskit-card-header\" id=\"primaryHeading-2-6c189fe\">\n                        <a href=\"#collapse-d85d6fe69f04f53eb75e\" class=\"ekit-accordion--toggler elementskit-btn-link collapsed\" data-ekit-toggle=\"collapse\" data-target=\"#Collapse-d85d6fe69f04f53eb75e\" aria-expanded=\"false\" aria-controls=\"Collapse-d85d6fe69f04f53eb75e\">\n                            \n                            <span class=\"ekit-accordion-title\">S\u00e9ance individuelle adapt\u00e9e aux besoins de chaque personne visant selon les besoins du r\u00e9sident \u00e0 solliciter :<\/span>\n\n                            \n                                <div class=\"ekit_accordion_icon_group\">\n                                    <div class=\"ekit_accordion_normal_icon\">\n                                        <!-- Normal Icon -->\n\t\t\t\t\t\t\t\t\t\t<i class=\"icon icon-down-arrow1\"><\/i>                                    <\/div>\n\n                                    <div class=\"ekit_accordion_active_icon\">\n                                        <!-- Active Icon -->\n\t\t\t\t\t\t\t\t\t\t<i class=\"icon icon-up-arrow\"><\/i>                                    <\/div>\n                                <\/div>\n\n                            \n                                                    <\/a>\n                    <\/div>\n\n                    <div id=\"Collapse-d85d6fe69f04f53eb75e\" class=\" collapse\" aria-labelledby=\"primaryHeading-2-6c189fe\" data-parent=\"#accordion-69f04f53eb75e\">\n\n                        <div class=\"elementskit-card-body ekit-accordion--content\">\n                            <p><span style=\"font-weight: 400\">La motricit\u00e9 globale - l'\u00e9quilibre statique et dynamique (marche ... ) - la coordination - la motricit\u00e9 fine - la m\u00e9morisation - l'apprentissage cognitif - la motricit\u00e9 manuelle - le tonus musculaire - la prise d'initiative - la d\u00e9tente - le bien-\u00eatre - la communication verbale et non-verbale - la vie relationnelle - les capacit\u00e9s sensorielles - le sch\u00e9ma corporel.<\/span><\/p>                        <\/div>\n\n                    <\/div>\n\n                <\/div><!-- .elementskit-card END -->\n\n                                        <\/div>\n    <\/div>\t\t\t\t<\/div>\n\t\t\t\t<\/div>\n\t\t\t\t\t<\/div>\n\t\t<\/div>\n\t\t\t\t\t<\/div>\n\t\t<\/section>\n\t\t\t\t\t<\/div>\n\t\t<\/div>\n\t\t\t\t\t<\/div>\n\t\t<\/section>\n\t\t\t\t<section class=\"elementor-section elementor-top-section elementor-element elementor-element-77d7c08 elementor-section-boxed elementor-section-height-default elementor-section-height-default\" data-id=\"77d7c08\" data-element_type=\"section\" data-e-type=\"section\">\n\t\t\t\t\t\t<div class=\"elementor-container elementor-column-gap-no\">\n\t\t\t\t\t<div class=\"elementor-column elementor-col-50 elementor-top-column elementor-element elementor-element-73366c7\" data-id=\"73366c7\" data-element_type=\"column\" data-e-type=\"column\">\n\t\t\t<div class=\"elementor-widget-wrap elementor-element-populated\">\n\t\t\t\t\t\t<section class=\"elementor-section elementor-inner-section elementor-element elementor-element-0fcd08e elementor-section-boxed elementor-section-height-default elementor-section-height-default\" data-id=\"0fcd08e\" data-element_type=\"section\" data-e-type=\"section\">\n\t\t\t\t\t\t<div class=\"elementor-container elementor-column-gap-no\">\n\t\t\t\t\t<div class=\"elementor-column elementor-col-100 elementor-inner-column elementor-element elementor-element-9a454fc\" data-id=\"9a454fc\" data-element_type=\"column\" data-e-type=\"column\">\n\t\t\t<div class=\"elementor-widget-wrap elementor-element-populated\">\n\t\t\t\t\t\t<div class=\"elementor-element elementor-element-8b9b523 elementor-invisible elementor-widget elementor-widget-heading\" data-id=\"8b9b523\" data-element_type=\"widget\" data-e-type=\"widget\" data-settings=\"{&quot;_animation&quot;:&quot;fadeInUp&quot;,&quot;_animation_delay&quot;:200}\" data-widget_type=\"heading.default\">\n\t\t\t\t<div class=\"elementor-widget-container\">\n\t\t\t\t\t<h2 class=\"elementor-heading-title elementor-size-default\">Une approche non-m\u00e9dicamenteuse multisensorielle<\/h2>\t\t\t\t<\/div>\n\t\t\t\t<\/div>\n\t\t\t\t<div class=\"elementor-element elementor-element-53843a8 elementor-widget elementor-widget-text-editor\" data-id=\"53843a8\" data-element_type=\"widget\" data-e-type=\"widget\" data-widget_type=\"text-editor.default\">\n\t\t\t\t<div class=\"elementor-widget-container\">\n\t\t\t\t\t\t\t\t\t<p><span style=\"font-weight: 400;\">L&rsquo;approche Snoezelen est n\u00e9e en Hollande dans les ann\u00e9es 70 dans un centre pour personnes handicap\u00e9es d\u00e9pendantes. Sa pratique s&rsquo;est \u00e9tendue dans de nombreux pays, dans tout type de services des soins et\/ou \u00e9ducatifs pour enfants et adultes. L&rsquo;approche Snoezelen part du principe que la sensorialit\u00e9 est ce qui permet \u00e0 l&rsquo;\u00eatre humain de se constituer un champ d&rsquo;exp\u00e9riences indispensables pour son existence et son \u00e9panouissement. Durant les s\u00e9ances, les diff\u00e9rents sens sont sollicit\u00e9s afin de cr\u00e9er une ambiance propice \u00e0 la d\u00e9tente, \u00e0 la d\u00e9couverte et \u00e0 la communication (verbale ou non verbale).\u00a0<\/span><\/p><p><span style=\"font-weight: 400;\">En 2007, d\u00e9butent les premi\u00e8res formations pour le personnel de la M.A.S. Une salle est d\u00e9di\u00e9e au Snoezelen au premier \u00e9tage de la M.A.S\u00a0<\/span><\/p><p><span style=\"font-weight: 400;\">Un accompagnement multi-sensoriel vise le bien-\u00eatre de la personne (r\u00e9sident ou patient). Cette approche relationnelle se fait par le biais de propositions sensorielles vari\u00e9es (audi\u00adtives, olfactives, gustatives, visuelles, tactiles, proprioceptives, vibratoire, vestibulaires).\u00a0<\/span><\/p>\t\t\t\t\t\t\t\t<\/div>\n\t\t\t\t<\/div>\n\t\t\t\t\t<\/div>\n\t\t<\/div>\n\t\t\t\t\t<\/div>\n\t\t<\/section>\n\t\t\t\t\t<\/div>\n\t\t<\/div>\n\t\t\t\t<div class=\"elementor-column elementor-col-50 elementor-top-column elementor-element elementor-element-f6892e1\" data-id=\"f6892e1\" data-element_type=\"column\" data-e-type=\"column\">\n\t\t\t<div class=\"elementor-widget-wrap elementor-element-populated\">\n\t\t\t\t\t\t<section class=\"elementor-section elementor-inner-section elementor-element elementor-element-0dbb789 elementor-section-boxed elementor-section-height-default elementor-section-height-default\" data-id=\"0dbb789\" data-element_type=\"section\" data-e-type=\"section\">\n\t\t\t\t\t\t<div class=\"elementor-container elementor-column-gap-default\">\n\t\t\t\t\t<div class=\"elementor-column elementor-col-100 elementor-inner-column elementor-element elementor-element-bda0211 elementor-invisible\" data-id=\"bda0211\" data-element_type=\"column\" data-e-type=\"column\" data-settings=\"{&quot;animation&quot;:&quot;zoomIn&quot;}\">\n\t\t\t<div class=\"elementor-widget-wrap elementor-element-populated\">\n\t\t\t\t\t\t<div class=\"elementor-element elementor-element-6f1f13b elementor-view-default elementor-position-block-start elementor-mobile-position-block-start elementor-invisible elementor-widget elementor-widget-icon-box\" data-id=\"6f1f13b\" data-element_type=\"widget\" data-e-type=\"widget\" data-settings=\"{&quot;_animation&quot;:&quot;fadeIn&quot;}\" data-widget_type=\"icon-box.default\">\n\t\t\t\t<div class=\"elementor-widget-container\">\n\t\t\t\t\t\t\t<div class=\"elementor-icon-box-wrapper\">\n\n\t\t\t\t\t\t<div class=\"elementor-icon-box-icon\">\n\t\t\t\t<span  class=\"elementor-icon\">\n\t\t\t\t<i aria-hidden=\"true\" class=\"icon icon-pushpin\"><\/i>\t\t\t\t<\/span>\n\t\t\t<\/div>\n\t\t\t\n\t\t\t\t\t\t<div class=\"elementor-icon-box-content\">\n\n\t\t\t\t\t\t\t\t\t<h4 class=\"elementor-icon-box-title\">\n\t\t\t\t\t\t<span  >\n\t\t\t\t\t\t\tCes invitations sensorielles sont propos\u00e9es en fonction de la demande ou de l'int\u00e9r\u00eat du r\u00e9sident.\t\t\t\t\t\t<\/span>\n\t\t\t\t\t<\/h4>\n\t\t\t\t\n\t\t\t\t\t\t\t\t\t<p class=\"elementor-icon-box-description\">\n\t\t\t\t\t\t<br>- La proposition et le suivi de l'accompagnement multi-sensoriel se fait en lien avec le projet de soin et projet individualis\u00e9<br><br>\n\n- L'accompagnement ne sera propos\u00e9 que par du personnel form\u00e9 (formation snoezelen) ...<br><br>\n\n- Bien-\u00eatre est propre \u00e0 chaque personne\n<br><br>\n- S'adapter aux souhaits sensoriels de chaque personne\n<br><br>\n- Approche multi- sensorielle est avant tout un support relationnel autour duquel une intimit\u00e9 se cr\u00e9e.\t\t\t\t\t<\/p>\n\t\t\t\t\n\t\t\t<\/div>\n\t\t\t\n\t\t<\/div>\n\t\t\t\t\t\t<\/div>\n\t\t\t\t<\/div>\n\t\t\t\t\t<\/div>\n\t\t<\/div>\n\t\t\t\t\t<\/div>\n\t\t<\/section>\n\t\t\t\t\t<\/div>\n\t\t<\/div>\n\t\t\t\t\t<\/div>\n\t\t<\/section>\n\t\t\t\t<section class=\"elementor-section elementor-top-section elementor-element elementor-element-ab00eee elementor-section-boxed elementor-section-height-default elementor-section-height-default\" data-id=\"ab00eee\" data-element_type=\"section\" data-e-type=\"section\" id=\"D\" data-settings=\"{&quot;background_background&quot;:&quot;classic&quot;}\">\n\t\t\t\t\t\t<div class=\"elementor-container elementor-column-gap-default\">\n\t\t\t\t\t<div class=\"elementor-column elementor-col-50 elementor-top-column elementor-element elementor-element-772729a\" data-id=\"772729a\" data-element_type=\"column\" data-e-type=\"column\">\n\t\t\t<div class=\"elementor-widget-wrap elementor-element-populated\">\n\t\t\t\t\t\t<div class=\"elementor-element elementor-element-df347c0 elementor-invisible elementor-widget elementor-widget-heading\" data-id=\"df347c0\" data-element_type=\"widget\" data-e-type=\"widget\" data-settings=\"{&quot;_animation&quot;:&quot;fadeInUp&quot;,&quot;_animation_delay&quot;:200}\" data-widget_type=\"heading.default\">\n\t\t\t\t<div class=\"elementor-widget-container\">\n\t\t\t\t\t<h2 class=\"elementor-heading-title elementor-size-default\">L\u2019\u00e9ducateur sp\u00e9cialis\u00e9<\/h2>\t\t\t\t<\/div>\n\t\t\t\t<\/div>\n\t\t\t\t<div class=\"elementor-element elementor-element-5d0e5fe elementor-widget elementor-widget-text-editor\" data-id=\"5d0e5fe\" data-element_type=\"widget\" data-e-type=\"widget\" data-widget_type=\"text-editor.default\">\n\t\t\t\t<div class=\"elementor-widget-container\">\n\t\t\t\t\t\t\t\t\t<p><b>Les sorties d&rsquo;int\u00e9gration sociale :\u00a0<\/b><\/p><p style=\"text-align: justify;\"><b>Valeurs \u00e9ducatives<\/b> <span style=\"font-weight: 400;\">: Elles permettent de v\u00e9hiculer 2 valeurs fortes : la citoyennet\u00e9 et la d\u00e9mocratie (loi 2002-2 et 2005).\u00a0<\/span><\/p><p style=\"text-align: justify;\"><span style=\"font-weight: 400;\">La citoyennet\u00e9, c&rsquo;est l&rsquo;apprentissage de la vie en soci\u00e9t\u00e9, le respect de l&rsquo;autre et de l&rsquo;environnement ainsi que la cr\u00e9ation de liens de solidarit\u00e9.\u00a0<\/span><\/p><p style=\"text-align: justify;\"><span style=\"font-weight: 400;\">La d\u00e9mocratie, c&rsquo;est le droit \u00e0 la diff\u00e9rence, \u00e0 la parole et \u00e0 la participation. C&rsquo;est se sentir acteur.\u00a0<\/span><\/p>\t\t\t\t\t\t\t\t<\/div>\n\t\t\t\t<\/div>\n\t\t\t\t<div class=\"elementor-element elementor-element-5c1ddbb elementor-widget elementor-widget-text-editor\" data-id=\"5c1ddbb\" data-element_type=\"widget\" data-e-type=\"widget\" data-widget_type=\"text-editor.default\">\n\t\t\t\t<div class=\"elementor-widget-container\">\n\t\t\t\t\t\t\t\t\t<p><b>Objectifs \u00e9ducatifs<\/b><span style=\"font-weight: 400;\"> :<\/span><\/p><ul><li style=\"font-weight: 400;\" aria-level=\"1\"><strong>Permettre au r\u00e9sident de vivre des temps de loisirs et de d\u00e9couverte.<\/strong><\/li><li style=\"font-weight: 400;\" aria-level=\"1\"><strong>Favoriser et permettre l&rsquo;apprentissage de la citoyennet\u00e9 par la socialisation, l&rsquo;expression et le respect d&rsquo;autrui et de soi.\u00a0<\/strong><\/li><li style=\"font-weight: 400;\" aria-level=\"1\"><strong>Le d\u00e9veloppement des comp\u00e9tences cognitives au travers de d\u00e9couvertes culturelles (mus\u00e9e, biblioth\u00e8que, spectacles&#8230; ).<\/strong><\/li><li style=\"font-weight: 400;\" aria-level=\"1\"><strong>Transmettre les valeurs de la soci\u00e9t\u00e9, l&rsquo;ouverture vers l&rsquo;ext\u00e9rieur.<\/strong><\/li><li style=\"font-weight: 400;\" aria-level=\"1\"><strong>Stimuler la curiosit\u00e9, la d\u00e9couverte, l&rsquo;\u00e9panouissement.<\/strong><\/li><\/ul>\t\t\t\t\t\t\t\t<\/div>\n\t\t\t\t<\/div>\n\t\t\t\t<div class=\"elementor-element elementor-element-456bcdf elementor-invisible elementor-widget elementor-widget-image\" data-id=\"456bcdf\" data-element_type=\"widget\" data-e-type=\"widget\" data-settings=\"{&quot;_animation&quot;:&quot;fadeInUp&quot;}\" data-widget_type=\"image.default\">\n\t\t\t\t<div class=\"elementor-widget-container\">\n\t\t\t\t\t\t\t\t\t\t\t\t\t\t\t<img loading=\"lazy\" decoding=\"async\" width=\"2560\" height=\"1707\" src=\"https:\/\/hdpdc.fr\/wp-content\/uploads\/2022\/05\/MUSIQUE2-scaled.jpg\" class=\"attachment-full size-full wp-image-1604\" alt=\"Jardin musical \u00e0 la Maison d&#039;accueil sp\u00e9cialis\u00e9e de l&#039;h\u00f4pital de Tarascon, h\u00f4pitaux des portes de Camargue. Ici le xylophone permet aux r\u00e9sidents de s&#039;amuser en toute s\u00e9curit\u00e9.\" srcset=\"https:\/\/hdpdc.fr\/wp-content\/uploads\/2022\/05\/MUSIQUE2-scaled.jpg 2560w, https:\/\/hdpdc.fr\/wp-content\/uploads\/2022\/05\/MUSIQUE2-300x200.jpg 300w, https:\/\/hdpdc.fr\/wp-content\/uploads\/2022\/05\/MUSIQUE2-1024x683.jpg 1024w, https:\/\/hdpdc.fr\/wp-content\/uploads\/2022\/05\/MUSIQUE2-768x512.jpg 768w, https:\/\/hdpdc.fr\/wp-content\/uploads\/2022\/05\/MUSIQUE2-1536x1024.jpg 1536w, https:\/\/hdpdc.fr\/wp-content\/uploads\/2022\/05\/MUSIQUE2-2048x1365.jpg 2048w\" sizes=\"(max-width: 2560px) 100vw, 2560px\" \/>\t\t\t\t\t\t\t\t\t\t\t\t\t\t\t<\/div>\n\t\t\t\t<\/div>\n\t\t\t\t\t<\/div>\n\t\t<\/div>\n\t\t\t\t<div class=\"elementor-column elementor-col-50 elementor-top-column elementor-element elementor-element-5818eab\" data-id=\"5818eab\" data-element_type=\"column\" data-e-type=\"column\">\n\t\t\t<div class=\"elementor-widget-wrap elementor-element-populated\">\n\t\t\t\t\t\t<div class=\"elementor-element elementor-element-eac73fd elementor-widget elementor-widget-text-editor\" data-id=\"eac73fd\" data-element_type=\"widget\" data-e-type=\"widget\" data-widget_type=\"text-editor.default\">\n\t\t\t\t<div class=\"elementor-widget-container\">\n\t\t\t\t\t\t\t\t\t<p style=\"text-align: justify;\"><b>D\u00e9roulement<\/b><span style=\"font-weight: 400;\"> : les sorties d&rsquo;int\u00e9gration sociale au sein de la MAS \u00ab le soleil \u00bb se coordonnent selon un rythme de 2 sorties hebdomadaires.<\/span><\/p><p style=\"text-align: justify;\"><b>Une sortie le lundi apr\u00e8s-midi de 14h30 \u00e0 17h00.<\/b><span style=\"font-weight: 400;\"> Elle est d\u00e9di\u00e9e \u00e0 un groupe fixe de 4 \u00e0 6 r\u00e9sidents dans le but de d\u00e9velopper leurs capacit\u00e9s cognitives au travers d&rsquo;actions culturelles (visites de mus\u00e9e, spectacles, d\u00e9couverte de lieux historiques, \u2026).\u00a0<\/span><\/p><p style=\"text-align: justify;\"><span style=\"font-weight: 400;\">Cette sortie est aussi l&rsquo;occasion de se rendre dans des commerces pour l&rsquo;achat de cadeaux d&rsquo;anniversaire ou autre pour les autres r\u00e9sidents de la MAS.\u00a0<\/span><\/p><p style=\"text-align: justify;\"><b>Une sortie le vendredi apr\u00e8s-midi<\/b><span style=\"font-weight: 400;\"> vou\u00e9e \u00e0 \u00eatre un moment de d\u00e9tente et de bien \u00eatre \u00e0 l&rsquo;ext\u00e9rieur. Ce sont des petites balades suivies d&rsquo;un rafra\u00eechissement dans un caf\u00e9.\u00a0<\/span><\/p><p style=\"text-align: justify;\"><span style=\"font-weight: 400;\">Cette sortie est d\u00e9di\u00e9e \u00e0 un groupe fixe de 5 r\u00e9sidents qui ne sortent pas en famille le week-end et qui vivent de fa\u00e7on compliqu\u00e9e cette fin de semaine.<\/span><\/p><p style=\"text-align: justify;\"><b>L&rsquo;atelier apprentissage et d\u00e9couverte :\u00a0<\/b><span style=\"font-weight: 400;\">Cet atelier a d\u00e9marr\u00e9 au cours de l&rsquo;ann\u00e9e 2021 et se d\u00e9roule le <\/span>jeudi apr\u00e8s-midi<span style=\"font-weight: 400;\">. Il est anim\u00e9 par l&rsquo;\u00e9ducateur sp\u00e9cialis\u00e9. Il est destin\u00e9 \u00e0 un groupe de r\u00e9sidents (6 \u00e0 8 personnes) dans le but de d\u00e9velopper leurs comp\u00e9tences cognitives mais il est aussi ouvert \u00e0 d&rsquo;autres r\u00e9sidents de la MAS qui y t\u00e9moignent de l&rsquo;int\u00e9r\u00eat, de la curiosit\u00e9 et qui sont alors invit\u00e9s.<\/span><\/p><p style=\"text-align: justify;\"><span style=\"font-weight: 400;\">L&rsquo;objectif principal \u00e9tant, par le biais de projections de documentaires, de favoriser le d\u00e9veloppement intellectuel et culturel, la connaissance et le d\u00e9veloppement critique.<\/span><\/p><p style=\"text-align: justify;\"><span style=\"font-weight: 400;\">Cet atelier doit s&rsquo;articuler sur la notion de plaisir qui facilite le d\u00e9veloppement social, les relations interindividuelles, la sociabilit\u00e9, l&rsquo;\u00e9change, la disparition de l&rsquo;\u00e9gocentrisme.\u00a0<\/span><\/p><p style=\"text-align: justify;\"><span style=\"font-weight: 400;\">Autres objectifs recherch\u00e9s :<\/span><\/p><ul style=\"text-align: justify;\"><li><span style=\"font-weight: 400;\">Trouver sa place dans le groupe.<\/span><\/li><li><span style=\"font-weight: 400;\">Prendre la parole.<\/span><\/li><li><span style=\"font-weight: 400;\">Donner son point de vue.<\/span><\/li><li><span style=\"font-weight: 400;\">Ecouter et respecter celui des autres<\/span><\/li><\/ul><p style=\"text-align: justify;\"><span style=\"font-weight: 400;\">Quelques exemples de th\u00e8mes abord\u00e9s au cours de cet atelier : <\/span><\/p><ul><li style=\"text-align: justify;\"><span style=\"font-weight: 400;\">La faune et la flore de l&rsquo;ile de Born\u00e9o.<\/span><\/li><li style=\"text-align: justify;\"><span style=\"font-weight: 400;\">Le m\u00e9tier de souffleur de verre.<\/span><\/li><li style=\"text-align: justify;\"><span style=\"font-weight: 400;\">Le r\u00e9chauffement climatique et la fonte des glaces.<\/span><\/li><li style=\"text-align: justify;\"><span style=\"font-weight: 400;\">Le syst\u00e8me solaire et ses plan\u00e8tes.<\/span><\/li><\/ul>\t\t\t\t\t\t\t\t<\/div>\n\t\t\t\t<\/div>\n\t\t\t\t\t<\/div>\n\t\t<\/div>\n\t\t\t\t\t<\/div>\n\t\t<\/section>\n\t\t\t\t<section class=\"elementor-section elementor-top-section elementor-element elementor-element-3515e1f elementor-hidden-mobile elementor-section-boxed elementor-section-height-default elementor-section-height-default\" data-id=\"3515e1f\" data-element_type=\"section\" data-e-type=\"section\">\n\t\t\t\t\t\t<div class=\"elementor-container elementor-column-gap-default\">\n\t\t\t\t\t<div class=\"elementor-column elementor-col-100 elementor-top-column elementor-element elementor-element-f059644\" data-id=\"f059644\" data-element_type=\"column\" data-e-type=\"column\">\n\t\t\t<div class=\"elementor-widget-wrap elementor-element-populated\">\n\t\t\t\t\t\t<div class=\"elementor-element elementor-element-4f1a5d1 elementor-widget elementor-widget-heading\" data-id=\"4f1a5d1\" data-element_type=\"widget\" data-e-type=\"widget\" data-widget_type=\"heading.default\">\n\t\t\t\t<div class=\"elementor-widget-container\">\n\t\t\t\t\t<h5 class=\"elementor-heading-title elementor-size-default\">H\u00f4pitaux des Portes de Camargue<\/h5>\t\t\t\t<\/div>\n\t\t\t\t<\/div>\n\t\t\t\t<div class=\"elementor-element elementor-element-5425afd elementor-widget elementor-widget-text-editor\" data-id=\"5425afd\" data-element_type=\"widget\" data-e-type=\"widget\" data-widget_type=\"text-editor.default\">\n\t\t\t\t<div class=\"elementor-widget-container\">\n\t\t\t\t\t\t\t\t\t<p><b>Liens utiles<\/b><\/p>\t\t\t\t\t\t\t\t<\/div>\n\t\t\t\t<\/div>\n\t\t\t\t\t<\/div>\n\t\t<\/div>\n\t\t\t\t\t<\/div>\n\t\t<\/section>\n\t\t\t\t<section class=\"elementor-section elementor-top-section elementor-element elementor-element-c814b89 elementor-section-full_width elementor-hidden-mobile elementor-section-height-default elementor-section-height-default\" data-id=\"c814b89\" data-element_type=\"section\" data-e-type=\"section\">\n\t\t\t\t\t\t<div class=\"elementor-container elementor-column-gap-default\">\n\t\t\t\t\t<div class=\"elementor-column elementor-col-100 elementor-top-column elementor-element elementor-element-3037d05\" data-id=\"3037d05\" data-element_type=\"column\" data-e-type=\"column\">\n\t\t\t<div class=\"elementor-widget-wrap elementor-element-populated\">\n\t\t\t\t\t\t<section class=\"elementor-section elementor-inner-section elementor-element elementor-element-d9d2608 elementor-section-full_width elementor-section-height-default elementor-section-height-default\" data-id=\"d9d2608\" data-element_type=\"section\" data-e-type=\"section\">\n\t\t\t\t\t\t<div class=\"elementor-container elementor-column-gap-extended\">\n\t\t\t\t\t<div class=\"elementor-column elementor-col-25 elementor-inner-column elementor-element elementor-element-bcdd2d5 elementor-invisible\" data-id=\"bcdd2d5\" data-element_type=\"column\" data-e-type=\"column\" data-settings=\"{&quot;animation&quot;:&quot;zoomIn&quot;}\">\n\t\t\t<div class=\"elementor-widget-wrap elementor-element-populated\">\n\t\t\t\t\t\t<div class=\"elementor-element elementor-element-a297d38 ekit-equal-height-enable elementor-widget elementor-widget-elementskit-icon-box\" data-id=\"a297d38\" data-element_type=\"widget\" data-e-type=\"widget\" data-widget_type=\"elementskit-icon-box.default\">\n\t\t\t\t<div class=\"elementor-widget-container\">\n\t\t\t\t\t<div class=\"ekit-wid-con\" >        <!-- link opening -->\n                <!-- end link opening -->\n\n        <div class=\"elementskit-infobox text-center text- icon-top-align elementor-animation-float  gradient-active  hover_from_bottom\">\n                            <div class=\"elementskit-box-header\">\n                <div class=\"elementskit-info-box-icon \">\n                    <img loading=\"lazy\" decoding=\"async\" width=\"1039\" height=\"1031\" src=\"https:\/\/hdpdc.fr\/wp-content\/uploads\/2022\/05\/Gouvernance_Plan-de-travail-1-copie-3.png\" class=\"attachment- size-\" alt=\"\" srcset=\"https:\/\/hdpdc.fr\/wp-content\/uploads\/2022\/05\/Gouvernance_Plan-de-travail-1-copie-3.png 1039w, https:\/\/hdpdc.fr\/wp-content\/uploads\/2022\/05\/Gouvernance_Plan-de-travail-1-copie-3-300x298.png 300w, https:\/\/hdpdc.fr\/wp-content\/uploads\/2022\/05\/Gouvernance_Plan-de-travail-1-copie-3-1024x1016.png 1024w, https:\/\/hdpdc.fr\/wp-content\/uploads\/2022\/05\/Gouvernance_Plan-de-travail-1-copie-3-150x150.png 150w, https:\/\/hdpdc.fr\/wp-content\/uploads\/2022\/05\/Gouvernance_Plan-de-travail-1-copie-3-768x762.png 768w\" sizes=\"(max-width: 1039px) 100vw, 1039px\" \/>                <\/div>\n          <\/div>\n                <div class=\"box-body\">\n                            <h3 class=\"elementskit-info-box-title\">\n                    Gouvernance                <\/h3>\n                        \t\t  \t<p>Pr\u00e9sentation &amp; Organigramme<\/p>\n                                        <div class=\"box-footer disable_hover_button\">\n                    <div class=\"btn-wraper\">\n                                                            <a class=\"elementskit-btn whitespace--normal\" href=\"https:\/\/hdpdc.fr\/index.php\/accueil\/organisation-gouvernance\/\">\n                                        <i aria-hidden=\"true\" class=\"fas fa-door-open\"><\/i>                                                                            <\/a>\n                                                        <\/div>\n                <\/div>\n                    <\/div>\n        \n        \n                <\/div>\n        <\/div>\t\t\t\t<\/div>\n\t\t\t\t<\/div>\n\t\t\t\t\t<\/div>\n\t\t<\/div>\n\t\t\t\t<div class=\"elementor-column elementor-col-25 elementor-inner-column elementor-element elementor-element-419de2b elementor-invisible\" data-id=\"419de2b\" data-element_type=\"column\" data-e-type=\"column\" data-settings=\"{&quot;animation&quot;:&quot;zoomIn&quot;}\">\n\t\t\t<div class=\"elementor-widget-wrap elementor-element-populated\">\n\t\t\t\t\t\t<div class=\"elementor-element elementor-element-edb0ea1 ekit-equal-height-enable elementor-widget elementor-widget-elementskit-icon-box\" data-id=\"edb0ea1\" data-element_type=\"widget\" data-e-type=\"widget\" data-widget_type=\"elementskit-icon-box.default\">\n\t\t\t\t<div class=\"elementor-widget-container\">\n\t\t\t\t\t<div class=\"ekit-wid-con\" >        <!-- link opening -->\n                <!-- end link opening -->\n\n        <div class=\"elementskit-infobox text-center text- icon-top-align elementor-animation-float  gradient-active  hover_from_bottom\">\n                            <div class=\"elementskit-box-header\">\n                <div class=\"elementskit-info-box-icon \">\n                    <img loading=\"lazy\" decoding=\"async\" width=\"1039\" height=\"1031\" src=\"https:\/\/hdpdc.fr\/wp-content\/uploads\/2022\/05\/Carriere_Plan-de-travail-1-copie-6.png\" class=\"attachment- size-\" alt=\"\" srcset=\"https:\/\/hdpdc.fr\/wp-content\/uploads\/2022\/05\/Carriere_Plan-de-travail-1-copie-6.png 1039w, https:\/\/hdpdc.fr\/wp-content\/uploads\/2022\/05\/Carriere_Plan-de-travail-1-copie-6-300x298.png 300w, https:\/\/hdpdc.fr\/wp-content\/uploads\/2022\/05\/Carriere_Plan-de-travail-1-copie-6-1024x1016.png 1024w, https:\/\/hdpdc.fr\/wp-content\/uploads\/2022\/05\/Carriere_Plan-de-travail-1-copie-6-150x150.png 150w, https:\/\/hdpdc.fr\/wp-content\/uploads\/2022\/05\/Carriere_Plan-de-travail-1-copie-6-768x762.png 768w\" sizes=\"(max-width: 1039px) 100vw, 1039px\" \/>                <\/div>\n          <\/div>\n                <div class=\"box-body\">\n                            <h3 class=\"elementskit-info-box-title\">\n                    Carri\u00e8re                <\/h3>\n                        \t\t  \t<p>Offre d'emploi<\/p>\n                                        <div class=\"box-footer disable_hover_button\">\n                    <div class=\"btn-wraper\">\n                                                            <a class=\"elementskit-btn whitespace--normal\" href=\"https:\/\/hdpdc.fr\/index.php\/accueil\/professionnels\/nos-offres-demploi\/\">\n                                        <i aria-hidden=\"true\" class=\"fas fa-door-open\"><\/i>                                                                            <\/a>\n                                                        <\/div>\n                <\/div>\n                    <\/div>\n        \n        \n                <\/div>\n        <\/div>\t\t\t\t<\/div>\n\t\t\t\t<\/div>\n\t\t\t\t\t<\/div>\n\t\t<\/div>\n\t\t\t\t<div class=\"elementor-column elementor-col-25 elementor-inner-column elementor-element elementor-element-444919d elementor-invisible\" data-id=\"444919d\" data-element_type=\"column\" data-e-type=\"column\" data-settings=\"{&quot;animation&quot;:&quot;zoomIn&quot;}\">\n\t\t\t<div class=\"elementor-widget-wrap elementor-element-populated\">\n\t\t\t\t\t\t<div class=\"elementor-element elementor-element-58f461e ekit-equal-height-enable elementor-widget elementor-widget-elementskit-icon-box\" data-id=\"58f461e\" data-element_type=\"widget\" data-e-type=\"widget\" data-widget_type=\"elementskit-icon-box.default\">\n\t\t\t\t<div class=\"elementor-widget-container\">\n\t\t\t\t\t<div class=\"ekit-wid-con\" >        <!-- link opening -->\n                <!-- end link opening -->\n\n        <div class=\"elementskit-infobox text-center text- icon-top-align elementor-animation-float  gradient-active  hover_from_bottom\">\n                            <div class=\"elementskit-box-header\">\n                <div class=\"elementskit-info-box-icon \">\n                    <img loading=\"lazy\" decoding=\"async\" width=\"1039\" height=\"1031\" src=\"https:\/\/hdpdc.fr\/wp-content\/uploads\/2022\/05\/Partenaires_Plan-de-travail-1-copie.png\" class=\"attachment- size-\" alt=\"\" srcset=\"https:\/\/hdpdc.fr\/wp-content\/uploads\/2022\/05\/Partenaires_Plan-de-travail-1-copie.png 1039w, https:\/\/hdpdc.fr\/wp-content\/uploads\/2022\/05\/Partenaires_Plan-de-travail-1-copie-300x298.png 300w, https:\/\/hdpdc.fr\/wp-content\/uploads\/2022\/05\/Partenaires_Plan-de-travail-1-copie-1024x1016.png 1024w, https:\/\/hdpdc.fr\/wp-content\/uploads\/2022\/05\/Partenaires_Plan-de-travail-1-copie-150x150.png 150w, https:\/\/hdpdc.fr\/wp-content\/uploads\/2022\/05\/Partenaires_Plan-de-travail-1-copie-768x762.png 768w\" sizes=\"(max-width: 1039px) 100vw, 1039px\" \/>                <\/div>\n          <\/div>\n                <div class=\"box-body\">\n                            <h3 class=\"elementskit-info-box-title\">\n                    Partenaires                <\/h3>\n                        \t\t  \t<p>Pour la sant\u00e9 des Proven\u00e7aux<\/p>\n                                        <div class=\"box-footer disable_hover_button\">\n                    <div class=\"btn-wraper\">\n                                                            <a class=\"elementskit-btn whitespace--normal\" href=\"https:\/\/hdpdc.fr\/index.php\/accueil\/les-partenaires-des-hopitaux-des-portes-de-camargue\/\">\n                                        <i aria-hidden=\"true\" class=\"fas fa-door-open\"><\/i>                                                                            <\/a>\n                                                        <\/div>\n                <\/div>\n                    <\/div>\n        \n        \n                <\/div>\n        <\/div>\t\t\t\t<\/div>\n\t\t\t\t<\/div>\n\t\t\t\t\t<\/div>\n\t\t<\/div>\n\t\t\t\t<div class=\"elementor-column elementor-col-25 elementor-inner-column elementor-element elementor-element-bbc9254 elementor-invisible\" data-id=\"bbc9254\" data-element_type=\"column\" data-e-type=\"column\" data-settings=\"{&quot;animation&quot;:&quot;zoomIn&quot;}\">\n\t\t\t<div class=\"elementor-widget-wrap elementor-element-populated\">\n\t\t\t\t\t\t<div class=\"elementor-element elementor-element-518ec36 ekit-equal-height-disable elementor-widget elementor-widget-elementskit-icon-box\" data-id=\"518ec36\" data-element_type=\"widget\" data-e-type=\"widget\" data-widget_type=\"elementskit-icon-box.default\">\n\t\t\t\t<div class=\"elementor-widget-container\">\n\t\t\t\t\t<div class=\"ekit-wid-con\" >        <!-- link opening -->\n                <!-- end link opening -->\n\n        <div class=\"elementskit-infobox text-center text- icon-top-align elementor-animation-float  gradient-active  hover_from_bottom\">\n                            <div class=\"elementskit-box-header\">\n                <div class=\"elementskit-info-box-icon \">\n                    <img loading=\"lazy\" decoding=\"async\" width=\"1039\" height=\"1031\" src=\"https:\/\/hdpdc.fr\/wp-content\/uploads\/2022\/05\/Engagements_Plan-de-travail-1-copie-2.png\" class=\"attachment- size-\" alt=\"\" srcset=\"https:\/\/hdpdc.fr\/wp-content\/uploads\/2022\/05\/Engagements_Plan-de-travail-1-copie-2.png 1039w, https:\/\/hdpdc.fr\/wp-content\/uploads\/2022\/05\/Engagements_Plan-de-travail-1-copie-2-300x298.png 300w, https:\/\/hdpdc.fr\/wp-content\/uploads\/2022\/05\/Engagements_Plan-de-travail-1-copie-2-1024x1016.png 1024w, https:\/\/hdpdc.fr\/wp-content\/uploads\/2022\/05\/Engagements_Plan-de-travail-1-copie-2-150x150.png 150w, https:\/\/hdpdc.fr\/wp-content\/uploads\/2022\/05\/Engagements_Plan-de-travail-1-copie-2-768x762.png 768w\" sizes=\"(max-width: 1039px) 100vw, 1039px\" \/>                <\/div>\n          <\/div>\n                <div class=\"box-body\">\n                            <h3 class=\"elementskit-info-box-title\">\n                    Engagements                <\/h3>\n                        \t\t  \t<p>D\u00e9veloppement<br>durable<\/p>\n                                        <div class=\"box-footer disable_hover_button\">\n                    <div class=\"btn-wraper\">\n                                                            <a class=\"elementskit-btn whitespace--normal\" href=\"https:\/\/hdpdc.fr\/index.php\/accueil\/nos-engagements\/\">\n                                        <i aria-hidden=\"true\" class=\"fas fa-door-open\"><\/i>                                                                            <\/a>\n                                                        <\/div>\n                <\/div>\n                    <\/div>\n        \n        \n                <\/div>\n        <\/div>\t\t\t\t<\/div>\n\t\t\t\t<\/div>\n\t\t\t\t\t<\/div>\n\t\t<\/div>\n\t\t\t\t\t<\/div>\n\t\t<\/section>\n\t\t\t\t\t<\/div>\n\t\t<\/div>\n\t\t\t\t\t<\/div>\n\t\t<\/section>\n\t\t\t\t<\/div>\n\t\t","protected":false},"excerpt":{"rendered":"<p>Home Les activit\u00e9s propos\u00e9es Maison d&rsquo;accueil sp\u00e9cialis\u00e9e L\u2019animateur L&rsquo;animation repr\u00e9sente un axe tout aussi important que les soins prodigu\u00e9s \u00e0 une personne vivant en institution.\u00a0 L&rsquo;animation apporte des stimulations multiples\u00a0: intellectuelle, sociale, physique et sensorielle. Cela englobe un volet pr\u00e9ventif afin de limiter l&rsquo;ennui et une r\u00e9gression pour chacun des r\u00e9sidents.\u00a0 En activit\u00e9 ou en [&hellip;]<\/p>\n","protected":false},"author":3,"featured_media":0,"parent":383,"menu_order":0,"comment_status":"closed","ping_status":"closed","template":"elementor_header_footer","meta":{"_acf_changed":false,"footnotes":""},"class_list":["post-1587","page","type-page","status-publish","hentry"],"acf":[],"yoast_head":"<!-- This site is optimized with the Yoast SEO plugin v27.4 - https:\/\/yoast.com\/product\/yoast-seo-wordpress\/ -->\n<title>Activit\u00e9s en maison d&#039;accueil - H\u00f4pitaux des Portes de Camargue<\/title>\n<meta name=\"robots\" content=\"index, follow, max-snippet:-1, max-image-preview:large, max-video-preview:-1\" \/>\n<link rel=\"canonical\" href=\"https:\/\/hdpdc.fr\/index.php\/accueil\/maison-daccueil-specialisee\/votre-sejour\/activites-en-maison-daccueil\/\" \/>\n<meta property=\"og:locale\" content=\"fr_FR\" \/>\n<meta property=\"og:type\" content=\"article\" \/>\n<meta property=\"og:title\" content=\"Activit\u00e9s en maison d&#039;accueil - H\u00f4pitaux des Portes de Camargue\" \/>\n<meta property=\"og:description\" content=\"Home Les activit\u00e9s propos\u00e9es Maison d&rsquo;accueil sp\u00e9cialis\u00e9e L\u2019animateur L&rsquo;animation repr\u00e9sente un axe tout aussi important que les soins prodigu\u00e9s \u00e0 une personne vivant en institution.\u00a0 L&rsquo;animation apporte des stimulations multiples\u00a0: intellectuelle, sociale, physique et sensorielle. Cela englobe un volet pr\u00e9ventif afin de limiter l&rsquo;ennui et une r\u00e9gression pour chacun des r\u00e9sidents.\u00a0 En activit\u00e9 ou en [&hellip;]\" \/>\n<meta property=\"og:url\" content=\"https:\/\/hdpdc.fr\/index.php\/accueil\/maison-daccueil-specialisee\/votre-sejour\/activites-en-maison-daccueil\/\" \/>\n<meta property=\"og:site_name\" content=\"H\u00f4pitaux des Portes de Camargue\" \/>\n<meta property=\"article:modified_time\" content=\"2022-06-09T12:08:22+00:00\" \/>\n<meta property=\"og:image\" content=\"https:\/\/hdpdc.fr\/wp-content\/uploads\/2022\/06\/Ex-tableau-activite.png\" \/>\n<meta name=\"twitter:card\" content=\"summary_large_image\" \/>\n<meta name=\"twitter:label1\" content=\"Dur\u00e9e de lecture estim\u00e9e\" \/>\n\t<meta name=\"twitter:data1\" content=\"11 minutes\" \/>\n<script type=\"application\/ld+json\" class=\"yoast-schema-graph\">{\"@context\":\"https:\\\/\\\/schema.org\",\"@graph\":[{\"@type\":\"WebPage\",\"@id\":\"https:\\\/\\\/hdpdc.fr\\\/index.php\\\/accueil\\\/maison-daccueil-specialisee\\\/votre-sejour\\\/activites-en-maison-daccueil\\\/\",\"url\":\"https:\\\/\\\/hdpdc.fr\\\/index.php\\\/accueil\\\/maison-daccueil-specialisee\\\/votre-sejour\\\/activites-en-maison-daccueil\\\/\",\"name\":\"Activit\u00e9s en maison d'accueil - H\u00f4pitaux des Portes de Camargue\",\"isPartOf\":{\"@id\":\"https:\\\/\\\/hdpdc.fr\\\/#website\"},\"primaryImageOfPage\":{\"@id\":\"https:\\\/\\\/hdpdc.fr\\\/index.php\\\/accueil\\\/maison-daccueil-specialisee\\\/votre-sejour\\\/activites-en-maison-daccueil\\\/#primaryimage\"},\"image\":{\"@id\":\"https:\\\/\\\/hdpdc.fr\\\/index.php\\\/accueil\\\/maison-daccueil-specialisee\\\/votre-sejour\\\/activites-en-maison-daccueil\\\/#primaryimage\"},\"thumbnailUrl\":\"https:\\\/\\\/hdpdc.fr\\\/wp-content\\\/uploads\\\/2022\\\/06\\\/Ex-tableau-activite.png\",\"datePublished\":\"2022-05-13T08:00:34+00:00\",\"dateModified\":\"2022-06-09T12:08:22+00:00\",\"breadcrumb\":{\"@id\":\"https:\\\/\\\/hdpdc.fr\\\/index.php\\\/accueil\\\/maison-daccueil-specialisee\\\/votre-sejour\\\/activites-en-maison-daccueil\\\/#breadcrumb\"},\"inLanguage\":\"fr-FR\",\"potentialAction\":[{\"@type\":\"ReadAction\",\"target\":[\"https:\\\/\\\/hdpdc.fr\\\/index.php\\\/accueil\\\/maison-daccueil-specialisee\\\/votre-sejour\\\/activites-en-maison-daccueil\\\/\"]}]},{\"@type\":\"ImageObject\",\"inLanguage\":\"fr-FR\",\"@id\":\"https:\\\/\\\/hdpdc.fr\\\/index.php\\\/accueil\\\/maison-daccueil-specialisee\\\/votre-sejour\\\/activites-en-maison-daccueil\\\/#primaryimage\",\"url\":\"https:\\\/\\\/hdpdc.fr\\\/wp-content\\\/uploads\\\/2022\\\/06\\\/Ex-tableau-activite.png\",\"contentUrl\":\"https:\\\/\\\/hdpdc.fr\\\/wp-content\\\/uploads\\\/2022\\\/06\\\/Ex-tableau-activite.png\",\"width\":626,\"height\":297,\"caption\":\"Exemple tableau animations MAS\"},{\"@type\":\"BreadcrumbList\",\"@id\":\"https:\\\/\\\/hdpdc.fr\\\/index.php\\\/accueil\\\/maison-daccueil-specialisee\\\/votre-sejour\\\/activites-en-maison-daccueil\\\/#breadcrumb\",\"itemListElement\":[{\"@type\":\"ListItem\",\"position\":1,\"name\":\"Accueil\",\"item\":\"https:\\\/\\\/hdpdc.fr\\\/\"},{\"@type\":\"ListItem\",\"position\":2,\"name\":\"Accueil\",\"item\":\"https:\\\/\\\/hdpdc.fr\\\/\"},{\"@type\":\"ListItem\",\"position\":3,\"name\":\"Maison d&rsquo;accueil sp\u00e9cialis\u00e9e\",\"item\":\"https:\\\/\\\/hdpdc.fr\\\/index.php\\\/accueil\\\/maison-daccueil-specialisee\\\/\"},{\"@type\":\"ListItem\",\"position\":4,\"name\":\"Votre s\u00e9jour\",\"item\":\"https:\\\/\\\/hdpdc.fr\\\/index.php\\\/accueil\\\/maison-daccueil-specialisee\\\/votre-sejour\\\/\"},{\"@type\":\"ListItem\",\"position\":5,\"name\":\"Activit\u00e9s en maison d&rsquo;accueil\"}]},{\"@type\":\"WebSite\",\"@id\":\"https:\\\/\\\/hdpdc.fr\\\/#website\",\"url\":\"https:\\\/\\\/hdpdc.fr\\\/\",\"name\":\"H\u00f4pitaux des Portes de Camargue\",\"description\":\"Etablissement Public de Sant\u00e9\",\"potentialAction\":[{\"@type\":\"SearchAction\",\"target\":{\"@type\":\"EntryPoint\",\"urlTemplate\":\"https:\\\/\\\/hdpdc.fr\\\/?s={search_term_string}\"},\"query-input\":{\"@type\":\"PropertyValueSpecification\",\"valueRequired\":true,\"valueName\":\"search_term_string\"}}],\"inLanguage\":\"fr-FR\"}]}<\/script>\n<!-- \/ Yoast SEO plugin. -->","yoast_head_json":{"title":"Activit\u00e9s en maison d'accueil - H\u00f4pitaux des Portes de Camargue","robots":{"index":"index","follow":"follow","max-snippet":"max-snippet:-1","max-image-preview":"max-image-preview:large","max-video-preview":"max-video-preview:-1"},"canonical":"https:\/\/hdpdc.fr\/index.php\/accueil\/maison-daccueil-specialisee\/votre-sejour\/activites-en-maison-daccueil\/","og_locale":"fr_FR","og_type":"article","og_title":"Activit\u00e9s en maison d'accueil - H\u00f4pitaux des Portes de Camargue","og_description":"Home Les activit\u00e9s propos\u00e9es Maison d&rsquo;accueil sp\u00e9cialis\u00e9e L\u2019animateur L&rsquo;animation repr\u00e9sente un axe tout aussi important que les soins prodigu\u00e9s \u00e0 une personne vivant en institution.\u00a0 L&rsquo;animation apporte des stimulations multiples\u00a0: intellectuelle, sociale, physique et sensorielle. Cela englobe un volet pr\u00e9ventif afin de limiter l&rsquo;ennui et une r\u00e9gression pour chacun des r\u00e9sidents.\u00a0 En activit\u00e9 ou en [&hellip;]","og_url":"https:\/\/hdpdc.fr\/index.php\/accueil\/maison-daccueil-specialisee\/votre-sejour\/activites-en-maison-daccueil\/","og_site_name":"H\u00f4pitaux des Portes de Camargue","article_modified_time":"2022-06-09T12:08:22+00:00","og_image":[{"url":"https:\/\/hdpdc.fr\/wp-content\/uploads\/2022\/06\/Ex-tableau-activite.png","type":"","width":"","height":""}],"twitter_card":"summary_large_image","twitter_misc":{"Dur\u00e9e de lecture estim\u00e9e":"11 minutes"},"schema":{"@context":"https:\/\/schema.org","@graph":[{"@type":"WebPage","@id":"https:\/\/hdpdc.fr\/index.php\/accueil\/maison-daccueil-specialisee\/votre-sejour\/activites-en-maison-daccueil\/","url":"https:\/\/hdpdc.fr\/index.php\/accueil\/maison-daccueil-specialisee\/votre-sejour\/activites-en-maison-daccueil\/","name":"Activit\u00e9s en maison d'accueil - H\u00f4pitaux des Portes de Camargue","isPartOf":{"@id":"https:\/\/hdpdc.fr\/#website"},"primaryImageOfPage":{"@id":"https:\/\/hdpdc.fr\/index.php\/accueil\/maison-daccueil-specialisee\/votre-sejour\/activites-en-maison-daccueil\/#primaryimage"},"image":{"@id":"https:\/\/hdpdc.fr\/index.php\/accueil\/maison-daccueil-specialisee\/votre-sejour\/activites-en-maison-daccueil\/#primaryimage"},"thumbnailUrl":"https:\/\/hdpdc.fr\/wp-content\/uploads\/2022\/06\/Ex-tableau-activite.png","datePublished":"2022-05-13T08:00:34+00:00","dateModified":"2022-06-09T12:08:22+00:00","breadcrumb":{"@id":"https:\/\/hdpdc.fr\/index.php\/accueil\/maison-daccueil-specialisee\/votre-sejour\/activites-en-maison-daccueil\/#breadcrumb"},"inLanguage":"fr-FR","potentialAction":[{"@type":"ReadAction","target":["https:\/\/hdpdc.fr\/index.php\/accueil\/maison-daccueil-specialisee\/votre-sejour\/activites-en-maison-daccueil\/"]}]},{"@type":"ImageObject","inLanguage":"fr-FR","@id":"https:\/\/hdpdc.fr\/index.php\/accueil\/maison-daccueil-specialisee\/votre-sejour\/activites-en-maison-daccueil\/#primaryimage","url":"https:\/\/hdpdc.fr\/wp-content\/uploads\/2022\/06\/Ex-tableau-activite.png","contentUrl":"https:\/\/hdpdc.fr\/wp-content\/uploads\/2022\/06\/Ex-tableau-activite.png","width":626,"height":297,"caption":"Exemple tableau animations MAS"},{"@type":"BreadcrumbList","@id":"https:\/\/hdpdc.fr\/index.php\/accueil\/maison-daccueil-specialisee\/votre-sejour\/activites-en-maison-daccueil\/#breadcrumb","itemListElement":[{"@type":"ListItem","position":1,"name":"Accueil","item":"https:\/\/hdpdc.fr\/"},{"@type":"ListItem","position":2,"name":"Accueil","item":"https:\/\/hdpdc.fr\/"},{"@type":"ListItem","position":3,"name":"Maison d&rsquo;accueil sp\u00e9cialis\u00e9e","item":"https:\/\/hdpdc.fr\/index.php\/accueil\/maison-daccueil-specialisee\/"},{"@type":"ListItem","position":4,"name":"Votre s\u00e9jour","item":"https:\/\/hdpdc.fr\/index.php\/accueil\/maison-daccueil-specialisee\/votre-sejour\/"},{"@type":"ListItem","position":5,"name":"Activit\u00e9s en maison d&rsquo;accueil"}]},{"@type":"WebSite","@id":"https:\/\/hdpdc.fr\/#website","url":"https:\/\/hdpdc.fr\/","name":"H\u00f4pitaux des Portes de Camargue","description":"Etablissement Public de Sant\u00e9","potentialAction":[{"@type":"SearchAction","target":{"@type":"EntryPoint","urlTemplate":"https:\/\/hdpdc.fr\/?s={search_term_string}"},"query-input":{"@type":"PropertyValueSpecification","valueRequired":true,"valueName":"search_term_string"}}],"inLanguage":"fr-FR"}]}},"_links":{"self":[{"href":"https:\/\/hdpdc.fr\/index.php\/wp-json\/wp\/v2\/pages\/1587","targetHints":{"allow":["GET"]}}],"collection":[{"href":"https:\/\/hdpdc.fr\/index.php\/wp-json\/wp\/v2\/pages"}],"about":[{"href":"https:\/\/hdpdc.fr\/index.php\/wp-json\/wp\/v2\/types\/page"}],"author":[{"embeddable":true,"href":"https:\/\/hdpdc.fr\/index.php\/wp-json\/wp\/v2\/users\/3"}],"replies":[{"embeddable":true,"href":"https:\/\/hdpdc.fr\/index.php\/wp-json\/wp\/v2\/comments?post=1587"}],"version-history":[{"count":29,"href":"https:\/\/hdpdc.fr\/index.php\/wp-json\/wp\/v2\/pages\/1587\/revisions"}],"predecessor-version":[{"id":3173,"href":"https:\/\/hdpdc.fr\/index.php\/wp-json\/wp\/v2\/pages\/1587\/revisions\/3173"}],"up":[{"embeddable":true,"href":"https:\/\/hdpdc.fr\/index.php\/wp-json\/wp\/v2\/pages\/383"}],"wp:attachment":[{"href":"https:\/\/hdpdc.fr\/index.php\/wp-json\/wp\/v2\/media?parent=1587"}],"curies":[{"name":"wp","href":"https:\/\/api.w.org\/{rel}","templated":true}]}}